{"id":548,"date":"2021-10-28T16:29:13","date_gmt":"2021-10-28T16:29:13","guid":{"rendered":"https:\/\/hotel.site7.eu\/?page_id=548"},"modified":"2026-04-30T16:57:49","modified_gmt":"2026-04-30T14:57:49","slug":"galerie","status":"publish","type":"page","link":"https:\/\/www.hotel-la-clef-des-chateaux.fr\/fr\/galerie\/","title":{"rendered":"Galerie"},"content":{"rendered":"\t\t<div data-elementor-type=\"wp-page\" data-elementor-id=\"548\" class=\"elementor elementor-548\" data-elementor-post-type=\"page\">\n\t\t\t\t\t\t<section data-dce-background-overlay-color=\"#000000\" data-dce-background-image-url=\"https:\/\/www.hotel-la-clef-des-chateaux.fr\/wp-content\/uploads\/galerie\/restaurant-1519-hotel-clef-des-chateaux-maslives-chambord.webp\" class=\"elementor-section elementor-top-section elementor-element elementor-element-4cca3f8 elementor-section-height-min-height elementor-section-boxed elementor-section-height-default elementor-section-items-middle\" data-id=\"4cca3f8\" data-element_type=\"section\" data-e-type=\"section\" data-settings=\"{&quot;background_background&quot;:&quot;classic&quot;}\">\n\t\t\t\t\t\t\t<div class=\" elementor-background-overlay lazyelementorbackgroundimages \"><\/div>\n\t\t\t\t\t\t\t<div class=\"elementor-container elementor-column-gap-default\">\n\t\t\t\t\t<div class=\"elementor-column elementor-col-100 elementor-top-column elementor-element elementor-element-507c45b\" data-id=\"507c45b\" data-element_type=\"column\" data-e-type=\"column\">\n\t\t\t<div class=\"elementor-widget-wrap elementor-element-populated\">\n\t\t\t\t\t\t\t<\/div>\n\t\t<\/div>\n\t\t\t\t\t<\/div>\n\t\t<\/section>\n\t\t\t\t<section class=\"elementor-section elementor-top-section elementor-element elementor-element-bfd3f7f elementor-section-boxed elementor-section-height-default elementor-section-height-default\" data-id=\"bfd3f7f\" data-element_type=\"section\" data-e-type=\"section\">\n\t\t\t\t\t\t<div class=\"elementor-container elementor-column-gap-default\">\n\t\t\t\t\t<div class=\"elementor-column elementor-col-100 elementor-top-column elementor-element elementor-element-e025e83\" data-id=\"e025e83\" data-element_type=\"column\" data-e-type=\"column\">\n\t\t\t<div class=\"elementor-widget-wrap elementor-element-populated\">\n\t\t\t\t\t\t<div class=\"elementor-element elementor-element-6fafb79 elementor-widget__width-initial elementor-widget elementor-widget-heading\" data-id=\"6fafb79\" data-element_type=\"widget\" data-e-type=\"widget\" data-widget_type=\"heading.default\">\n\t\t\t\t<div class=\"elementor-widget-container\">\n\t\t\t\t\t<h1 class=\"elementor-heading-title elementor-size-default\">Galerie \u2013 H\u00f4tel La Clef des Ch\u00e2teaux<\/h1>\t\t\t\t<\/div>\n\t\t\t\t<\/div>\n\t\t\t\t<div class=\"elementor-element elementor-element-51d7482 elementor-widget-divider--view-line elementor-widget elementor-widget-divider\" data-id=\"51d7482\" data-element_type=\"widget\" data-e-type=\"widget\" data-widget_type=\"divider.default\">\n\t\t\t\t<div class=\"elementor-widget-container\">\n\t\t\t\t\t\t\t<div class=\"elementor-divider\">\n\t\t\t<span class=\"elementor-divider-separator\">\n\t\t\t\t\t\t<\/span>\n\t\t<\/div>\n\t\t\t\t\t\t<\/div>\n\t\t\t\t<\/div>\n\t\t\t\t<div class=\"elementor-element elementor-element-4df4ad1 elementor-widget elementor-widget-text-editor\" data-id=\"4df4ad1\" data-element_type=\"widget\" data-e-type=\"widget\" data-widget_type=\"text-editor.default\">\n\t\t\t\t<div class=\"elementor-widget-container\">\n\t\t\t\t\t\t\t\t\t<p>Plongez dans l&rsquo;univers de l&rsquo;H\u00f4tel La Clef des Ch\u00e2teaux \u00e0 travers notre galerie photos. Chambres \u00e9l\u00e9gantes, restaurant gastronomique, piscine, espaces ext\u00e9rieurs et salles de s\u00e9minaires : laissez-vous inspirer par notre h\u00f4tel 3 \u00e9toiles au c\u0153ur de la vall\u00e9e de la Loire, \u00e0 deux pas du ch\u00e2teau de Chambord.<\/p>\t\t\t\t\t\t\t\t<\/div>\n\t\t\t\t<\/div>\n\t\t\t\t<div class=\"elementor-element elementor-element-dce08eb elementor-widget__width-initial elementor-widget elementor-widget-heading\" data-id=\"dce08eb\" data-element_type=\"widget\" data-e-type=\"widget\" data-widget_type=\"heading.default\">\n\t\t\t\t<div class=\"elementor-widget-container\">\n\t\t\t\t\t<h2 class=\"elementor-heading-title elementor-size-default\">D\u00e9couvrez l'H\u00f4tel en images<\/h2>\t\t\t\t<\/div>\n\t\t\t\t<\/div>\n\t\t\t\t\t<\/div>\n\t\t<\/div>\n\t\t\t\t\t<\/div>\n\t\t<\/section>\n\t\t\t\t<section class=\"elementor-section elementor-top-section elementor-element elementor-element-1e14a8e elementor-section-boxed elementor-section-height-default elementor-section-height-default\" data-id=\"1e14a8e\" data-element_type=\"section\" data-e-type=\"section\">\n\t\t\t\t\t\t<div class=\"elementor-container elementor-column-gap-default\">\n\t\t\t\t\t<div class=\"elementor-column elementor-col-100 elementor-top-column elementor-element elementor-element-adb2fb9\" data-id=\"adb2fb9\" data-element_type=\"column\" data-e-type=\"column\">\n\t\t\t<div class=\"elementor-widget-wrap elementor-element-populated\">\n\t\t\t\t\t\t<div class=\"elementor-element elementor-element-b9d9d25 eae-show-all-yes eae-overlay-hover elementor-widget elementor-widget-eae-filterableGallery\" data-id=\"b9d9d25\" data-element_type=\"widget\" data-e-type=\"widget\" data-widget_type=\"eae-filterableGallery.default\">\n\t\t\t\t<div class=\"elementor-widget-container\">\n\t\t\t\t\t\t\t<div class=\"eae-fg-wrapper masonry-yes\">\n\t\t\t<div class=\"eae-gallery-filter\">\n\t\t\t\t\t\t\t\t\t<a href=\"#\" data-filter=\"*\" data-filter-name=\"all\" class=\"eae-filter-label current\">Toutes<\/a>\n\t\t\t\t\t\t\t\t<a class=\"eae-filter-label\" href=\"#\" data-filter-name=\"chambres\" data-filter=\".chambres\">Chambres<\/a><a class=\"eae-filter-label\" href=\"#\" data-filter-name=\"petit-djeuner\" data-filter=\".petit-djeuner\">Petit-d\u00e9jeuner<\/a><a class=\"eae-filter-label\" href=\"#\" data-filter-name=\"restaurant-le-1519-bar\" data-filter=\".restaurant-le-1519-bar\">Restaurant le 1519 - Bar<\/a><a class=\"eae-filter-label\" href=\"#\" data-filter-name=\"piscine-espaces-extrieur\" data-filter=\".piscine-espaces-extrieur\">Piscine - Espaces ext\u00e9rieur<\/a><a class=\"eae-filter-label\" href=\"#\" data-filter-name=\"sminaires\" data-filter=\".sminaires\">S\u00e9minaires<\/a>\t\t\t<\/div>\n\t\t\t<div class=\"eae-fg-image\">\n\t\t\t\t\t\t\t\t\t\t\t<div class=\"eae-gallery-item chambres\">\n\t\t\t\t\t\t\t\t<div class=\"eae-gallery-item-inner\">\n\t\t\t\t\t\t\t\t\t<a href=\"https:\/\/www.hotel-la-clef-des-chateaux.fr\/wp-content\/uploads\/rooms\/chambre-superieure-avec-terrasse-hotel-clef-des-chateaux-chambord.webp\" data-elementor-open-lightbox=\"yes\" data-elementor-lightbox-slideshow=\"eae-fg-gallery-25002\" data-elementor-lightbox-title=\"Chambre sup\u00e9rieure avec terrasse - H\u00f4tel La Clef des Ch\u00e2teaux\" data-elementor-lightbox-description=\"D\u00e9couvrez nos chambres sup\u00e9rieures avec terrasse priv\u00e9e de l&#039;H\u00f4tel La Clef des Ch\u00e2teaux. Cet espace exclusif offre un cadre privil\u00e9gi\u00e9 pour profiter des paysages de Chambord en Val de Loire.\" data-e-action-hash=\"#elementor-action%3Aaction%3Dlightbox%26settings%3DeyJpZCI6MTY4MDIsInVybCI6Imh0dHBzOlwvXC93d3cuaG90ZWwtbGEtY2xlZi1kZXMtY2hhdGVhdXguZnJcL3dwLWNvbnRlbnRcL3VwbG9hZHNcL3Jvb21zXC9jaGFtYnJlLXN1cGVyaWV1cmUtYXZlYy10ZXJyYXNzZS1ob3RlbC1jbGVmLWRlcy1jaGF0ZWF1eC1jaGFtYm9yZC53ZWJwIn0%3D\">\n\t\t\t\t\t\t\t\t\t\t\t\t\t\t\t\t\t\t\t\t\t<img fetchpriority=\"high\" decoding=\"async\" width=\"1800\" height=\"1186\" src=\"https:\/\/www.hotel-la-clef-des-chateaux.fr\/wp-content\/uploads\/rooms\/chambre-superieure-avec-terrasse-hotel-clef-des-chateaux-chambord.webp\" class=\"attachment-full size-full\" alt=\"Chambre sup\u00e9rieure spacieuse avec acc\u00e8s \u00e0 terrasse priv\u00e9e\" srcset=\"https:\/\/www.hotel-la-clef-des-chateaux.fr\/wp-content\/uploads\/rooms\/chambre-superieure-avec-terrasse-hotel-clef-des-chateaux-chambord.webp 1800w, https:\/\/www.hotel-la-clef-des-chateaux.fr\/wp-content\/uploads\/rooms\/chambre-superieure-avec-terrasse-hotel-clef-des-chateaux-chambord-300x198.webp 300w, https:\/\/www.hotel-la-clef-des-chateaux.fr\/wp-content\/uploads\/rooms\/chambre-superieure-avec-terrasse-hotel-clef-des-chateaux-chambord-1024x675.webp 1024w, https:\/\/www.hotel-la-clef-des-chateaux.fr\/wp-content\/uploads\/rooms\/chambre-superieure-avec-terrasse-hotel-clef-des-chateaux-chambord-768x506.webp 768w, https:\/\/www.hotel-la-clef-des-chateaux.fr\/wp-content\/uploads\/rooms\/chambre-superieure-avec-terrasse-hotel-clef-des-chateaux-chambord-1536x1012.webp 1536w\" sizes=\"(max-width: 1800px) 100vw, 1800px\" \/>\t\t\t\t\t\t\t\t\t\t\t\t\t\t\t\t\t\t\t\t\t\t\t\t\t\t\t\t\t\t\t\t<div class=\"eae-grid-overlay fadeIn\">\n\t\t\t\t\t\t\t\t\t\t\t\t<div class=\"eae-grid-overlay-inner\">\n\t\t\t\t\t\t\t\t\t\t\t\t\t<div class=\"eae-icon-wrapper\">\n\t\t\t\t\t\t\t\t\t\t\t\t\t\t\t\t\t\t\t\t\t\t\t\t\t\t\t<\/div>\n\t\t\t\t\t\t\t\t\t\t\t\t\t\t\t\t\t\t\t\t\t\t\t\t\t<\/div>\n\t\t\t\t\t\t\t\t\t\t<\/div>\n\t\t\t\t\t\t\t\t\t\t\t\t\t\t\t\t\t\t\t<\/a>\n\t\t\t\t\t\t\t\t<\/div>\n\t\t\t\t\t\t\t<\/div>\n\t\t\t\t\t\t\t\t\t\t\t\t\t\t<div class=\"eae-gallery-item chambres\">\n\t\t\t\t\t\t\t\t<div class=\"eae-gallery-item-inner\">\n\t\t\t\t\t\t\t\t\t<a href=\"https:\/\/www.hotel-la-clef-des-chateaux.fr\/wp-content\/uploads\/rooms\/hotel-clef-des-chateaux-chambord-chambre-superieure-terrasse.webp\" data-elementor-open-lightbox=\"yes\" data-elementor-lightbox-slideshow=\"eae-fg-gallery-25002\" data-elementor-lightbox-title=\"Chambre sup\u00e9rieure avec terrasse - H\u00f4tel La Clef des Ch\u00e2teaux\" data-elementor-lightbox-description=\"S\u00e9journez dans nos chambres sup\u00e9rieures avec terrasse de l&#039;H\u00f4tel La Clef des Ch\u00e2teaux. Un espace intime et confortable o\u00f9 profiter d&#039;une vue privil\u00e9gi\u00e9e sur Chambord en Val de Loire.\" data-e-action-hash=\"#elementor-action%3Aaction%3Dlightbox%26settings%3DeyJpZCI6MTY4MDUsInVybCI6Imh0dHBzOlwvXC93d3cuaG90ZWwtbGEtY2xlZi1kZXMtY2hhdGVhdXguZnJcL3dwLWNvbnRlbnRcL3VwbG9hZHNcL3Jvb21zXC9ob3RlbC1jbGVmLWRlcy1jaGF0ZWF1eC1jaGFtYm9yZC1jaGFtYnJlLXN1cGVyaWV1cmUtdGVycmFzc2Uud2VicCJ9\">\n\t\t\t\t\t\t\t\t\t\t\t\t\t\t\t\t\t\t\t\t\t<img decoding=\"async\" width=\"1800\" height=\"1119\" src=\"https:\/\/www.hotel-la-clef-des-chateaux.fr\/wp-content\/uploads\/rooms\/hotel-clef-des-chateaux-chambord-chambre-superieure-terrasse.webp\" class=\"attachment-full size-full\" alt=\"Chambre sup\u00e9rieure avec lit confortable et acc\u00e8s \u00e0 terrasse\" srcset=\"https:\/\/www.hotel-la-clef-des-chateaux.fr\/wp-content\/uploads\/rooms\/hotel-clef-des-chateaux-chambord-chambre-superieure-terrasse.webp 1800w, https:\/\/www.hotel-la-clef-des-chateaux.fr\/wp-content\/uploads\/rooms\/hotel-clef-des-chateaux-chambord-chambre-superieure-terrasse-300x187.webp 300w, https:\/\/www.hotel-la-clef-des-chateaux.fr\/wp-content\/uploads\/rooms\/hotel-clef-des-chateaux-chambord-chambre-superieure-terrasse-1024x637.webp 1024w, https:\/\/www.hotel-la-clef-des-chateaux.fr\/wp-content\/uploads\/rooms\/hotel-clef-des-chateaux-chambord-chambre-superieure-terrasse-768x477.webp 768w, https:\/\/www.hotel-la-clef-des-chateaux.fr\/wp-content\/uploads\/rooms\/hotel-clef-des-chateaux-chambord-chambre-superieure-terrasse-1536x955.webp 1536w\" sizes=\"(max-width: 1800px) 100vw, 1800px\" \/>\t\t\t\t\t\t\t\t\t\t\t\t\t\t\t\t\t\t\t\t\t\t\t\t\t\t\t\t\t\t\t\t<div class=\"eae-grid-overlay fadeIn\">\n\t\t\t\t\t\t\t\t\t\t\t\t<div class=\"eae-grid-overlay-inner\">\n\t\t\t\t\t\t\t\t\t\t\t\t\t<div class=\"eae-icon-wrapper\">\n\t\t\t\t\t\t\t\t\t\t\t\t\t\t\t\t\t\t\t\t\t\t\t\t\t\t\t<\/div>\n\t\t\t\t\t\t\t\t\t\t\t\t\t\t\t\t\t\t\t\t\t\t\t\t\t<\/div>\n\t\t\t\t\t\t\t\t\t\t<\/div>\n\t\t\t\t\t\t\t\t\t\t\t\t\t\t\t\t\t\t\t<\/a>\n\t\t\t\t\t\t\t\t<\/div>\n\t\t\t\t\t\t\t<\/div>\n\t\t\t\t\t\t\t\t\t\t\t\t\t\t<div class=\"eae-gallery-item chambres\">\n\t\t\t\t\t\t\t\t<div class=\"eae-gallery-item-inner\">\n\t\t\t\t\t\t\t\t\t<a href=\"https:\/\/www.hotel-la-clef-des-chateaux.fr\/wp-content\/uploads\/rooms\/chambre-superieure-hotel-clef-des-chateaux-3km-chambord.webp\" data-elementor-open-lightbox=\"yes\" data-elementor-lightbox-slideshow=\"eae-fg-gallery-25002\" data-elementor-lightbox-title=\"Chambre sup\u00e9rieure long\u00e8re - H\u00f4tel La Clef des Ch\u00e2teaux\" data-elementor-lightbox-description=\"S\u00e9journez dans nos chambres sup\u00e9rieures de la long\u00e8re de l&#039;H\u00f4tel La Clef des Ch\u00e2teaux, am\u00e9nag\u00e9es avec confort et caract\u00e8re. Ces espaces g\u00e9n\u00e9reux offrent une atmosph\u00e8re authentique pour un s\u00e9jour agr\u00e9able \u00e0 Chambord en Val de Loire.\" data-e-action-hash=\"#elementor-action%3Aaction%3Dlightbox%26settings%3DeyJpZCI6MTY4NjksInVybCI6Imh0dHBzOlwvXC93d3cuaG90ZWwtbGEtY2xlZi1kZXMtY2hhdGVhdXguZnJcL3dwLWNvbnRlbnRcL3VwbG9hZHNcL3Jvb21zXC9jaGFtYnJlLXN1cGVyaWV1cmUtaG90ZWwtY2xlZi1kZXMtY2hhdGVhdXgtM2ttLWNoYW1ib3JkLndlYnAifQ%3D%3D\">\n\t\t\t\t\t\t\t\t\t\t\t\t\t\t\t\t\t\t\t\t\t<img decoding=\"async\" width=\"1800\" height=\"1200\" src=\"https:\/\/www.hotel-la-clef-des-chateaux.fr\/wp-content\/uploads\/rooms\/chambre-superieure-hotel-clef-des-chateaux-3km-chambord.webp\" class=\"attachment-full size-full\" alt=\"Chambre sup\u00e9rieure spacieuse dans le b\u00e2timent de la long\u00e8re\" srcset=\"https:\/\/www.hotel-la-clef-des-chateaux.fr\/wp-content\/uploads\/rooms\/chambre-superieure-hotel-clef-des-chateaux-3km-chambord.webp 1800w, https:\/\/www.hotel-la-clef-des-chateaux.fr\/wp-content\/uploads\/rooms\/chambre-superieure-hotel-clef-des-chateaux-3km-chambord-300x200.webp 300w, https:\/\/www.hotel-la-clef-des-chateaux.fr\/wp-content\/uploads\/rooms\/chambre-superieure-hotel-clef-des-chateaux-3km-chambord-1024x683.webp 1024w, https:\/\/www.hotel-la-clef-des-chateaux.fr\/wp-content\/uploads\/rooms\/chambre-superieure-hotel-clef-des-chateaux-3km-chambord-768x512.webp 768w, https:\/\/www.hotel-la-clef-des-chateaux.fr\/wp-content\/uploads\/rooms\/chambre-superieure-hotel-clef-des-chateaux-3km-chambord-1536x1024.webp 1536w\" sizes=\"(max-width: 1800px) 100vw, 1800px\" \/>\t\t\t\t\t\t\t\t\t\t\t\t\t\t\t\t\t\t\t\t\t\t\t\t\t\t\t\t\t\t\t\t<div class=\"eae-grid-overlay fadeIn\">\n\t\t\t\t\t\t\t\t\t\t\t\t<div class=\"eae-grid-overlay-inner\">\n\t\t\t\t\t\t\t\t\t\t\t\t\t<div class=\"eae-icon-wrapper\">\n\t\t\t\t\t\t\t\t\t\t\t\t\t\t\t\t\t\t\t\t\t\t\t\t\t\t\t<\/div>\n\t\t\t\t\t\t\t\t\t\t\t\t\t\t\t\t\t\t\t\t\t\t\t\t\t<\/div>\n\t\t\t\t\t\t\t\t\t\t<\/div>\n\t\t\t\t\t\t\t\t\t\t\t\t\t\t\t\t\t\t\t<\/a>\n\t\t\t\t\t\t\t\t<\/div>\n\t\t\t\t\t\t\t<\/div>\n\t\t\t\t\t\t\t\t\t\t\t\t\t\t<div class=\"eae-gallery-item chambres\">\n\t\t\t\t\t\t\t\t<div class=\"eae-gallery-item-inner\">\n\t\t\t\t\t\t\t\t\t<a href=\"https:\/\/www.hotel-la-clef-des-chateaux.fr\/wp-content\/uploads\/galerie\/chambres-duplex-famille-haut-hotel-clef-des-chateaux.webp\" data-elementor-open-lightbox=\"yes\" data-elementor-lightbox-slideshow=\"eae-fg-gallery-25002\" data-elementor-lightbox-title=\"Chambre duplex famille \u00e9tage sup\u00e9rieur - H\u00f4tel La Clef des Ch\u00e2teaux\" data-elementor-lightbox-description=\"D\u00e9couvrez l&#039;\u00e9tage sup\u00e9rieur de nos chambres duplex famille de l&#039;H\u00f4tel La Clef des Ch\u00e2teaux, am\u00e9nag\u00e9 avec confort et luminosit\u00e9. Cet espace intime offre un cadre agr\u00e9able pour le repos en famille \u00e0 Chambord en Val de Loire.\" data-e-action-hash=\"#elementor-action%3Aaction%3Dlightbox%26settings%3DeyJpZCI6MTY5NzAsInVybCI6Imh0dHBzOlwvXC93d3cuaG90ZWwtbGEtY2xlZi1kZXMtY2hhdGVhdXguZnJcL3dwLWNvbnRlbnRcL3VwbG9hZHNcL2dhbGVyaWVcL2NoYW1icmVzLWR1cGxleC1mYW1pbGxlLWhhdXQtaG90ZWwtY2xlZi1kZXMtY2hhdGVhdXgud2VicCJ9\">\n\t\t\t\t\t\t\t\t\t\t\t\t\t\t\t\t\t\t\t\t\t<img loading=\"lazy\" decoding=\"async\" width=\"1800\" height=\"1234\" src=\"https:\/\/www.hotel-la-clef-des-chateaux.fr\/wp-content\/uploads\/galerie\/chambres-duplex-famille-haut-hotel-clef-des-chateaux.webp\" class=\"attachment-full size-full\" alt=\"Espace de couchage \u00e0 l&#039;\u00e9tage sup\u00e9rieur de la chambre duplex famille avec am\u00e9nagements confortables\" srcset=\"https:\/\/www.hotel-la-clef-des-chateaux.fr\/wp-content\/uploads\/galerie\/chambres-duplex-famille-haut-hotel-clef-des-chateaux.webp 1800w, https:\/\/www.hotel-la-clef-des-chateaux.fr\/wp-content\/uploads\/galerie\/chambres-duplex-famille-haut-hotel-clef-des-chateaux-300x206.webp 300w, https:\/\/www.hotel-la-clef-des-chateaux.fr\/wp-content\/uploads\/galerie\/chambres-duplex-famille-haut-hotel-clef-des-chateaux-1024x702.webp 1024w, https:\/\/www.hotel-la-clef-des-chateaux.fr\/wp-content\/uploads\/galerie\/chambres-duplex-famille-haut-hotel-clef-des-chateaux-768x527.webp 768w, https:\/\/www.hotel-la-clef-des-chateaux.fr\/wp-content\/uploads\/galerie\/chambres-duplex-famille-haut-hotel-clef-des-chateaux-1536x1053.webp 1536w\" sizes=\"(max-width: 1800px) 100vw, 1800px\" \/>\t\t\t\t\t\t\t\t\t\t\t\t\t\t\t\t\t\t\t\t\t\t\t\t\t\t\t\t\t\t\t\t<div class=\"eae-grid-overlay fadeIn\">\n\t\t\t\t\t\t\t\t\t\t\t\t<div class=\"eae-grid-overlay-inner\">\n\t\t\t\t\t\t\t\t\t\t\t\t\t<div class=\"eae-icon-wrapper\">\n\t\t\t\t\t\t\t\t\t\t\t\t\t\t\t\t\t\t\t\t\t\t\t\t\t\t\t<\/div>\n\t\t\t\t\t\t\t\t\t\t\t\t\t\t\t\t\t\t\t\t\t\t\t\t\t<\/div>\n\t\t\t\t\t\t\t\t\t\t<\/div>\n\t\t\t\t\t\t\t\t\t\t\t\t\t\t\t\t\t\t\t<\/a>\n\t\t\t\t\t\t\t\t<\/div>\n\t\t\t\t\t\t\t<\/div>\n\t\t\t\t\t\t\t\t\t\t\t\t\t\t<div class=\"eae-gallery-item chambres\">\n\t\t\t\t\t\t\t\t<div class=\"eae-gallery-item-inner\">\n\t\t\t\t\t\t\t\t\t<a href=\"https:\/\/www.hotel-la-clef-des-chateaux.fr\/wp-content\/uploads\/galerie\/chambres-prestige-hotel-clef-des-chateaux-3km-chambord.webp\" data-elementor-open-lightbox=\"yes\" data-elementor-lightbox-slideshow=\"eae-fg-gallery-25002\" data-elementor-lightbox-title=\"Chambre prestige - H\u00f4tel La Clef des Ch\u00e2teaux\" data-elementor-lightbox-description=\"Explorez nos chambres prestige con\u00e7ues pour 4 personnes \u00e0 l&#039;H\u00f4tel La Clef des Ch\u00e2teaux. Avec leurs am\u00e9nagements haut de gamme et leur d\u00e9coration soign\u00e9e, elles offrent le confort id\u00e9al pour vos s\u00e9jours en famille ou entre amis \u00e0 Chambord en Val de Loire.\" data-e-action-hash=\"#elementor-action%3Aaction%3Dlightbox%26settings%3DeyJpZCI6MTY5ODAsInVybCI6Imh0dHBzOlwvXC93d3cuaG90ZWwtbGEtY2xlZi1kZXMtY2hhdGVhdXguZnJcL3dwLWNvbnRlbnRcL3VwbG9hZHNcL2dhbGVyaWVcL2NoYW1icmVzLXByZXN0aWdlLWhvdGVsLWNsZWYtZGVzLWNoYXRlYXV4LTNrbS1jaGFtYm9yZC53ZWJwIn0%3D\">\n\t\t\t\t\t\t\t\t\t\t\t\t\t\t\t\t\t\t\t\t\t<img loading=\"lazy\" decoding=\"async\" width=\"1800\" height=\"1177\" src=\"https:\/\/www.hotel-la-clef-des-chateaux.fr\/wp-content\/uploads\/galerie\/chambres-prestige-hotel-clef-des-chateaux-3km-chambord.webp\" class=\"attachment-full size-full\" alt=\"Chambre prestige spacieuse am\u00e9nag\u00e9e pour 4 personnes avec d\u00e9coration raffin\u00e9e\" srcset=\"https:\/\/www.hotel-la-clef-des-chateaux.fr\/wp-content\/uploads\/galerie\/chambres-prestige-hotel-clef-des-chateaux-3km-chambord.webp 1800w, https:\/\/www.hotel-la-clef-des-chateaux.fr\/wp-content\/uploads\/galerie\/chambres-prestige-hotel-clef-des-chateaux-3km-chambord-300x196.webp 300w, https:\/\/www.hotel-la-clef-des-chateaux.fr\/wp-content\/uploads\/galerie\/chambres-prestige-hotel-clef-des-chateaux-3km-chambord-1024x670.webp 1024w, https:\/\/www.hotel-la-clef-des-chateaux.fr\/wp-content\/uploads\/galerie\/chambres-prestige-hotel-clef-des-chateaux-3km-chambord-768x502.webp 768w, https:\/\/www.hotel-la-clef-des-chateaux.fr\/wp-content\/uploads\/galerie\/chambres-prestige-hotel-clef-des-chateaux-3km-chambord-1536x1004.webp 1536w\" sizes=\"(max-width: 1800px) 100vw, 1800px\" \/>\t\t\t\t\t\t\t\t\t\t\t\t\t\t\t\t\t\t\t\t\t\t\t\t\t\t\t\t\t\t\t\t<div class=\"eae-grid-overlay fadeIn\">\n\t\t\t\t\t\t\t\t\t\t\t\t<div class=\"eae-grid-overlay-inner\">\n\t\t\t\t\t\t\t\t\t\t\t\t\t<div class=\"eae-icon-wrapper\">\n\t\t\t\t\t\t\t\t\t\t\t\t\t\t\t\t\t\t\t\t\t\t\t\t\t\t\t<\/div>\n\t\t\t\t\t\t\t\t\t\t\t\t\t\t\t\t\t\t\t\t\t\t\t\t\t<\/div>\n\t\t\t\t\t\t\t\t\t\t<\/div>\n\t\t\t\t\t\t\t\t\t\t\t\t\t\t\t\t\t\t\t<\/a>\n\t\t\t\t\t\t\t\t<\/div>\n\t\t\t\t\t\t\t<\/div>\n\t\t\t\t\t\t\t\t\t\t\t\t\t\t<div class=\"eae-gallery-item chambres\">\n\t\t\t\t\t\t\t\t<div class=\"eae-gallery-item-inner\">\n\t\t\t\t\t\t\t\t\t<a href=\"https:\/\/www.hotel-la-clef-des-chateaux.fr\/wp-content\/uploads\/galerie\/chambre-double-standard-principal-hotel-clef-des-chateaux.webp\" data-elementor-open-lightbox=\"yes\" data-elementor-lightbox-slideshow=\"eae-fg-gallery-25002\" data-elementor-lightbox-title=\"Chambre double standard b\u00e2timent principal - H\u00f4tel La Clef des Ch\u00e2teaux\" data-elementor-lightbox-description=\"S\u00e9journez dans nos chambres double standard du b\u00e2timent principal de l&#039;H\u00f4tel La Clef des Ch\u00e2teaux. Bien am\u00e9nag\u00e9es et accueillantes, elles offrent tout le n\u00e9cessaire pour un s\u00e9jour agr\u00e9able \u00e0 Chambord en Val de Loire.\" data-e-action-hash=\"#elementor-action%3Aaction%3Dlightbox%26settings%3DeyJpZCI6MTY5ODQsInVybCI6Imh0dHBzOlwvXC93d3cuaG90ZWwtbGEtY2xlZi1kZXMtY2hhdGVhdXguZnJcL3dwLWNvbnRlbnRcL3VwbG9hZHNcL2dhbGVyaWVcL2NoYW1icmUtZG91YmxlLXN0YW5kYXJkLXByaW5jaXBhbC1ob3RlbC1jbGVmLWRlcy1jaGF0ZWF1eC53ZWJwIn0%3D\">\n\t\t\t\t\t\t\t\t\t\t\t\t\t\t\t\t\t\t\t\t\t<img loading=\"lazy\" decoding=\"async\" width=\"1800\" height=\"1188\" src=\"https:\/\/www.hotel-la-clef-des-chateaux.fr\/wp-content\/uploads\/galerie\/chambre-double-standard-principal-hotel-clef-des-chateaux.webp\" class=\"attachment-full size-full\" alt=\"Chambre double standard confortable au b\u00e2timent principal avec am\u00e9nagements fonctionnels\" srcset=\"https:\/\/www.hotel-la-clef-des-chateaux.fr\/wp-content\/uploads\/galerie\/chambre-double-standard-principal-hotel-clef-des-chateaux.webp 1800w, https:\/\/www.hotel-la-clef-des-chateaux.fr\/wp-content\/uploads\/galerie\/chambre-double-standard-principal-hotel-clef-des-chateaux-300x198.webp 300w, https:\/\/www.hotel-la-clef-des-chateaux.fr\/wp-content\/uploads\/galerie\/chambre-double-standard-principal-hotel-clef-des-chateaux-1024x676.webp 1024w, https:\/\/www.hotel-la-clef-des-chateaux.fr\/wp-content\/uploads\/galerie\/chambre-double-standard-principal-hotel-clef-des-chateaux-768x507.webp 768w, https:\/\/www.hotel-la-clef-des-chateaux.fr\/wp-content\/uploads\/galerie\/chambre-double-standard-principal-hotel-clef-des-chateaux-1536x1014.webp 1536w\" sizes=\"(max-width: 1800px) 100vw, 1800px\" \/>\t\t\t\t\t\t\t\t\t\t\t\t\t\t\t\t\t\t\t\t\t\t\t\t\t\t\t\t\t\t\t\t<div class=\"eae-grid-overlay fadeIn\">\n\t\t\t\t\t\t\t\t\t\t\t\t<div class=\"eae-grid-overlay-inner\">\n\t\t\t\t\t\t\t\t\t\t\t\t\t<div class=\"eae-icon-wrapper\">\n\t\t\t\t\t\t\t\t\t\t\t\t\t\t\t\t\t\t\t\t\t\t\t\t\t\t\t<\/div>\n\t\t\t\t\t\t\t\t\t\t\t\t\t\t\t\t\t\t\t\t\t\t\t\t\t<\/div>\n\t\t\t\t\t\t\t\t\t\t<\/div>\n\t\t\t\t\t\t\t\t\t\t\t\t\t\t\t\t\t\t\t<\/a>\n\t\t\t\t\t\t\t\t<\/div>\n\t\t\t\t\t\t\t<\/div>\n\t\t\t\t\t\t\t\t\t\t\t\t\t\t<div class=\"eae-gallery-item chambres\">\n\t\t\t\t\t\t\t\t<div class=\"eae-gallery-item-inner\">\n\t\t\t\t\t\t\t\t\t<a href=\"https:\/\/www.hotel-la-clef-des-chateaux.fr\/wp-content\/uploads\/rooms\/chambre-double-vue-piscine-hotel-clef-des-chateaux-chambord.webp\" data-elementor-open-lightbox=\"yes\" data-elementor-lightbox-slideshow=\"eae-fg-gallery-25002\" data-elementor-lightbox-title=\"Chambre double vue piscine - H\u00f4tel La Clef des Ch\u00e2teaux\" data-elementor-lightbox-description=\"Profitez d&#039;une chambre double spacieuse avec vue sur la piscine de l&#039;H\u00f4tel La Clef des Ch\u00e2teaux. Un espace id\u00e9al pour se d\u00e9tendre tout en observant les espaces de loisirs depuis votre chambre \u00e0 Chambord en Val de Loire.\" data-e-action-hash=\"#elementor-action%3Aaction%3Dlightbox%26settings%3DeyJpZCI6MTY4MTQsInVybCI6Imh0dHBzOlwvXC93d3cuaG90ZWwtbGEtY2xlZi1kZXMtY2hhdGVhdXguZnJcL3dwLWNvbnRlbnRcL3VwbG9hZHNcL3Jvb21zXC9jaGFtYnJlLWRvdWJsZS12dWUtcGlzY2luZS1ob3RlbC1jbGVmLWRlcy1jaGF0ZWF1eC1jaGFtYm9yZC53ZWJwIn0%3D\">\n\t\t\t\t\t\t\t\t\t\t\t\t\t\t\t\t\t\t\t\t\t<img loading=\"lazy\" decoding=\"async\" width=\"1800\" height=\"1200\" src=\"https:\/\/www.hotel-la-clef-des-chateaux.fr\/wp-content\/uploads\/rooms\/chambre-double-vue-piscine-hotel-clef-des-chateaux-chambord.webp\" class=\"attachment-full size-full\" alt=\"Chambre double avec vue sur la piscine ext\u00e9rieure\" srcset=\"https:\/\/www.hotel-la-clef-des-chateaux.fr\/wp-content\/uploads\/rooms\/chambre-double-vue-piscine-hotel-clef-des-chateaux-chambord.webp 1800w, https:\/\/www.hotel-la-clef-des-chateaux.fr\/wp-content\/uploads\/rooms\/chambre-double-vue-piscine-hotel-clef-des-chateaux-chambord-300x200.webp 300w, https:\/\/www.hotel-la-clef-des-chateaux.fr\/wp-content\/uploads\/rooms\/chambre-double-vue-piscine-hotel-clef-des-chateaux-chambord-1024x683.webp 1024w, https:\/\/www.hotel-la-clef-des-chateaux.fr\/wp-content\/uploads\/rooms\/chambre-double-vue-piscine-hotel-clef-des-chateaux-chambord-768x512.webp 768w, https:\/\/www.hotel-la-clef-des-chateaux.fr\/wp-content\/uploads\/rooms\/chambre-double-vue-piscine-hotel-clef-des-chateaux-chambord-1536x1024.webp 1536w\" sizes=\"(max-width: 1800px) 100vw, 1800px\" \/>\t\t\t\t\t\t\t\t\t\t\t\t\t\t\t\t\t\t\t\t\t\t\t\t\t\t\t\t\t\t\t\t<div class=\"eae-grid-overlay fadeIn\">\n\t\t\t\t\t\t\t\t\t\t\t\t<div class=\"eae-grid-overlay-inner\">\n\t\t\t\t\t\t\t\t\t\t\t\t\t<div class=\"eae-icon-wrapper\">\n\t\t\t\t\t\t\t\t\t\t\t\t\t\t\t\t\t\t\t\t\t\t\t\t\t\t\t<\/div>\n\t\t\t\t\t\t\t\t\t\t\t\t\t\t\t\t\t\t\t\t\t\t\t\t\t<\/div>\n\t\t\t\t\t\t\t\t\t\t<\/div>\n\t\t\t\t\t\t\t\t\t\t\t\t\t\t\t\t\t\t\t<\/a>\n\t\t\t\t\t\t\t\t<\/div>\n\t\t\t\t\t\t\t<\/div>\n\t\t\t\t\t\t\t\t\t\t\t\t\t\t<div class=\"eae-gallery-item chambres\">\n\t\t\t\t\t\t\t\t<div class=\"eae-gallery-item-inner\">\n\t\t\t\t\t\t\t\t\t<a href=\"https:\/\/www.hotel-la-clef-des-chateaux.fr\/wp-content\/uploads\/galerie\/chambre-prestige-hotel-clef-des-chateaux-chambord-3km.webp\" data-elementor-open-lightbox=\"yes\" data-elementor-lightbox-slideshow=\"eae-fg-gallery-25002\" data-elementor-lightbox-title=\"Chambre prestige d\u00e9tail - H\u00f4tel La Clef des Ch\u00e2teaux\" data-elementor-lightbox-description=\" Une autre perspective de nos chambres prestige de l&#039;H\u00f4tel La Clef des Ch\u00e2teaux, mettant en avant les d\u00e9tails raffin\u00e9s et les am\u00e9nagements luxueux. Chaque coin invite \u00e0 la d\u00e9tente et au bien-\u00eatre \u00e0 Chambord en Val de Loire.\" data-e-action-hash=\"#elementor-action%3Aaction%3Dlightbox%26settings%3DeyJpZCI6MTY5OTUsInVybCI6Imh0dHBzOlwvXC93d3cuaG90ZWwtbGEtY2xlZi1kZXMtY2hhdGVhdXguZnJcL3dwLWNvbnRlbnRcL3VwbG9hZHNcL2dhbGVyaWVcL2NoYW1icmUtcHJlc3RpZ2UtaG90ZWwtY2xlZi1kZXMtY2hhdGVhdXgtY2hhbWJvcmQtM2ttLndlYnAifQ%3D%3D\">\n\t\t\t\t\t\t\t\t\t\t\t\t\t\t\t\t\t\t\t\t\t<img loading=\"lazy\" decoding=\"async\" width=\"1800\" height=\"1166\" src=\"https:\/\/www.hotel-la-clef-des-chateaux.fr\/wp-content\/uploads\/galerie\/chambre-prestige-hotel-clef-des-chateaux-chambord-3km.webp\" class=\"attachment-full size-full\" alt=\"D\u00e9tail de la chambre prestige avec am\u00e9nagements haut de gamme et d\u00e9coration \u00e9l\u00e9gante\" srcset=\"https:\/\/www.hotel-la-clef-des-chateaux.fr\/wp-content\/uploads\/galerie\/chambre-prestige-hotel-clef-des-chateaux-chambord-3km.webp 1800w, https:\/\/www.hotel-la-clef-des-chateaux.fr\/wp-content\/uploads\/galerie\/chambre-prestige-hotel-clef-des-chateaux-chambord-3km-300x194.webp 300w, https:\/\/www.hotel-la-clef-des-chateaux.fr\/wp-content\/uploads\/galerie\/chambre-prestige-hotel-clef-des-chateaux-chambord-3km-1024x663.webp 1024w, https:\/\/www.hotel-la-clef-des-chateaux.fr\/wp-content\/uploads\/galerie\/chambre-prestige-hotel-clef-des-chateaux-chambord-3km-768x497.webp 768w, https:\/\/www.hotel-la-clef-des-chateaux.fr\/wp-content\/uploads\/galerie\/chambre-prestige-hotel-clef-des-chateaux-chambord-3km-1536x995.webp 1536w\" sizes=\"(max-width: 1800px) 100vw, 1800px\" \/>\t\t\t\t\t\t\t\t\t\t\t\t\t\t\t\t\t\t\t\t\t\t\t\t\t\t\t\t\t\t\t\t<div class=\"eae-grid-overlay fadeIn\">\n\t\t\t\t\t\t\t\t\t\t\t\t<div class=\"eae-grid-overlay-inner\">\n\t\t\t\t\t\t\t\t\t\t\t\t\t<div class=\"eae-icon-wrapper\">\n\t\t\t\t\t\t\t\t\t\t\t\t\t\t\t\t\t\t\t\t\t\t\t\t\t\t\t<\/div>\n\t\t\t\t\t\t\t\t\t\t\t\t\t\t\t\t\t\t\t\t\t\t\t\t\t<\/div>\n\t\t\t\t\t\t\t\t\t\t<\/div>\n\t\t\t\t\t\t\t\t\t\t\t\t\t\t\t\t\t\t\t<\/a>\n\t\t\t\t\t\t\t\t<\/div>\n\t\t\t\t\t\t\t<\/div>\n\t\t\t\t\t\t\t\t\t\t\t\t\t\t<div class=\"eae-gallery-item chambres\">\n\t\t\t\t\t\t\t\t<div class=\"eae-gallery-item-inner\">\n\t\t\t\t\t\t\t\t\t<a href=\"https:\/\/www.hotel-la-clef-des-chateaux.fr\/wp-content\/uploads\/rooms\/chambre-executive\/hotel-clef-des-chateaux-chambord-chambre-executive.webp\" data-elementor-open-lightbox=\"yes\" data-elementor-lightbox-slideshow=\"eae-fg-gallery-25002\" data-elementor-lightbox-title=\"Chambre executive spacieuse - H\u00f4tel La Clef des Ch\u00e2teaux\" data-elementor-lightbox-description=\" Explorez nos chambres executive de l&#039;H\u00f4tel La Clef des Ch\u00e2teaux, sp\u00e9cialement am\u00e9nag\u00e9es pour les professionnels en d\u00e9placement. Dot\u00e9es d&#039;un bureau et d&#039;espaces g\u00e9n\u00e9reux, elles garantissent productivit\u00e9 et d\u00e9tente \u00e0 Chambord en Val de Loire.\" data-e-action-hash=\"#elementor-action%3Aaction%3Dlightbox%26settings%3DeyJpZCI6MTY3NjksInVybCI6Imh0dHBzOlwvXC93d3cuaG90ZWwtbGEtY2xlZi1kZXMtY2hhdGVhdXguZnJcL3dwLWNvbnRlbnRcL3VwbG9hZHNcL3Jvb21zXC9jaGFtYnJlLWV4ZWN1dGl2ZVwvaG90ZWwtY2xlZi1kZXMtY2hhdGVhdXgtY2hhbWJvcmQtY2hhbWJyZS1leGVjdXRpdmUud2VicCJ9\">\n\t\t\t\t\t\t\t\t\t\t\t\t\t\t\t\t\t\t\t\t\t<img loading=\"lazy\" decoding=\"async\" width=\"1800\" height=\"1200\" src=\"https:\/\/www.hotel-la-clef-des-chateaux.fr\/wp-content\/uploads\/rooms\/chambre-executive\/hotel-clef-des-chateaux-chambord-chambre-executive.webp\" class=\"attachment-full size-full\" alt=\"Chambre executive spacieuse avec bureau et espace de travail\" srcset=\"https:\/\/www.hotel-la-clef-des-chateaux.fr\/wp-content\/uploads\/rooms\/chambre-executive\/hotel-clef-des-chateaux-chambord-chambre-executive.webp 1800w, https:\/\/www.hotel-la-clef-des-chateaux.fr\/wp-content\/uploads\/rooms\/chambre-executive\/hotel-clef-des-chateaux-chambord-chambre-executive-300x200.webp 300w, https:\/\/www.hotel-la-clef-des-chateaux.fr\/wp-content\/uploads\/rooms\/chambre-executive\/hotel-clef-des-chateaux-chambord-chambre-executive-1024x683.webp 1024w, https:\/\/www.hotel-la-clef-des-chateaux.fr\/wp-content\/uploads\/rooms\/chambre-executive\/hotel-clef-des-chateaux-chambord-chambre-executive-768x512.webp 768w, https:\/\/www.hotel-la-clef-des-chateaux.fr\/wp-content\/uploads\/rooms\/chambre-executive\/hotel-clef-des-chateaux-chambord-chambre-executive-1536x1024.webp 1536w\" sizes=\"(max-width: 1800px) 100vw, 1800px\" \/>\t\t\t\t\t\t\t\t\t\t\t\t\t\t\t\t\t\t\t\t\t\t\t\t\t\t\t\t\t\t\t\t<div class=\"eae-grid-overlay fadeIn\">\n\t\t\t\t\t\t\t\t\t\t\t\t<div class=\"eae-grid-overlay-inner\">\n\t\t\t\t\t\t\t\t\t\t\t\t\t<div class=\"eae-icon-wrapper\">\n\t\t\t\t\t\t\t\t\t\t\t\t\t\t\t\t\t\t\t\t\t\t\t\t\t\t\t<\/div>\n\t\t\t\t\t\t\t\t\t\t\t\t\t\t\t\t\t\t\t\t\t\t\t\t\t<\/div>\n\t\t\t\t\t\t\t\t\t\t<\/div>\n\t\t\t\t\t\t\t\t\t\t\t\t\t\t\t\t\t\t\t<\/a>\n\t\t\t\t\t\t\t\t<\/div>\n\t\t\t\t\t\t\t<\/div>\n\t\t\t\t\t\t\t\t\t\t\t\t\t\t<div class=\"eae-gallery-item chambres\">\n\t\t\t\t\t\t\t\t<div class=\"eae-gallery-item-inner\">\n\t\t\t\t\t\t\t\t\t<a href=\"https:\/\/www.hotel-la-clef-des-chateaux.fr\/wp-content\/uploads\/galerie\/chambre-executive-hotel-clef-des-chateaux-3km-de-chambord.webp\" data-elementor-open-lightbox=\"yes\" data-elementor-lightbox-slideshow=\"eae-fg-gallery-25002\" data-elementor-lightbox-title=\"Chambre executive d\u00e9tail - H\u00f4tel La Clef des Ch\u00e2teaux\" data-elementor-lightbox-description=\"Une autre perspective de nos chambres executive de l&#039;H\u00f4tel La Clef des Ch\u00e2teaux, r\u00e9v\u00e9lant les d\u00e9tails soign\u00e9s et les am\u00e9nagements fonctionnels. Un espace professionnel et confortable \u00e0 Chambord en Val de Loire.\" data-e-action-hash=\"#elementor-action%3Aaction%3Dlightbox%26settings%3DeyJpZCI6MTY5OTgsInVybCI6Imh0dHBzOlwvXC93d3cuaG90ZWwtbGEtY2xlZi1kZXMtY2hhdGVhdXguZnJcL3dwLWNvbnRlbnRcL3VwbG9hZHNcL2dhbGVyaWVcL2NoYW1icmUtZXhlY3V0aXZlLWhvdGVsLWNsZWYtZGVzLWNoYXRlYXV4LTNrbS1kZS1jaGFtYm9yZC53ZWJwIn0%3D\">\n\t\t\t\t\t\t\t\t\t\t\t\t\t\t\t\t\t\t\t\t\t<img loading=\"lazy\" decoding=\"async\" width=\"1800\" height=\"1200\" src=\"https:\/\/www.hotel-la-clef-des-chateaux.fr\/wp-content\/uploads\/galerie\/chambre-executive-hotel-clef-des-chateaux-3km-de-chambord.webp\" class=\"attachment-full size-full\" alt=\"D\u00e9tail de la chambre executive avec am\u00e9nagements modernes et d\u00e9coration \u00e9pur\u00e9e\" srcset=\"https:\/\/www.hotel-la-clef-des-chateaux.fr\/wp-content\/uploads\/galerie\/chambre-executive-hotel-clef-des-chateaux-3km-de-chambord.webp 1800w, https:\/\/www.hotel-la-clef-des-chateaux.fr\/wp-content\/uploads\/galerie\/chambre-executive-hotel-clef-des-chateaux-3km-de-chambord-300x200.webp 300w, https:\/\/www.hotel-la-clef-des-chateaux.fr\/wp-content\/uploads\/galerie\/chambre-executive-hotel-clef-des-chateaux-3km-de-chambord-1024x683.webp 1024w, https:\/\/www.hotel-la-clef-des-chateaux.fr\/wp-content\/uploads\/galerie\/chambre-executive-hotel-clef-des-chateaux-3km-de-chambord-768x512.webp 768w, https:\/\/www.hotel-la-clef-des-chateaux.fr\/wp-content\/uploads\/galerie\/chambre-executive-hotel-clef-des-chateaux-3km-de-chambord-1536x1024.webp 1536w\" sizes=\"(max-width: 1800px) 100vw, 1800px\" \/>\t\t\t\t\t\t\t\t\t\t\t\t\t\t\t\t\t\t\t\t\t\t\t\t\t\t\t\t\t\t\t\t<div class=\"eae-grid-overlay fadeIn\">\n\t\t\t\t\t\t\t\t\t\t\t\t<div class=\"eae-grid-overlay-inner\">\n\t\t\t\t\t\t\t\t\t\t\t\t\t<div class=\"eae-icon-wrapper\">\n\t\t\t\t\t\t\t\t\t\t\t\t\t\t\t\t\t\t\t\t\t\t\t\t\t\t\t<\/div>\n\t\t\t\t\t\t\t\t\t\t\t\t\t\t\t\t\t\t\t\t\t\t\t\t\t<\/div>\n\t\t\t\t\t\t\t\t\t\t<\/div>\n\t\t\t\t\t\t\t\t\t\t\t\t\t\t\t\t\t\t\t<\/a>\n\t\t\t\t\t\t\t\t<\/div>\n\t\t\t\t\t\t\t<\/div>\n\t\t\t\t\t\t\t\t\t\t\t\t\t\t<div class=\"eae-gallery-item chambres\">\n\t\t\t\t\t\t\t\t<div class=\"eae-gallery-item-inner\">\n\t\t\t\t\t\t\t\t\t<a href=\"https:\/\/www.hotel-la-clef-des-chateaux.fr\/wp-content\/uploads\/rooms\/chambre-executive\/chambre-executive-vue-lit-double-hotel-clef-des-chateaux.webp\" data-elementor-open-lightbox=\"yes\" data-elementor-lightbox-slideshow=\"eae-fg-gallery-25002\" data-elementor-lightbox-title=\"Chambre executive confortable - H\u00f4tel La Clef des Ch\u00e2teaux\" data-elementor-lightbox-description=\"D\u00e9couvrez nos chambres executive de l&#039;H\u00f4tel La Clef des Ch\u00e2teaux, alliant style contemporain et confort optimal. Parfaitement \u00e9quip\u00e9es pour votre s\u00e9jour professionnel, elles offrent un espace de d\u00e9tente id\u00e9al \u00e0 Chambord en Val de Loire.\" data-e-action-hash=\"#elementor-action%3Aaction%3Dlightbox%26settings%3DeyJpZCI6MTY3NzIsInVybCI6Imh0dHBzOlwvXC93d3cuaG90ZWwtbGEtY2xlZi1kZXMtY2hhdGVhdXguZnJcL3dwLWNvbnRlbnRcL3VwbG9hZHNcL3Jvb21zXC9jaGFtYnJlLWV4ZWN1dGl2ZVwvY2hhbWJyZS1leGVjdXRpdmUtdnVlLWxpdC1kb3VibGUtaG90ZWwtY2xlZi1kZXMtY2hhdGVhdXgud2VicCJ9\">\n\t\t\t\t\t\t\t\t\t\t\t\t\t\t\t\t\t\t\t\t\t<img loading=\"lazy\" decoding=\"async\" width=\"1800\" height=\"1200\" src=\"https:\/\/www.hotel-la-clef-des-chateaux.fr\/wp-content\/uploads\/rooms\/chambre-executive\/chambre-executive-vue-lit-double-hotel-clef-des-chateaux.webp\" class=\"attachment-full size-full\" alt=\"Chambre executive avec am\u00e9nagements modernes et d\u00e9coration \u00e9pur\u00e9e\" srcset=\"https:\/\/www.hotel-la-clef-des-chateaux.fr\/wp-content\/uploads\/rooms\/chambre-executive\/chambre-executive-vue-lit-double-hotel-clef-des-chateaux.webp 1800w, https:\/\/www.hotel-la-clef-des-chateaux.fr\/wp-content\/uploads\/rooms\/chambre-executive\/chambre-executive-vue-lit-double-hotel-clef-des-chateaux-300x200.webp 300w, https:\/\/www.hotel-la-clef-des-chateaux.fr\/wp-content\/uploads\/rooms\/chambre-executive\/chambre-executive-vue-lit-double-hotel-clef-des-chateaux-1024x683.webp 1024w, https:\/\/www.hotel-la-clef-des-chateaux.fr\/wp-content\/uploads\/rooms\/chambre-executive\/chambre-executive-vue-lit-double-hotel-clef-des-chateaux-768x512.webp 768w, https:\/\/www.hotel-la-clef-des-chateaux.fr\/wp-content\/uploads\/rooms\/chambre-executive\/chambre-executive-vue-lit-double-hotel-clef-des-chateaux-1536x1024.webp 1536w\" sizes=\"(max-width: 1800px) 100vw, 1800px\" \/>\t\t\t\t\t\t\t\t\t\t\t\t\t\t\t\t\t\t\t\t\t\t\t\t\t\t\t\t\t\t\t\t<div class=\"eae-grid-overlay fadeIn\">\n\t\t\t\t\t\t\t\t\t\t\t\t<div class=\"eae-grid-overlay-inner\">\n\t\t\t\t\t\t\t\t\t\t\t\t\t<div class=\"eae-icon-wrapper\">\n\t\t\t\t\t\t\t\t\t\t\t\t\t\t\t\t\t\t\t\t\t\t\t\t\t\t\t<\/div>\n\t\t\t\t\t\t\t\t\t\t\t\t\t\t\t\t\t\t\t\t\t\t\t\t\t<\/div>\n\t\t\t\t\t\t\t\t\t\t<\/div>\n\t\t\t\t\t\t\t\t\t\t\t\t\t\t\t\t\t\t\t<\/a>\n\t\t\t\t\t\t\t\t<\/div>\n\t\t\t\t\t\t\t<\/div>\n\t\t\t\t\t\t\t\t\t\t\t\t\t\t<div class=\"eae-gallery-item chambres\">\n\t\t\t\t\t\t\t\t<div class=\"eae-gallery-item-inner\">\n\t\t\t\t\t\t\t\t\t<a href=\"https:\/\/www.hotel-la-clef-des-chateaux.fr\/wp-content\/uploads\/galerie\/chambre-duplex-famille-bas-hotel-clef-des-chateaux-1.webp\" data-elementor-open-lightbox=\"yes\" data-elementor-lightbox-slideshow=\"eae-fg-gallery-25002\" data-elementor-lightbox-title=\"Chambre duplex famille rez-de-chauss\u00e9e - H\u00f4tel La Clef des Ch\u00e2teaux\" data-elementor-lightbox-description=\"D\u00e9couvrez le rez-de-chauss\u00e9e de nos chambres duplex famille de l&#039;H\u00f4tel La Clef des Ch\u00e2teaux, am\u00e9nag\u00e9 pour la convivialit\u00e9 et le confort. Cet espace g\u00e9n\u00e9reux offre un cadre agr\u00e9able pour vos s\u00e9jours en famille \u00e0 Chambord en Val de Loire.\" data-e-action-hash=\"#elementor-action%3Aaction%3Dlightbox%26settings%3DeyJpZCI6MTcwMDEsInVybCI6Imh0dHBzOlwvXC93d3cuaG90ZWwtbGEtY2xlZi1kZXMtY2hhdGVhdXguZnJcL3dwLWNvbnRlbnRcL3VwbG9hZHNcL2dhbGVyaWVcL2NoYW1icmUtZHVwbGV4LWZhbWlsbGUtYmFzLWhvdGVsLWNsZWYtZGVzLWNoYXRlYXV4LTEud2VicCJ9\">\n\t\t\t\t\t\t\t\t\t\t\t\t\t\t\t\t\t\t\t\t\t<img loading=\"lazy\" decoding=\"async\" width=\"1800\" height=\"1200\" src=\"https:\/\/www.hotel-la-clef-des-chateaux.fr\/wp-content\/uploads\/galerie\/chambre-duplex-famille-bas-hotel-clef-des-chateaux-1.webp\" class=\"attachment-full size-full\" alt=\"Espace de s\u00e9jour au rez-de-chauss\u00e9e de la chambre duplex famille avec am\u00e9nagements confortables\" srcset=\"https:\/\/www.hotel-la-clef-des-chateaux.fr\/wp-content\/uploads\/galerie\/chambre-duplex-famille-bas-hotel-clef-des-chateaux-1.webp 1800w, https:\/\/www.hotel-la-clef-des-chateaux.fr\/wp-content\/uploads\/galerie\/chambre-duplex-famille-bas-hotel-clef-des-chateaux-1-300x200.webp 300w, https:\/\/www.hotel-la-clef-des-chateaux.fr\/wp-content\/uploads\/galerie\/chambre-duplex-famille-bas-hotel-clef-des-chateaux-1-1024x683.webp 1024w, https:\/\/www.hotel-la-clef-des-chateaux.fr\/wp-content\/uploads\/galerie\/chambre-duplex-famille-bas-hotel-clef-des-chateaux-1-768x512.webp 768w, https:\/\/www.hotel-la-clef-des-chateaux.fr\/wp-content\/uploads\/galerie\/chambre-duplex-famille-bas-hotel-clef-des-chateaux-1-1536x1024.webp 1536w\" sizes=\"(max-width: 1800px) 100vw, 1800px\" \/>\t\t\t\t\t\t\t\t\t\t\t\t\t\t\t\t\t\t\t\t\t\t\t\t\t\t\t\t\t\t\t\t<div class=\"eae-grid-overlay fadeIn\">\n\t\t\t\t\t\t\t\t\t\t\t\t<div class=\"eae-grid-overlay-inner\">\n\t\t\t\t\t\t\t\t\t\t\t\t\t<div class=\"eae-icon-wrapper\">\n\t\t\t\t\t\t\t\t\t\t\t\t\t\t\t\t\t\t\t\t\t\t\t\t\t\t\t<\/div>\n\t\t\t\t\t\t\t\t\t\t\t\t\t\t\t\t\t\t\t\t\t\t\t\t\t<\/div>\n\t\t\t\t\t\t\t\t\t\t<\/div>\n\t\t\t\t\t\t\t\t\t\t\t\t\t\t\t\t\t\t\t<\/a>\n\t\t\t\t\t\t\t\t<\/div>\n\t\t\t\t\t\t\t<\/div>\n\t\t\t\t\t\t\t\t\t\t\t\t\t\t<div class=\"eae-gallery-item chambres\">\n\t\t\t\t\t\t\t\t<div class=\"eae-gallery-item-inner\">\n\t\t\t\t\t\t\t\t\t<a href=\"https:\/\/www.hotel-la-clef-des-chateaux.fr\/wp-content\/uploads\/rooms\/salle-de-bain-chambre-superieure-hotel-la-clef-chateaux-chambord.webp\" data-elementor-open-lightbox=\"yes\" data-elementor-lightbox-slideshow=\"eae-fg-gallery-25002\" data-elementor-lightbox-title=\"Salle de bain chambre sup\u00e9rieure - H\u00f4tel La Clef des Ch\u00e2teaux\" data-elementor-lightbox-description=\"Salle de bain spacieuse de nos chambres sup\u00e9rieures\" data-e-action-hash=\"#elementor-action%3Aaction%3Dlightbox%26settings%3DeyJpZCI6MTY3NDQsInVybCI6Imh0dHBzOlwvXC93d3cuaG90ZWwtbGEtY2xlZi1kZXMtY2hhdGVhdXguZnJcL3dwLWNvbnRlbnRcL3VwbG9hZHNcL3Jvb21zXC9zYWxsZS1kZS1iYWluLWNoYW1icmUtc3VwZXJpZXVyZS1ob3RlbC1sYS1jbGVmLWNoYXRlYXV4LWNoYW1ib3JkLndlYnAifQ%3D%3D\">\n\t\t\t\t\t\t\t\t\t\t\t\t\t\t\t\t\t\t\t\t\t<img loading=\"lazy\" decoding=\"async\" width=\"1200\" height=\"900\" src=\"https:\/\/www.hotel-la-clef-des-chateaux.fr\/wp-content\/uploads\/rooms\/salle-de-bain-chambre-superieure-hotel-la-clef-chateaux-chambord.webp\" class=\"attachment-full size-full\" alt=\"Salle de bain moderne et \u00e9quip\u00e9e de la chambre sup\u00e9rieure\" srcset=\"https:\/\/www.hotel-la-clef-des-chateaux.fr\/wp-content\/uploads\/rooms\/salle-de-bain-chambre-superieure-hotel-la-clef-chateaux-chambord.webp 1200w, https:\/\/www.hotel-la-clef-des-chateaux.fr\/wp-content\/uploads\/rooms\/salle-de-bain-chambre-superieure-hotel-la-clef-chateaux-chambord-300x225.webp 300w, https:\/\/www.hotel-la-clef-des-chateaux.fr\/wp-content\/uploads\/rooms\/salle-de-bain-chambre-superieure-hotel-la-clef-chateaux-chambord-1024x768.webp 1024w, https:\/\/www.hotel-la-clef-des-chateaux.fr\/wp-content\/uploads\/rooms\/salle-de-bain-chambre-superieure-hotel-la-clef-chateaux-chambord-768x576.webp 768w\" sizes=\"(max-width: 1200px) 100vw, 1200px\" \/>\t\t\t\t\t\t\t\t\t\t\t\t\t\t\t\t\t\t\t\t\t\t\t\t\t\t\t\t\t\t\t\t<div class=\"eae-grid-overlay fadeIn\">\n\t\t\t\t\t\t\t\t\t\t\t\t<div class=\"eae-grid-overlay-inner\">\n\t\t\t\t\t\t\t\t\t\t\t\t\t<div class=\"eae-icon-wrapper\">\n\t\t\t\t\t\t\t\t\t\t\t\t\t\t\t\t\t\t\t\t\t\t\t\t\t\t\t<\/div>\n\t\t\t\t\t\t\t\t\t\t\t\t\t\t\t\t\t\t\t\t\t\t\t\t\t<\/div>\n\t\t\t\t\t\t\t\t\t\t<\/div>\n\t\t\t\t\t\t\t\t\t\t\t\t\t\t\t\t\t\t\t<\/a>\n\t\t\t\t\t\t\t\t<\/div>\n\t\t\t\t\t\t\t<\/div>\n\t\t\t\t\t\t\t\t\t\t\t\t\t\t<div class=\"eae-gallery-item chambres\">\n\t\t\t\t\t\t\t\t<div class=\"eae-gallery-item-inner\">\n\t\t\t\t\t\t\t\t\t<a href=\"https:\/\/www.hotel-la-clef-des-chateaux.fr\/wp-content\/uploads\/galerie\/chambres-hotel-clef-des-chateaux-maslives.webp\" data-elementor-open-lightbox=\"yes\" data-elementor-lightbox-slideshow=\"eae-fg-gallery-25002\" data-elementor-lightbox-title=\"Nos chambres - H\u00f4tel La Clef des Ch\u00e2teaux\" data-elementor-lightbox-description=\"L&#039;H\u00f4tel La Clef des Ch\u00e2teaux propose une vari\u00e9t\u00e9 de chambres confortables et bien \u00e9quip\u00e9es pour tous les s\u00e9jours. Du classique \u00e0 la prestige, chaque chambre offre d\u00e9tente et bien-\u00eatre \u00e0 Chambord en Val de Loire.\" data-e-action-hash=\"#elementor-action%3Aaction%3Dlightbox%26settings%3DeyJpZCI6MTcwMDQsInVybCI6Imh0dHBzOlwvXC93d3cuaG90ZWwtbGEtY2xlZi1kZXMtY2hhdGVhdXguZnJcL3dwLWNvbnRlbnRcL3VwbG9hZHNcL2dhbGVyaWVcL2NoYW1icmVzLWhvdGVsLWNsZWYtZGVzLWNoYXRlYXV4LW1hc2xpdmVzLndlYnAifQ%3D%3D\">\n\t\t\t\t\t\t\t\t\t\t\t\t\t\t\t\t\t\t\t\t\t<img loading=\"lazy\" decoding=\"async\" width=\"1800\" height=\"1200\" src=\"https:\/\/www.hotel-la-clef-des-chateaux.fr\/wp-content\/uploads\/galerie\/chambres-hotel-clef-des-chateaux-maslives.webp\" class=\"attachment-full size-full\" alt=\"Chambre d&#039;h\u00f4tel confortable avec am\u00e9nagements modernes et d\u00e9coration soign\u00e9e\" srcset=\"https:\/\/www.hotel-la-clef-des-chateaux.fr\/wp-content\/uploads\/galerie\/chambres-hotel-clef-des-chateaux-maslives.webp 1800w, https:\/\/www.hotel-la-clef-des-chateaux.fr\/wp-content\/uploads\/galerie\/chambres-hotel-clef-des-chateaux-maslives-300x200.webp 300w, https:\/\/www.hotel-la-clef-des-chateaux.fr\/wp-content\/uploads\/galerie\/chambres-hotel-clef-des-chateaux-maslives-1024x683.webp 1024w, https:\/\/www.hotel-la-clef-des-chateaux.fr\/wp-content\/uploads\/galerie\/chambres-hotel-clef-des-chateaux-maslives-768x512.webp 768w, https:\/\/www.hotel-la-clef-des-chateaux.fr\/wp-content\/uploads\/galerie\/chambres-hotel-clef-des-chateaux-maslives-1536x1024.webp 1536w\" sizes=\"(max-width: 1800px) 100vw, 1800px\" \/>\t\t\t\t\t\t\t\t\t\t\t\t\t\t\t\t\t\t\t\t\t\t\t\t\t\t\t\t\t\t\t\t<div class=\"eae-grid-overlay fadeIn\">\n\t\t\t\t\t\t\t\t\t\t\t\t<div class=\"eae-grid-overlay-inner\">\n\t\t\t\t\t\t\t\t\t\t\t\t\t<div class=\"eae-icon-wrapper\">\n\t\t\t\t\t\t\t\t\t\t\t\t\t\t\t\t\t\t\t\t\t\t\t\t\t\t\t<\/div>\n\t\t\t\t\t\t\t\t\t\t\t\t\t\t\t\t\t\t\t\t\t\t\t\t\t<\/div>\n\t\t\t\t\t\t\t\t\t\t<\/div>\n\t\t\t\t\t\t\t\t\t\t\t\t\t\t\t\t\t\t\t<\/a>\n\t\t\t\t\t\t\t\t<\/div>\n\t\t\t\t\t\t\t<\/div>\n\t\t\t\t\t\t\t\t\t\t\t\t\t\t<div class=\"eae-gallery-item chambres\">\n\t\t\t\t\t\t\t\t<div class=\"eae-gallery-item-inner\">\n\t\t\t\t\t\t\t\t\t<a href=\"https:\/\/www.hotel-la-clef-des-chateaux.fr\/wp-content\/uploads\/galerie\/chambre-prestige-hotel-clef-des-chateaux-chambord-maslives.webp\" data-elementor-open-lightbox=\"yes\" data-elementor-lightbox-slideshow=\"eae-fg-gallery-25002\" data-elementor-lightbox-title=\"Chambre prestige - H\u00f4tel La Clef des Ch\u00e2teaux\" data-elementor-lightbox-description=\"S\u00e9journez en toute \u00e9l\u00e9gance dans nos chambres prestige de l&#039;H\u00f4tel La Clef des Ch\u00e2teaux. Ces suites haut de gamme offrent un cadre raffin\u00e9 et une d\u00e9coration soign\u00e9e pour une exp\u00e9rience inoubliable \u00e0 Chambord en Val de Loire.\" data-e-action-hash=\"#elementor-action%3Aaction%3Dlightbox%26settings%3DeyJpZCI6MTcwMDcsInVybCI6Imh0dHBzOlwvXC93d3cuaG90ZWwtbGEtY2xlZi1kZXMtY2hhdGVhdXguZnJcL3dwLWNvbnRlbnRcL3VwbG9hZHNcL2dhbGVyaWVcL2NoYW1icmUtcHJlc3RpZ2UtaG90ZWwtY2xlZi1kZXMtY2hhdGVhdXgtY2hhbWJvcmQtbWFzbGl2ZXMud2VicCJ9\">\n\t\t\t\t\t\t\t\t\t\t\t\t\t\t\t\t\t\t\t\t\t<img loading=\"lazy\" decoding=\"async\" width=\"1800\" height=\"1200\" src=\"https:\/\/www.hotel-la-clef-des-chateaux.fr\/wp-content\/uploads\/galerie\/chambre-prestige-hotel-clef-des-chateaux-chambord-maslives.webp\" class=\"attachment-full size-full\" alt=\"Chambre prestige luxueuse avec d\u00e9coration raffin\u00e9e et am\u00e9nagements haut de gamme\" srcset=\"https:\/\/www.hotel-la-clef-des-chateaux.fr\/wp-content\/uploads\/galerie\/chambre-prestige-hotel-clef-des-chateaux-chambord-maslives.webp 1800w, https:\/\/www.hotel-la-clef-des-chateaux.fr\/wp-content\/uploads\/galerie\/chambre-prestige-hotel-clef-des-chateaux-chambord-maslives-300x200.webp 300w, https:\/\/www.hotel-la-clef-des-chateaux.fr\/wp-content\/uploads\/galerie\/chambre-prestige-hotel-clef-des-chateaux-chambord-maslives-1024x683.webp 1024w, https:\/\/www.hotel-la-clef-des-chateaux.fr\/wp-content\/uploads\/galerie\/chambre-prestige-hotel-clef-des-chateaux-chambord-maslives-768x512.webp 768w, https:\/\/www.hotel-la-clef-des-chateaux.fr\/wp-content\/uploads\/galerie\/chambre-prestige-hotel-clef-des-chateaux-chambord-maslives-1536x1024.webp 1536w\" sizes=\"(max-width: 1800px) 100vw, 1800px\" \/>\t\t\t\t\t\t\t\t\t\t\t\t\t\t\t\t\t\t\t\t\t\t\t\t\t\t\t\t\t\t\t\t<div class=\"eae-grid-overlay fadeIn\">\n\t\t\t\t\t\t\t\t\t\t\t\t<div class=\"eae-grid-overlay-inner\">\n\t\t\t\t\t\t\t\t\t\t\t\t\t<div class=\"eae-icon-wrapper\">\n\t\t\t\t\t\t\t\t\t\t\t\t\t\t\t\t\t\t\t\t\t\t\t\t\t\t\t<\/div>\n\t\t\t\t\t\t\t\t\t\t\t\t\t\t\t\t\t\t\t\t\t\t\t\t\t<\/div>\n\t\t\t\t\t\t\t\t\t\t<\/div>\n\t\t\t\t\t\t\t\t\t\t\t\t\t\t\t\t\t\t\t<\/a>\n\t\t\t\t\t\t\t\t<\/div>\n\t\t\t\t\t\t\t<\/div>\n\t\t\t\t\t\t\t\t\t\t\t\t\t\t<div class=\"eae-gallery-item chambres\">\n\t\t\t\t\t\t\t\t<div class=\"eae-gallery-item-inner\">\n\t\t\t\t\t\t\t\t\t<a href=\"https:\/\/www.hotel-la-clef-des-chateaux.fr\/wp-content\/uploads\/rooms\/chambre-single\/chambre-single-hotel-clef-des-chateaux.webp\" data-elementor-open-lightbox=\"yes\" data-elementor-lightbox-slideshow=\"eae-fg-gallery-25002\" data-elementor-lightbox-title=\"Chambre single - H\u00f4tel La Clef des Ch\u00e2teaux\" data-elementor-lightbox-description=\"D\u00e9couvrez nos chambres single spacieuses et confortables \u00e0 l&#039;H\u00f4tel La Clef des Ch\u00e2teaux, parfaites pour les voyageurs en solo. Chaque chambre est \u00e9quip\u00e9e de tout le n\u00e9cessaire pour un s\u00e9jour agr\u00e9able en Val de Loire.\" data-e-action-hash=\"#elementor-action%3Aaction%3Dlightbox%26settings%3DeyJpZCI6MTY3NDEsInVybCI6Imh0dHBzOlwvXC93d3cuaG90ZWwtbGEtY2xlZi1kZXMtY2hhdGVhdXguZnJcL3dwLWNvbnRlbnRcL3VwbG9hZHNcL3Jvb21zXC9jaGFtYnJlLXNpbmdsZVwvY2hhbWJyZS1zaW5nbGUtaG90ZWwtY2xlZi1kZXMtY2hhdGVhdXgud2VicCJ9\">\n\t\t\t\t\t\t\t\t\t\t\t\t\t\t\t\t\t\t\t\t\t<img loading=\"lazy\" decoding=\"async\" width=\"1800\" height=\"1094\" src=\"https:\/\/www.hotel-la-clef-des-chateaux.fr\/wp-content\/uploads\/rooms\/chambre-single\/chambre-single-hotel-clef-des-chateaux.webp\" class=\"attachment-full size-full\" alt=\"Chambre single confortable avec lit simple et am\u00e9nagements modernes\" srcset=\"https:\/\/www.hotel-la-clef-des-chateaux.fr\/wp-content\/uploads\/rooms\/chambre-single\/chambre-single-hotel-clef-des-chateaux.webp 1800w, https:\/\/www.hotel-la-clef-des-chateaux.fr\/wp-content\/uploads\/rooms\/chambre-single\/chambre-single-hotel-clef-des-chateaux-300x182.webp 300w, https:\/\/www.hotel-la-clef-des-chateaux.fr\/wp-content\/uploads\/rooms\/chambre-single\/chambre-single-hotel-clef-des-chateaux-1024x622.webp 1024w, https:\/\/www.hotel-la-clef-des-chateaux.fr\/wp-content\/uploads\/rooms\/chambre-single\/chambre-single-hotel-clef-des-chateaux-768x467.webp 768w, https:\/\/www.hotel-la-clef-des-chateaux.fr\/wp-content\/uploads\/rooms\/chambre-single\/chambre-single-hotel-clef-des-chateaux-1536x934.webp 1536w\" sizes=\"(max-width: 1800px) 100vw, 1800px\" \/>\t\t\t\t\t\t\t\t\t\t\t\t\t\t\t\t\t\t\t\t\t\t\t\t\t\t\t\t\t\t\t\t<div class=\"eae-grid-overlay fadeIn\">\n\t\t\t\t\t\t\t\t\t\t\t\t<div class=\"eae-grid-overlay-inner\">\n\t\t\t\t\t\t\t\t\t\t\t\t\t<div class=\"eae-icon-wrapper\">\n\t\t\t\t\t\t\t\t\t\t\t\t\t\t\t\t\t\t\t\t\t\t\t\t\t\t\t<\/div>\n\t\t\t\t\t\t\t\t\t\t\t\t\t\t\t\t\t\t\t\t\t\t\t\t\t<\/div>\n\t\t\t\t\t\t\t\t\t\t<\/div>\n\t\t\t\t\t\t\t\t\t\t\t\t\t\t\t\t\t\t\t<\/a>\n\t\t\t\t\t\t\t\t<\/div>\n\t\t\t\t\t\t\t<\/div>\n\t\t\t\t\t\t\t\t\t\t\t\t\t\t<div class=\"eae-gallery-item chambres\">\n\t\t\t\t\t\t\t\t<div class=\"eae-gallery-item-inner\">\n\t\t\t\t\t\t\t\t\t<a href=\"https:\/\/www.hotel-la-clef-des-chateaux.fr\/wp-content\/uploads\/rooms\/salle-de-bain-chambre-superieure-hotel-clef-des-chateaux.webp\" data-elementor-open-lightbox=\"yes\" data-elementor-lightbox-slideshow=\"eae-fg-gallery-25002\" data-elementor-lightbox-title=\"Salle de bain chambre sup\u00e9rieure - H\u00f4tel La Clef des Ch\u00e2teaux\" data-elementor-lightbox-description=\"La salle de bain des chambres sup\u00e9rieures combine modernit\u00e9 et confort. Bien \u00e9quip\u00e9e et fonctionnelle, elle compl\u00e8te l&#039;exp\u00e9rience de d\u00e9tente de ces chambres \u00e0 Chambord en Val de Loire.\" data-e-action-hash=\"#elementor-action%3Aaction%3Dlightbox%26settings%3DeyJpZCI6MTY4MTEsInVybCI6Imh0dHBzOlwvXC93d3cuaG90ZWwtbGEtY2xlZi1kZXMtY2hhdGVhdXguZnJcL3dwLWNvbnRlbnRcL3VwbG9hZHNcL3Jvb21zXC9zYWxsZS1kZS1iYWluLWNoYW1icmUtc3VwZXJpZXVyZS1ob3RlbC1jbGVmLWRlcy1jaGF0ZWF1eC53ZWJwIn0%3D\">\n\t\t\t\t\t\t\t\t\t\t\t\t\t\t\t\t\t\t\t\t\t<img loading=\"lazy\" decoding=\"async\" width=\"1800\" height=\"1200\" src=\"https:\/\/www.hotel-la-clef-des-chateaux.fr\/wp-content\/uploads\/rooms\/salle-de-bain-chambre-superieure-hotel-clef-des-chateaux.webp\" class=\"attachment-full size-full\" alt=\"Salle de bain moderne de la chambre sup\u00e9rieure avec \u00e9quipements confortables\" srcset=\"https:\/\/www.hotel-la-clef-des-chateaux.fr\/wp-content\/uploads\/rooms\/salle-de-bain-chambre-superieure-hotel-clef-des-chateaux.webp 1800w, https:\/\/www.hotel-la-clef-des-chateaux.fr\/wp-content\/uploads\/rooms\/salle-de-bain-chambre-superieure-hotel-clef-des-chateaux-300x200.webp 300w, https:\/\/www.hotel-la-clef-des-chateaux.fr\/wp-content\/uploads\/rooms\/salle-de-bain-chambre-superieure-hotel-clef-des-chateaux-1024x683.webp 1024w, https:\/\/www.hotel-la-clef-des-chateaux.fr\/wp-content\/uploads\/rooms\/salle-de-bain-chambre-superieure-hotel-clef-des-chateaux-768x512.webp 768w, https:\/\/www.hotel-la-clef-des-chateaux.fr\/wp-content\/uploads\/rooms\/salle-de-bain-chambre-superieure-hotel-clef-des-chateaux-1536x1024.webp 1536w\" sizes=\"(max-width: 1800px) 100vw, 1800px\" \/>\t\t\t\t\t\t\t\t\t\t\t\t\t\t\t\t\t\t\t\t\t\t\t\t\t\t\t\t\t\t\t\t<div class=\"eae-grid-overlay fadeIn\">\n\t\t\t\t\t\t\t\t\t\t\t\t<div class=\"eae-grid-overlay-inner\">\n\t\t\t\t\t\t\t\t\t\t\t\t\t<div class=\"eae-icon-wrapper\">\n\t\t\t\t\t\t\t\t\t\t\t\t\t\t\t\t\t\t\t\t\t\t\t\t\t\t\t<\/div>\n\t\t\t\t\t\t\t\t\t\t\t\t\t\t\t\t\t\t\t\t\t\t\t\t\t<\/div>\n\t\t\t\t\t\t\t\t\t\t<\/div>\n\t\t\t\t\t\t\t\t\t\t\t\t\t\t\t\t\t\t\t<\/a>\n\t\t\t\t\t\t\t\t<\/div>\n\t\t\t\t\t\t\t<\/div>\n\t\t\t\t\t\t\t\t\t\t\t\t\t\t<div class=\"eae-gallery-item petit-djeuner\">\n\t\t\t\t\t\t\t\t<div class=\"eae-gallery-item-inner\">\n\t\t\t\t\t\t\t\t\t<a href=\"https:\/\/www.hotel-la-clef-des-chateaux.fr\/wp-content\/uploads\/offres\/petit-dejeuner-complet-hotel-clef-des-chateaux.webp\" data-elementor-open-lightbox=\"yes\" data-elementor-lightbox-slideshow=\"eae-fg-gallery-25002\" data-elementor-lightbox-title=\"Petit-d\u00e9jeuner complet - H\u00f4tel La Clef des Ch\u00e2teaux\" data-elementor-lightbox-description=\"Admirez la richesse de nos petits-d\u00e9jeuners \u00e0 l&#039;H\u00f4tel La Clef des Ch\u00e2teaux, g\u00e9n\u00e9reusement garnis de produits frais et vari\u00e9s. Une pause gourmande id\u00e9ale pour d\u00e9buter votre journ\u00e9e \u00e0 Chambord en Val de Loire.\" data-e-action-hash=\"#elementor-action%3Aaction%3Dlightbox%26settings%3DeyJpZCI6MTY4OTcsInVybCI6Imh0dHBzOlwvXC93d3cuaG90ZWwtbGEtY2xlZi1kZXMtY2hhdGVhdXguZnJcL3dwLWNvbnRlbnRcL3VwbG9hZHNcL29mZnJlc1wvcGV0aXQtZGVqZXVuZXItY29tcGxldC1ob3RlbC1jbGVmLWRlcy1jaGF0ZWF1eC53ZWJwIn0%3D\">\n\t\t\t\t\t\t\t\t\t\t\t\t\t\t\t\t\t\t\t\t\t<img loading=\"lazy\" decoding=\"async\" width=\"1800\" height=\"1200\" src=\"https:\/\/www.hotel-la-clef-des-chateaux.fr\/wp-content\/uploads\/offres\/petit-dejeuner-complet-hotel-clef-des-chateaux.webp\" class=\"attachment-full size-full\" alt=\"Table de petit-d\u00e9jeuner avec plateau garni de produits vari\u00e9s et frais\" srcset=\"https:\/\/www.hotel-la-clef-des-chateaux.fr\/wp-content\/uploads\/offres\/petit-dejeuner-complet-hotel-clef-des-chateaux.webp 1800w, https:\/\/www.hotel-la-clef-des-chateaux.fr\/wp-content\/uploads\/offres\/petit-dejeuner-complet-hotel-clef-des-chateaux-300x200.webp 300w, https:\/\/www.hotel-la-clef-des-chateaux.fr\/wp-content\/uploads\/offres\/petit-dejeuner-complet-hotel-clef-des-chateaux-1024x683.webp 1024w, https:\/\/www.hotel-la-clef-des-chateaux.fr\/wp-content\/uploads\/offres\/petit-dejeuner-complet-hotel-clef-des-chateaux-768x512.webp 768w, https:\/\/www.hotel-la-clef-des-chateaux.fr\/wp-content\/uploads\/offres\/petit-dejeuner-complet-hotel-clef-des-chateaux-1536x1024.webp 1536w\" sizes=\"(max-width: 1800px) 100vw, 1800px\" \/>\t\t\t\t\t\t\t\t\t\t\t\t\t\t\t\t\t\t\t\t\t\t\t\t\t\t\t\t\t\t\t\t<div class=\"eae-grid-overlay fadeIn\">\n\t\t\t\t\t\t\t\t\t\t\t\t<div class=\"eae-grid-overlay-inner\">\n\t\t\t\t\t\t\t\t\t\t\t\t\t<div class=\"eae-icon-wrapper\">\n\t\t\t\t\t\t\t\t\t\t\t\t\t\t\t\t\t\t\t\t\t\t\t\t\t\t\t<\/div>\n\t\t\t\t\t\t\t\t\t\t\t\t\t\t\t\t\t\t\t\t\t\t\t\t\t<\/div>\n\t\t\t\t\t\t\t\t\t\t<\/div>\n\t\t\t\t\t\t\t\t\t\t\t\t\t\t\t\t\t\t\t<\/a>\n\t\t\t\t\t\t\t\t<\/div>\n\t\t\t\t\t\t\t<\/div>\n\t\t\t\t\t\t\t\t\t\t\t\t\t\t<div class=\"eae-gallery-item petit-djeuner\">\n\t\t\t\t\t\t\t\t<div class=\"eae-gallery-item-inner\">\n\t\t\t\t\t\t\t\t\t<a href=\"https:\/\/www.hotel-la-clef-des-chateaux.fr\/wp-content\/uploads\/galerie\/buffet-petit-dejeuner-hotel-clef-des-chateaux-maslives.webp\" data-elementor-open-lightbox=\"yes\" data-elementor-lightbox-slideshow=\"eae-fg-gallery-25002\" data-elementor-lightbox-title=\"Buffet petit-d\u00e9jeuner - H\u00f4tel La Clef des Ch\u00e2teaux\" data-elementor-lightbox-description=\"Chaque matin, profitez du buffet petit-d\u00e9jeuner g\u00e9n\u00e9reux de l&#039;H\u00f4tel La Clef des Ch\u00e2teaux. Pains artisanaux, viennoiseries et sp\u00e9cialit\u00e9s r\u00e9gionales vous attendent pour un d\u00e9part en forme \u00e0 Chambord en Val de Loire.\" data-e-action-hash=\"#elementor-action%3Aaction%3Dlightbox%26settings%3DeyJpZCI6MTcwMjEsInVybCI6Imh0dHBzOlwvXC93d3cuaG90ZWwtbGEtY2xlZi1kZXMtY2hhdGVhdXguZnJcL3dwLWNvbnRlbnRcL3VwbG9hZHNcL2dhbGVyaWVcL2J1ZmZldC1wZXRpdC1kZWpldW5lci1ob3RlbC1jbGVmLWRlcy1jaGF0ZWF1eC1tYXNsaXZlcy53ZWJwIn0%3D\">\n\t\t\t\t\t\t\t\t\t\t\t\t\t\t\t\t\t\t\t\t\t<img loading=\"lazy\" decoding=\"async\" width=\"1800\" height=\"1200\" src=\"https:\/\/www.hotel-la-clef-des-chateaux.fr\/wp-content\/uploads\/galerie\/buffet-petit-dejeuner-hotel-clef-des-chateaux-maslives.webp\" class=\"attachment-full size-full\" alt=\"Buffet petit-d\u00e9jeuner avec assortiment de pains, viennoiseries et produits frais vari\u00e9s\" srcset=\"https:\/\/www.hotel-la-clef-des-chateaux.fr\/wp-content\/uploads\/galerie\/buffet-petit-dejeuner-hotel-clef-des-chateaux-maslives.webp 1800w, https:\/\/www.hotel-la-clef-des-chateaux.fr\/wp-content\/uploads\/galerie\/buffet-petit-dejeuner-hotel-clef-des-chateaux-maslives-300x200.webp 300w, https:\/\/www.hotel-la-clef-des-chateaux.fr\/wp-content\/uploads\/galerie\/buffet-petit-dejeuner-hotel-clef-des-chateaux-maslives-1024x683.webp 1024w, https:\/\/www.hotel-la-clef-des-chateaux.fr\/wp-content\/uploads\/galerie\/buffet-petit-dejeuner-hotel-clef-des-chateaux-maslives-768x512.webp 768w, https:\/\/www.hotel-la-clef-des-chateaux.fr\/wp-content\/uploads\/galerie\/buffet-petit-dejeuner-hotel-clef-des-chateaux-maslives-1536x1024.webp 1536w\" sizes=\"(max-width: 1800px) 100vw, 1800px\" \/>\t\t\t\t\t\t\t\t\t\t\t\t\t\t\t\t\t\t\t\t\t\t\t\t\t\t\t\t\t\t\t\t<div class=\"eae-grid-overlay fadeIn\">\n\t\t\t\t\t\t\t\t\t\t\t\t<div class=\"eae-grid-overlay-inner\">\n\t\t\t\t\t\t\t\t\t\t\t\t\t<div class=\"eae-icon-wrapper\">\n\t\t\t\t\t\t\t\t\t\t\t\t\t\t\t\t\t\t\t\t\t\t\t\t\t\t\t<\/div>\n\t\t\t\t\t\t\t\t\t\t\t\t\t\t\t\t\t\t\t\t\t\t\t\t\t<\/div>\n\t\t\t\t\t\t\t\t\t\t<\/div>\n\t\t\t\t\t\t\t\t\t\t\t\t\t\t\t\t\t\t\t<\/a>\n\t\t\t\t\t\t\t\t<\/div>\n\t\t\t\t\t\t\t<\/div>\n\t\t\t\t\t\t\t\t\t\t\t\t\t\t<div class=\"eae-gallery-item petit-djeuner\">\n\t\t\t\t\t\t\t\t<div class=\"eae-gallery-item-inner\">\n\t\t\t\t\t\t\t\t\t<a href=\"https:\/\/www.hotel-la-clef-des-chateaux.fr\/wp-content\/uploads\/galerie\/buffet-petit-dejeuner-hotel-la-clef-des-chateaux-maslives.webp\" data-elementor-open-lightbox=\"yes\" data-elementor-lightbox-slideshow=\"eae-fg-gallery-25002\" data-elementor-lightbox-title=\"Buffet petit-d\u00e9jeuner - H\u00f4tel La Clef des Ch\u00e2teaux\" data-elementor-lightbox-description=\"Savourez notre buffet petit-d\u00e9jeuner gourmand \u00e0 l&#039;H\u00f4tel La Clef des Ch\u00e2teaux, g\u00e9n\u00e9reusement garni de croissants frais, pains artisanaux, viennoiseries et confiture maison. Une table g\u00e9n\u00e9reuse pour bien d\u00e9buter votre journ\u00e9e \u00e0 Chambord en Val de Loire.\" data-e-action-hash=\"#elementor-action%3Aaction%3Dlightbox%26settings%3DeyJpZCI6MTcwMjQsInVybCI6Imh0dHBzOlwvXC93d3cuaG90ZWwtbGEtY2xlZi1kZXMtY2hhdGVhdXguZnJcL3dwLWNvbnRlbnRcL3VwbG9hZHNcL2dhbGVyaWVcL2J1ZmZldC1wZXRpdC1kZWpldW5lci1ob3RlbC1sYS1jbGVmLWRlcy1jaGF0ZWF1eC1tYXNsaXZlcy53ZWJwIn0%3D\">\n\t\t\t\t\t\t\t\t\t\t\t\t\t\t\t\t\t\t\t\t\t<img loading=\"lazy\" decoding=\"async\" width=\"1800\" height=\"1200\" src=\"https:\/\/www.hotel-la-clef-des-chateaux.fr\/wp-content\/uploads\/galerie\/buffet-petit-dejeuner-hotel-la-clef-des-chateaux-maslives.webp\" class=\"attachment-full size-full\" alt=\"Buffet petit-d\u00e9jeuner avec croissants, pains artisanaux, viennoiseries et confiture maison\" srcset=\"https:\/\/www.hotel-la-clef-des-chateaux.fr\/wp-content\/uploads\/galerie\/buffet-petit-dejeuner-hotel-la-clef-des-chateaux-maslives.webp 1800w, https:\/\/www.hotel-la-clef-des-chateaux.fr\/wp-content\/uploads\/galerie\/buffet-petit-dejeuner-hotel-la-clef-des-chateaux-maslives-300x200.webp 300w, https:\/\/www.hotel-la-clef-des-chateaux.fr\/wp-content\/uploads\/galerie\/buffet-petit-dejeuner-hotel-la-clef-des-chateaux-maslives-1024x683.webp 1024w, https:\/\/www.hotel-la-clef-des-chateaux.fr\/wp-content\/uploads\/galerie\/buffet-petit-dejeuner-hotel-la-clef-des-chateaux-maslives-768x512.webp 768w, https:\/\/www.hotel-la-clef-des-chateaux.fr\/wp-content\/uploads\/galerie\/buffet-petit-dejeuner-hotel-la-clef-des-chateaux-maslives-1536x1024.webp 1536w\" sizes=\"(max-width: 1800px) 100vw, 1800px\" \/>\t\t\t\t\t\t\t\t\t\t\t\t\t\t\t\t\t\t\t\t\t\t\t\t\t\t\t\t\t\t\t\t<div class=\"eae-grid-overlay fadeIn\">\n\t\t\t\t\t\t\t\t\t\t\t\t<div class=\"eae-grid-overlay-inner\">\n\t\t\t\t\t\t\t\t\t\t\t\t\t<div class=\"eae-icon-wrapper\">\n\t\t\t\t\t\t\t\t\t\t\t\t\t\t\t\t\t\t\t\t\t\t\t\t\t\t\t<\/div>\n\t\t\t\t\t\t\t\t\t\t\t\t\t\t\t\t\t\t\t\t\t\t\t\t\t<\/div>\n\t\t\t\t\t\t\t\t\t\t<\/div>\n\t\t\t\t\t\t\t\t\t\t\t\t\t\t\t\t\t\t\t<\/a>\n\t\t\t\t\t\t\t\t<\/div>\n\t\t\t\t\t\t\t<\/div>\n\t\t\t\t\t\t\t\t\t\t\t\t\t\t<div class=\"eae-gallery-item petit-djeuner\">\n\t\t\t\t\t\t\t\t<div class=\"eae-gallery-item-inner\">\n\t\t\t\t\t\t\t\t\t<a href=\"https:\/\/www.hotel-la-clef-des-chateaux.fr\/wp-content\/uploads\/menu-image\/buffet-petit-dej-hotel-clef-des-chateaux.webp\" data-elementor-open-lightbox=\"yes\" data-elementor-lightbox-slideshow=\"eae-fg-gallery-25002\" data-elementor-lightbox-title=\"Buffet petit-d\u00e9jeuner - H\u00f4tel La Clef des Ch\u00e2teaux\" data-elementor-lightbox-description=\"Savourez un petit-d\u00e9jeuner gourmand au buffet de l&#039;H\u00f4tel La Clef des Ch\u00e2teaux, compos\u00e9 de produits frais et vari\u00e9s pour bien commencer votre journ\u00e9e. Viennoiseries, pains artisanaux et sp\u00e9cialit\u00e9s r\u00e9gionales vous attendent chaque matin.\" data-e-action-hash=\"#elementor-action%3Aaction%3Dlightbox%26settings%3DeyJpZCI6MTY3MjgsInVybCI6Imh0dHBzOlwvXC93d3cuaG90ZWwtbGEtY2xlZi1kZXMtY2hhdGVhdXguZnJcL3dwLWNvbnRlbnRcL3VwbG9hZHNcL21lbnUtaW1hZ2VcL2J1ZmZldC1wZXRpdC1kZWotaG90ZWwtY2xlZi1kZXMtY2hhdGVhdXgud2VicCJ9\">\n\t\t\t\t\t\t\t\t\t\t\t\t\t\t\t\t\t\t\t\t\t<img loading=\"lazy\" decoding=\"async\" width=\"1800\" height=\"1200\" src=\"https:\/\/www.hotel-la-clef-des-chateaux.fr\/wp-content\/uploads\/menu-image\/buffet-petit-dej-hotel-clef-des-chateaux.webp\" class=\"attachment-full size-full\" alt=\"Buffet petit-d\u00e9jeuner vari\u00e9 avec pains, viennoiseries et produits frais\" srcset=\"https:\/\/www.hotel-la-clef-des-chateaux.fr\/wp-content\/uploads\/menu-image\/buffet-petit-dej-hotel-clef-des-chateaux.webp 1800w, https:\/\/www.hotel-la-clef-des-chateaux.fr\/wp-content\/uploads\/menu-image\/buffet-petit-dej-hotel-clef-des-chateaux-300x200.webp 300w, https:\/\/www.hotel-la-clef-des-chateaux.fr\/wp-content\/uploads\/menu-image\/buffet-petit-dej-hotel-clef-des-chateaux-1024x683.webp 1024w, https:\/\/www.hotel-la-clef-des-chateaux.fr\/wp-content\/uploads\/menu-image\/buffet-petit-dej-hotel-clef-des-chateaux-768x512.webp 768w, https:\/\/www.hotel-la-clef-des-chateaux.fr\/wp-content\/uploads\/menu-image\/buffet-petit-dej-hotel-clef-des-chateaux-1536x1024.webp 1536w\" sizes=\"(max-width: 1800px) 100vw, 1800px\" \/>\t\t\t\t\t\t\t\t\t\t\t\t\t\t\t\t\t\t\t\t\t\t\t\t\t\t\t\t\t\t\t\t<div class=\"eae-grid-overlay fadeIn\">\n\t\t\t\t\t\t\t\t\t\t\t\t<div class=\"eae-grid-overlay-inner\">\n\t\t\t\t\t\t\t\t\t\t\t\t\t<div class=\"eae-icon-wrapper\">\n\t\t\t\t\t\t\t\t\t\t\t\t\t\t\t\t\t\t\t\t\t\t\t\t\t\t\t<\/div>\n\t\t\t\t\t\t\t\t\t\t\t\t\t\t\t\t\t\t\t\t\t\t\t\t\t<\/div>\n\t\t\t\t\t\t\t\t\t\t<\/div>\n\t\t\t\t\t\t\t\t\t\t\t\t\t\t\t\t\t\t\t<\/a>\n\t\t\t\t\t\t\t\t<\/div>\n\t\t\t\t\t\t\t<\/div>\n\t\t\t\t\t\t\t\t\t\t\t\t\t\t<div class=\"eae-gallery-item restaurant-le-1519-bar\">\n\t\t\t\t\t\t\t\t<div class=\"eae-gallery-item-inner\">\n\t\t\t\t\t\t\t\t\t<a href=\"https:\/\/www.hotel-la-clef-des-chateaux.fr\/wp-content\/uploads\/restaurant-le-1519-bar-hotel-la-clef-des-chateaux-val-de-loire.webp\" data-elementor-open-lightbox=\"yes\" data-elementor-lightbox-slideshow=\"eae-fg-gallery-25002\" data-elementor-lightbox-title=\"Restaurant Le 1519 &amp; Bar \u2013 H\u00f4tel La Clef des Ch\u00e2teaux, Val de Loire\" data-elementor-lightbox-description=\"Vaste salle du restaurant Le 1519 \u00e0 l&#039;H\u00f4tel La Clef des Ch\u00e2teaux, am\u00e9nag\u00e9e sous une magnifique charpente \u00e0 pans de bois apparents. Parquet en point de Hongrie, bar circulaire r\u00e9tro\u00e9clair\u00e9, luminaires dor\u00e9s en suspension et espace lounge avec canap\u00e9s en cuir : une atmosph\u00e8re unique alliant esprit de grange r\u00e9nov\u00e9e et \u00e9l\u00e9gance moderne, au c\u0153ur du Val de Loire.\" data-e-action-hash=\"#elementor-action%3Aaction%3Dlightbox%26settings%3DeyJpZCI6MTY0MjYsInVybCI6Imh0dHBzOlwvXC93d3cuaG90ZWwtbGEtY2xlZi1kZXMtY2hhdGVhdXguZnJcL3dwLWNvbnRlbnRcL3VwbG9hZHNcL3Jlc3RhdXJhbnQtbGUtMTUxOS1iYXItaG90ZWwtbGEtY2xlZi1kZXMtY2hhdGVhdXgtdmFsLWRlLWxvaXJlLndlYnAifQ%3D%3D\">\n\t\t\t\t\t\t\t\t\t\t\t\t\t\t\t\t\t\t\t\t\t<img loading=\"lazy\" decoding=\"async\" width=\"1800\" height=\"1200\" src=\"https:\/\/www.hotel-la-clef-des-chateaux.fr\/wp-content\/uploads\/restaurant-le-1519-bar-hotel-la-clef-des-chateaux-val-de-loire.webp\" class=\"attachment-full size-full\" alt=\"Salle du restaurant Le 1519 \u00e0 l&#039;H\u00f4tel La Clef des Ch\u00e2teaux avec charpente apparente, bar arrondi et luminaires dor\u00e9s\" srcset=\"https:\/\/www.hotel-la-clef-des-chateaux.fr\/wp-content\/uploads\/restaurant-le-1519-bar-hotel-la-clef-des-chateaux-val-de-loire.webp 1800w, https:\/\/www.hotel-la-clef-des-chateaux.fr\/wp-content\/uploads\/restaurant-le-1519-bar-hotel-la-clef-des-chateaux-val-de-loire-300x200.webp 300w, https:\/\/www.hotel-la-clef-des-chateaux.fr\/wp-content\/uploads\/restaurant-le-1519-bar-hotel-la-clef-des-chateaux-val-de-loire-1024x683.webp 1024w, https:\/\/www.hotel-la-clef-des-chateaux.fr\/wp-content\/uploads\/restaurant-le-1519-bar-hotel-la-clef-des-chateaux-val-de-loire-768x512.webp 768w, https:\/\/www.hotel-la-clef-des-chateaux.fr\/wp-content\/uploads\/restaurant-le-1519-bar-hotel-la-clef-des-chateaux-val-de-loire-1536x1024.webp 1536w\" sizes=\"(max-width: 1800px) 100vw, 1800px\" \/>\t\t\t\t\t\t\t\t\t\t\t\t\t\t\t\t\t\t\t\t\t\t\t\t\t\t\t\t\t\t\t\t<div class=\"eae-grid-overlay fadeIn\">\n\t\t\t\t\t\t\t\t\t\t\t\t<div class=\"eae-grid-overlay-inner\">\n\t\t\t\t\t\t\t\t\t\t\t\t\t<div class=\"eae-icon-wrapper\">\n\t\t\t\t\t\t\t\t\t\t\t\t\t\t\t\t\t\t\t\t\t\t\t\t\t\t\t<\/div>\n\t\t\t\t\t\t\t\t\t\t\t\t\t\t\t\t\t\t\t\t\t\t\t\t\t<\/div>\n\t\t\t\t\t\t\t\t\t\t<\/div>\n\t\t\t\t\t\t\t\t\t\t\t\t\t\t\t\t\t\t\t<\/a>\n\t\t\t\t\t\t\t\t<\/div>\n\t\t\t\t\t\t\t<\/div>\n\t\t\t\t\t\t\t\t\t\t\t\t\t\t<div class=\"eae-gallery-item restaurant-le-1519-bar\">\n\t\t\t\t\t\t\t\t<div class=\"eae-gallery-item-inner\">\n\t\t\t\t\t\t\t\t\t<a href=\"https:\/\/www.hotel-la-clef-des-chateaux.fr\/wp-content\/uploads\/galerie\/le-restaurant-1519-salle-hotel-clef-des-chateaux.webp\" data-elementor-open-lightbox=\"yes\" data-elementor-lightbox-slideshow=\"eae-fg-gallery-25002\" data-elementor-lightbox-title=\"Restaurant Le 1519 - Salle de restaurant - H\u00f4tel La Clef des Ch\u00e2teaux\" data-elementor-lightbox-description=\"Le restaurant Le 1519 de l&#039;H\u00f4tel La Clef des Ch\u00e2teaux offre une atmosph\u00e8re \u00e9l\u00e9gante et intimiste pour vos repas. Avec ses tables soign\u00e9es et son cadre contemporain, c&#039;est le lieu id\u00e9al pour une exp\u00e9rience gastronomique \u00e0 Chambord en Val de Loire.\" data-e-action-hash=\"#elementor-action%3Aaction%3Dlightbox%26settings%3DeyJpZCI6MTcwMzUsInVybCI6Imh0dHBzOlwvXC93d3cuaG90ZWwtbGEtY2xlZi1kZXMtY2hhdGVhdXguZnJcL3dwLWNvbnRlbnRcL3VwbG9hZHNcL2dhbGVyaWVcL2xlLXJlc3RhdXJhbnQtMTUxOS1zYWxsZS1ob3RlbC1jbGVmLWRlcy1jaGF0ZWF1eC53ZWJwIn0%3D\">\n\t\t\t\t\t\t\t\t\t\t\t\t\t\t\t\t\t\t\t\t\t<img loading=\"lazy\" decoding=\"async\" width=\"1800\" height=\"1207\" src=\"https:\/\/www.hotel-la-clef-des-chateaux.fr\/wp-content\/uploads\/galerie\/le-restaurant-1519-salle-hotel-clef-des-chateaux.webp\" class=\"attachment-full size-full\" alt=\"Salle de restaurant \u00e9l\u00e9gante avec tables dress\u00e9es, verres \u00e0 vin et d\u00e9coration raffin\u00e9e\" srcset=\"https:\/\/www.hotel-la-clef-des-chateaux.fr\/wp-content\/uploads\/galerie\/le-restaurant-1519-salle-hotel-clef-des-chateaux.webp 1800w, https:\/\/www.hotel-la-clef-des-chateaux.fr\/wp-content\/uploads\/galerie\/le-restaurant-1519-salle-hotel-clef-des-chateaux-300x201.webp 300w, https:\/\/www.hotel-la-clef-des-chateaux.fr\/wp-content\/uploads\/galerie\/le-restaurant-1519-salle-hotel-clef-des-chateaux-1024x687.webp 1024w, https:\/\/www.hotel-la-clef-des-chateaux.fr\/wp-content\/uploads\/galerie\/le-restaurant-1519-salle-hotel-clef-des-chateaux-768x515.webp 768w, https:\/\/www.hotel-la-clef-des-chateaux.fr\/wp-content\/uploads\/galerie\/le-restaurant-1519-salle-hotel-clef-des-chateaux-1536x1030.webp 1536w\" sizes=\"(max-width: 1800px) 100vw, 1800px\" \/>\t\t\t\t\t\t\t\t\t\t\t\t\t\t\t\t\t\t\t\t\t\t\t\t\t\t\t\t\t\t\t\t<div class=\"eae-grid-overlay fadeIn\">\n\t\t\t\t\t\t\t\t\t\t\t\t<div class=\"eae-grid-overlay-inner\">\n\t\t\t\t\t\t\t\t\t\t\t\t\t<div class=\"eae-icon-wrapper\">\n\t\t\t\t\t\t\t\t\t\t\t\t\t\t\t\t\t\t\t\t\t\t\t\t\t\t\t<\/div>\n\t\t\t\t\t\t\t\t\t\t\t\t\t\t\t\t\t\t\t\t\t\t\t\t\t<\/div>\n\t\t\t\t\t\t\t\t\t\t<\/div>\n\t\t\t\t\t\t\t\t\t\t\t\t\t\t\t\t\t\t\t<\/a>\n\t\t\t\t\t\t\t\t<\/div>\n\t\t\t\t\t\t\t<\/div>\n\t\t\t\t\t\t\t\t\t\t\t\t\t\t<div class=\"eae-gallery-item restaurant-le-1519-bar\">\n\t\t\t\t\t\t\t\t<div class=\"eae-gallery-item-inner\">\n\t\t\t\t\t\t\t\t\t<a href=\"https:\/\/www.hotel-la-clef-des-chateaux.fr\/wp-content\/uploads\/restaurant-1519-interieur-hotel-clef-des-chateaux.webp\" data-elementor-open-lightbox=\"yes\" data-elementor-lightbox-slideshow=\"eae-fg-gallery-25002\" data-elementor-lightbox-title=\"restaurant-1519-interieur-hotel-clef-des-chateaux\" data-elementor-lightbox-description=\"Le restaurant Le 1519 de l&#039;H\u00f4tel La Clef des Ch\u00e2teaux offre un cadre lumineux et architectural pour vos repas. Avec ses espaces g\u00e9n\u00e9reux et son design contemporain, c&#039;est un lieu privil\u00e9gi\u00e9 pour la gastronomie \u00e0 Chambord en Val de Loire.\" data-e-action-hash=\"#elementor-action%3Aaction%3Dlightbox%26settings%3DeyJpZCI6MTcwMzgsInVybCI6Imh0dHBzOlwvXC93d3cuaG90ZWwtbGEtY2xlZi1kZXMtY2hhdGVhdXguZnJcL3dwLWNvbnRlbnRcL3VwbG9hZHNcL3Jlc3RhdXJhbnQtMTUxOS1pbnRlcmlldXItaG90ZWwtY2xlZi1kZXMtY2hhdGVhdXgud2VicCJ9\">\n\t\t\t\t\t\t\t\t\t\t\t\t\t\t\t\t\t\t\t\t\t<img loading=\"lazy\" decoding=\"async\" width=\"1800\" height=\"1200\" src=\"https:\/\/www.hotel-la-clef-des-chateaux.fr\/wp-content\/uploads\/restaurant-1519-interieur-hotel-clef-des-chateaux.webp\" class=\"attachment-full size-full\" alt=\"Salle de restaurant spacieuse avec poutres apparentes, baies vitr\u00e9es et d\u00e9coration contemporaine\" srcset=\"https:\/\/www.hotel-la-clef-des-chateaux.fr\/wp-content\/uploads\/restaurant-1519-interieur-hotel-clef-des-chateaux.webp 1800w, https:\/\/www.hotel-la-clef-des-chateaux.fr\/wp-content\/uploads\/restaurant-1519-interieur-hotel-clef-des-chateaux-300x200.webp 300w, https:\/\/www.hotel-la-clef-des-chateaux.fr\/wp-content\/uploads\/restaurant-1519-interieur-hotel-clef-des-chateaux-1024x683.webp 1024w, https:\/\/www.hotel-la-clef-des-chateaux.fr\/wp-content\/uploads\/restaurant-1519-interieur-hotel-clef-des-chateaux-768x512.webp 768w, https:\/\/www.hotel-la-clef-des-chateaux.fr\/wp-content\/uploads\/restaurant-1519-interieur-hotel-clef-des-chateaux-1536x1024.webp 1536w\" sizes=\"(max-width: 1800px) 100vw, 1800px\" \/>\t\t\t\t\t\t\t\t\t\t\t\t\t\t\t\t\t\t\t\t\t\t\t\t\t\t\t\t\t\t\t\t<div class=\"eae-grid-overlay fadeIn\">\n\t\t\t\t\t\t\t\t\t\t\t\t<div class=\"eae-grid-overlay-inner\">\n\t\t\t\t\t\t\t\t\t\t\t\t\t<div class=\"eae-icon-wrapper\">\n\t\t\t\t\t\t\t\t\t\t\t\t\t\t\t\t\t\t\t\t\t\t\t\t\t\t\t<\/div>\n\t\t\t\t\t\t\t\t\t\t\t\t\t\t\t\t\t\t\t\t\t\t\t\t\t<\/div>\n\t\t\t\t\t\t\t\t\t\t<\/div>\n\t\t\t\t\t\t\t\t\t\t\t\t\t\t\t\t\t\t\t<\/a>\n\t\t\t\t\t\t\t\t<\/div>\n\t\t\t\t\t\t\t<\/div>\n\t\t\t\t\t\t\t\t\t\t\t\t\t\t<div class=\"eae-gallery-item restaurant-le-1519-bar\">\n\t\t\t\t\t\t\t\t<div class=\"eae-gallery-item-inner\">\n\t\t\t\t\t\t\t\t\t<a href=\"https:\/\/www.hotel-la-clef-des-chateaux.fr\/wp-content\/uploads\/galerie\/restaurant-1519-hotel-clef-des-chateaux-maslives-chambord.webp\" data-elementor-open-lightbox=\"yes\" data-elementor-lightbox-slideshow=\"eae-fg-gallery-25002\" data-elementor-lightbox-title=\"Restaurant Le 1519 - Espace de restauration - H\u00f4tel La Clef des Ch\u00e2teaux\" data-elementor-lightbox-description=\"Le restaurant Le 1519 de l&#039;H\u00f4tel La Clef des Ch\u00e2teaux offre un cadre \u00e9l\u00e9gant pour vos repas. Am\u00e9nag\u00e9 avec soin, cet espace gastronomique invite \u00e0 savourer une cuisine de qualit\u00e9 \u00e0 Chambord en Val de Loire.\" data-e-action-hash=\"#elementor-action%3Aaction%3Dlightbox%26settings%3DeyJpZCI6MTY5MTEsInVybCI6Imh0dHBzOlwvXC93d3cuaG90ZWwtbGEtY2xlZi1kZXMtY2hhdGVhdXguZnJcL3dwLWNvbnRlbnRcL3VwbG9hZHNcL2dhbGVyaWVcL3Jlc3RhdXJhbnQtMTUxOS1ob3RlbC1jbGVmLWRlcy1jaGF0ZWF1eC1tYXNsaXZlcy1jaGFtYm9yZC53ZWJwIn0%3D\">\n\t\t\t\t\t\t\t\t\t\t\t\t\t\t\t\t\t\t\t\t\t<img loading=\"lazy\" decoding=\"async\" width=\"1800\" height=\"1350\" src=\"https:\/\/www.hotel-la-clef-des-chateaux.fr\/wp-content\/uploads\/galerie\/restaurant-1519-hotel-clef-des-chateaux-maslives-chambord.webp\" class=\"attachment-full size-full\" alt=\"Salle de restaurant Le 1519 avec am\u00e9nagements professionnels et ambiance accueillante\" srcset=\"https:\/\/www.hotel-la-clef-des-chateaux.fr\/wp-content\/uploads\/galerie\/restaurant-1519-hotel-clef-des-chateaux-maslives-chambord.webp 1800w, https:\/\/www.hotel-la-clef-des-chateaux.fr\/wp-content\/uploads\/galerie\/restaurant-1519-hotel-clef-des-chateaux-maslives-chambord-300x225.webp 300w, https:\/\/www.hotel-la-clef-des-chateaux.fr\/wp-content\/uploads\/galerie\/restaurant-1519-hotel-clef-des-chateaux-maslives-chambord-1024x768.webp 1024w, https:\/\/www.hotel-la-clef-des-chateaux.fr\/wp-content\/uploads\/galerie\/restaurant-1519-hotel-clef-des-chateaux-maslives-chambord-768x576.webp 768w, https:\/\/www.hotel-la-clef-des-chateaux.fr\/wp-content\/uploads\/galerie\/restaurant-1519-hotel-clef-des-chateaux-maslives-chambord-1536x1152.webp 1536w\" sizes=\"(max-width: 1800px) 100vw, 1800px\" \/>\t\t\t\t\t\t\t\t\t\t\t\t\t\t\t\t\t\t\t\t\t\t\t\t\t\t\t\t\t\t\t\t<div class=\"eae-grid-overlay fadeIn\">\n\t\t\t\t\t\t\t\t\t\t\t\t<div class=\"eae-grid-overlay-inner\">\n\t\t\t\t\t\t\t\t\t\t\t\t\t<div class=\"eae-icon-wrapper\">\n\t\t\t\t\t\t\t\t\t\t\t\t\t\t\t\t\t\t\t\t\t\t\t\t\t\t\t<\/div>\n\t\t\t\t\t\t\t\t\t\t\t\t\t\t\t\t\t\t\t\t\t\t\t\t\t<\/div>\n\t\t\t\t\t\t\t\t\t\t<\/div>\n\t\t\t\t\t\t\t\t\t\t\t\t\t\t\t\t\t\t\t<\/a>\n\t\t\t\t\t\t\t\t<\/div>\n\t\t\t\t\t\t\t<\/div>\n\t\t\t\t\t\t\t\t\t\t\t\t\t\t<div class=\"eae-gallery-item restaurant-le-1519-bar\">\n\t\t\t\t\t\t\t\t<div class=\"eae-gallery-item-inner\">\n\t\t\t\t\t\t\t\t\t<a href=\"https:\/\/www.hotel-la-clef-des-chateaux.fr\/wp-content\/uploads\/galerie\/plat-restaurant-1519-hotel-clef-des-chateaux.webp\" data-elementor-open-lightbox=\"yes\" data-elementor-lightbox-slideshow=\"eae-fg-gallery-25002\" data-elementor-lightbox-title=\"Plat gastronomique - Restaurant Le 1519 - H\u00f4tel La Clef des Ch\u00e2teaux\" data-elementor-lightbox-description=\"Le restaurant Le 1519 de l&#039;H\u00f4tel La Clef des Ch\u00e2teaux propose une cuisine raffin\u00e9e et cr\u00e9ative. Chaque plat est pr\u00e9sent\u00e9 avec soin et compos\u00e9 d&#039;ingr\u00e9dients de qualit\u00e9 pour une exp\u00e9rience gastronomique m\u00e9morable \u00e0 Chambord en Val de Loire.\" data-e-action-hash=\"#elementor-action%3Aaction%3Dlightbox%26settings%3DeyJpZCI6MTcwNDEsInVybCI6Imh0dHBzOlwvXC93d3cuaG90ZWwtbGEtY2xlZi1kZXMtY2hhdGVhdXguZnJcL3dwLWNvbnRlbnRcL3VwbG9hZHNcL2dhbGVyaWVcL3BsYXQtcmVzdGF1cmFudC0xNTE5LWhvdGVsLWNsZWYtZGVzLWNoYXRlYXV4LndlYnAifQ%3D%3D\">\n\t\t\t\t\t\t\t\t\t\t\t\t\t\t\t\t\t\t\t\t\t<img loading=\"lazy\" decoding=\"async\" width=\"1800\" height=\"1237\" src=\"https:\/\/www.hotel-la-clef-des-chateaux.fr\/wp-content\/uploads\/galerie\/plat-restaurant-1519-hotel-clef-des-chateaux.webp\" class=\"attachment-full size-full\" alt=\"Assiette gastronomique avec tartine, charcuterie et accompagnements raffin\u00e9s\" srcset=\"https:\/\/www.hotel-la-clef-des-chateaux.fr\/wp-content\/uploads\/galerie\/plat-restaurant-1519-hotel-clef-des-chateaux.webp 1800w, https:\/\/www.hotel-la-clef-des-chateaux.fr\/wp-content\/uploads\/galerie\/plat-restaurant-1519-hotel-clef-des-chateaux-300x206.webp 300w, https:\/\/www.hotel-la-clef-des-chateaux.fr\/wp-content\/uploads\/galerie\/plat-restaurant-1519-hotel-clef-des-chateaux-1024x704.webp 1024w, https:\/\/www.hotel-la-clef-des-chateaux.fr\/wp-content\/uploads\/galerie\/plat-restaurant-1519-hotel-clef-des-chateaux-768x528.webp 768w, https:\/\/www.hotel-la-clef-des-chateaux.fr\/wp-content\/uploads\/galerie\/plat-restaurant-1519-hotel-clef-des-chateaux-1536x1056.webp 1536w\" sizes=\"(max-width: 1800px) 100vw, 1800px\" \/>\t\t\t\t\t\t\t\t\t\t\t\t\t\t\t\t\t\t\t\t\t\t\t\t\t\t\t\t\t\t\t\t<div class=\"eae-grid-overlay fadeIn\">\n\t\t\t\t\t\t\t\t\t\t\t\t<div class=\"eae-grid-overlay-inner\">\n\t\t\t\t\t\t\t\t\t\t\t\t\t<div class=\"eae-icon-wrapper\">\n\t\t\t\t\t\t\t\t\t\t\t\t\t\t\t\t\t\t\t\t\t\t\t\t\t\t\t<\/div>\n\t\t\t\t\t\t\t\t\t\t\t\t\t\t\t\t\t\t\t\t\t\t\t\t\t<\/div>\n\t\t\t\t\t\t\t\t\t\t<\/div>\n\t\t\t\t\t\t\t\t\t\t\t\t\t\t\t\t\t\t\t<\/a>\n\t\t\t\t\t\t\t\t<\/div>\n\t\t\t\t\t\t\t<\/div>\n\t\t\t\t\t\t\t\t\t\t\t\t\t\t<div class=\"eae-gallery-item restaurant-le-1519-bar\">\n\t\t\t\t\t\t\t\t<div class=\"eae-gallery-item-inner\">\n\t\t\t\t\t\t\t\t\t<a href=\"https:\/\/www.hotel-la-clef-des-chateaux.fr\/wp-content\/uploads\/galerie\/moment-gastronomique-restaurant-1519-hotel-clef-des-chateaux.webp\" data-elementor-open-lightbox=\"yes\" data-elementor-lightbox-slideshow=\"eae-fg-gallery-25002\" data-elementor-lightbox-title=\"Exp\u00e9rience gastronomique - Restaurant Le 1519 - H\u00f4tel La Clef des Ch\u00e2teaux\" data-elementor-lightbox-description=\"Le restaurant Le 1519 de l&#039;H\u00f4tel La Clef des Ch\u00e2teaux vous invite \u00e0 vivre une exp\u00e9rience gastronomique compl\u00e8te. Plats raffin\u00e9s et vins s\u00e9lectionn\u00e9s cr\u00e9ent des moments de d\u00e9tente et de saveurs \u00e0 Chambord en Val de Loire.\" data-e-action-hash=\"#elementor-action%3Aaction%3Dlightbox%26settings%3DeyJpZCI6MTcwNDQsInVybCI6Imh0dHBzOlwvXC93d3cuaG90ZWwtbGEtY2xlZi1kZXMtY2hhdGVhdXguZnJcL3dwLWNvbnRlbnRcL3VwbG9hZHNcL2dhbGVyaWVcL21vbWVudC1nYXN0cm9ub21pcXVlLXJlc3RhdXJhbnQtMTUxOS1ob3RlbC1jbGVmLWRlcy1jaGF0ZWF1eC53ZWJwIn0%3D\">\n\t\t\t\t\t\t\t\t\t\t\t\t\t\t\t\t\t\t\t\t\t<img loading=\"lazy\" decoding=\"async\" width=\"1800\" height=\"1291\" src=\"https:\/\/www.hotel-la-clef-des-chateaux.fr\/wp-content\/uploads\/galerie\/moment-gastronomique-restaurant-1519-hotel-clef-des-chateaux.webp\" class=\"attachment-full size-full\" alt=\"Client d\u00e9gustant un plat de viande avec verre de vin au restaurant\" srcset=\"https:\/\/www.hotel-la-clef-des-chateaux.fr\/wp-content\/uploads\/galerie\/moment-gastronomique-restaurant-1519-hotel-clef-des-chateaux.webp 1800w, https:\/\/www.hotel-la-clef-des-chateaux.fr\/wp-content\/uploads\/galerie\/moment-gastronomique-restaurant-1519-hotel-clef-des-chateaux-300x215.webp 300w, https:\/\/www.hotel-la-clef-des-chateaux.fr\/wp-content\/uploads\/galerie\/moment-gastronomique-restaurant-1519-hotel-clef-des-chateaux-1024x734.webp 1024w, https:\/\/www.hotel-la-clef-des-chateaux.fr\/wp-content\/uploads\/galerie\/moment-gastronomique-restaurant-1519-hotel-clef-des-chateaux-768x551.webp 768w, https:\/\/www.hotel-la-clef-des-chateaux.fr\/wp-content\/uploads\/galerie\/moment-gastronomique-restaurant-1519-hotel-clef-des-chateaux-1536x1102.webp 1536w\" sizes=\"(max-width: 1800px) 100vw, 1800px\" \/>\t\t\t\t\t\t\t\t\t\t\t\t\t\t\t\t\t\t\t\t\t\t\t\t\t\t\t\t\t\t\t\t<div class=\"eae-grid-overlay fadeIn\">\n\t\t\t\t\t\t\t\t\t\t\t\t<div class=\"eae-grid-overlay-inner\">\n\t\t\t\t\t\t\t\t\t\t\t\t\t<div class=\"eae-icon-wrapper\">\n\t\t\t\t\t\t\t\t\t\t\t\t\t\t\t\t\t\t\t\t\t\t\t\t\t\t\t<\/div>\n\t\t\t\t\t\t\t\t\t\t\t\t\t\t\t\t\t\t\t\t\t\t\t\t\t<\/div>\n\t\t\t\t\t\t\t\t\t\t<\/div>\n\t\t\t\t\t\t\t\t\t\t\t\t\t\t\t\t\t\t\t<\/a>\n\t\t\t\t\t\t\t\t<\/div>\n\t\t\t\t\t\t\t<\/div>\n\t\t\t\t\t\t\t\t\t\t\t\t\t\t<div class=\"eae-gallery-item restaurant-le-1519-bar\">\n\t\t\t\t\t\t\t\t<div class=\"eae-gallery-item-inner\">\n\t\t\t\t\t\t\t\t\t<a href=\"https:\/\/www.hotel-la-clef-des-chateaux.fr\/wp-content\/uploads\/galerie\/plat-2-hotel-clef-des-chateaux.webp\" data-elementor-open-lightbox=\"yes\" data-elementor-lightbox-slideshow=\"eae-fg-gallery-25002\" data-elementor-lightbox-title=\"Plat - Restaurant Le 1519 - H\u00f4tel La Clef des Ch\u00e2teaux\" data-elementor-lightbox-description=\" Le restaurant Le 1519 de l&#039;H\u00f4tel La Clef des Ch\u00e2teaux propose une cuisine raffin\u00e9e et soign\u00e9e. Chaque plat est pr\u00e9sent\u00e9 avec \u00e9l\u00e9gance pour une exp\u00e9rience gastronomique \u00e0 Chambord en Val de Loire.\" data-e-action-hash=\"#elementor-action%3Aaction%3Dlightbox%26settings%3DeyJpZCI6MTcwNDcsInVybCI6Imh0dHBzOlwvXC93d3cuaG90ZWwtbGEtY2xlZi1kZXMtY2hhdGVhdXguZnJcL3dwLWNvbnRlbnRcL3VwbG9hZHNcL2dhbGVyaWVcL3BsYXQtMi1ob3RlbC1jbGVmLWRlcy1jaGF0ZWF1eC53ZWJwIn0%3D\">\n\t\t\t\t\t\t\t\t\t\t\t\t\t\t\t\t\t\t\t\t\t<img loading=\"lazy\" decoding=\"async\" width=\"1800\" height=\"1365\" src=\"https:\/\/www.hotel-la-clef-des-chateaux.fr\/wp-content\/uploads\/galerie\/plat-2-hotel-clef-des-chateaux.webp\" class=\"attachment-full size-full\" alt=\"Assiette avec viande, l\u00e9gumes et accompagnements\" srcset=\"https:\/\/www.hotel-la-clef-des-chateaux.fr\/wp-content\/uploads\/galerie\/plat-2-hotel-clef-des-chateaux.webp 1800w, https:\/\/www.hotel-la-clef-des-chateaux.fr\/wp-content\/uploads\/galerie\/plat-2-hotel-clef-des-chateaux-300x228.webp 300w, https:\/\/www.hotel-la-clef-des-chateaux.fr\/wp-content\/uploads\/galerie\/plat-2-hotel-clef-des-chateaux-1024x777.webp 1024w, https:\/\/www.hotel-la-clef-des-chateaux.fr\/wp-content\/uploads\/galerie\/plat-2-hotel-clef-des-chateaux-768x582.webp 768w, https:\/\/www.hotel-la-clef-des-chateaux.fr\/wp-content\/uploads\/galerie\/plat-2-hotel-clef-des-chateaux-1536x1165.webp 1536w\" sizes=\"(max-width: 1800px) 100vw, 1800px\" \/>\t\t\t\t\t\t\t\t\t\t\t\t\t\t\t\t\t\t\t\t\t\t\t\t\t\t\t\t\t\t\t\t<div class=\"eae-grid-overlay fadeIn\">\n\t\t\t\t\t\t\t\t\t\t\t\t<div class=\"eae-grid-overlay-inner\">\n\t\t\t\t\t\t\t\t\t\t\t\t\t<div class=\"eae-icon-wrapper\">\n\t\t\t\t\t\t\t\t\t\t\t\t\t\t\t\t\t\t\t\t\t\t\t\t\t\t\t<\/div>\n\t\t\t\t\t\t\t\t\t\t\t\t\t\t\t\t\t\t\t\t\t\t\t\t\t<\/div>\n\t\t\t\t\t\t\t\t\t\t<\/div>\n\t\t\t\t\t\t\t\t\t\t\t\t\t\t\t\t\t\t\t<\/a>\n\t\t\t\t\t\t\t\t<\/div>\n\t\t\t\t\t\t\t<\/div>\n\t\t\t\t\t\t\t\t\t\t\t\t\t\t<div class=\"eae-gallery-item restaurant-le-1519-bar\">\n\t\t\t\t\t\t\t\t<div class=\"eae-gallery-item-inner\">\n\t\t\t\t\t\t\t\t\t<a href=\"https:\/\/www.hotel-la-clef-des-chateaux.fr\/wp-content\/uploads\/galerie\/planche-cheminee-hotel-clef-des-chateaux.webp\" data-elementor-open-lightbox=\"yes\" data-elementor-lightbox-slideshow=\"eae-fg-gallery-25002\" data-elementor-lightbox-title=\"Plat gastronomique - Restaurant Le 1519 - H\u00f4tel La Clef des Ch\u00e2teaux\" data-elementor-lightbox-description=\"Le restaurant Le 1519 de l&#039;H\u00f4tel La Clef des Ch\u00e2teaux propose une cuisine raffin\u00e9e et soign\u00e9e. Chaque plat est pr\u00e9sent\u00e9 avec \u00e9l\u00e9gance pour une exp\u00e9rience gastronomique \u00e0 Chambord en Val de Loire.\" data-e-action-hash=\"#elementor-action%3Aaction%3Dlightbox%26settings%3DeyJpZCI6MTcwNjEsInVybCI6Imh0dHBzOlwvXC93d3cuaG90ZWwtbGEtY2xlZi1kZXMtY2hhdGVhdXguZnJcL3dwLWNvbnRlbnRcL3VwbG9hZHNcL2dhbGVyaWVcL3BsYW5jaGUtY2hlbWluZWUtaG90ZWwtY2xlZi1kZXMtY2hhdGVhdXgud2VicCJ9\">\n\t\t\t\t\t\t\t\t\t\t\t\t\t\t\t\t\t\t\t\t\t<img loading=\"lazy\" decoding=\"async\" width=\"1800\" height=\"1337\" src=\"https:\/\/www.hotel-la-clef-des-chateaux.fr\/wp-content\/uploads\/galerie\/planche-cheminee-hotel-clef-des-chateaux.webp\" class=\"attachment-full size-full\" alt=\"Assiette avec viande, l\u00e9gumes et accompagnements\" srcset=\"https:\/\/www.hotel-la-clef-des-chateaux.fr\/wp-content\/uploads\/galerie\/planche-cheminee-hotel-clef-des-chateaux.webp 1800w, https:\/\/www.hotel-la-clef-des-chateaux.fr\/wp-content\/uploads\/galerie\/planche-cheminee-hotel-clef-des-chateaux-300x223.webp 300w, https:\/\/www.hotel-la-clef-des-chateaux.fr\/wp-content\/uploads\/galerie\/planche-cheminee-hotel-clef-des-chateaux-1024x761.webp 1024w, https:\/\/www.hotel-la-clef-des-chateaux.fr\/wp-content\/uploads\/galerie\/planche-cheminee-hotel-clef-des-chateaux-768x570.webp 768w, https:\/\/www.hotel-la-clef-des-chateaux.fr\/wp-content\/uploads\/galerie\/planche-cheminee-hotel-clef-des-chateaux-1536x1141.webp 1536w\" sizes=\"(max-width: 1800px) 100vw, 1800px\" \/>\t\t\t\t\t\t\t\t\t\t\t\t\t\t\t\t\t\t\t\t\t\t\t\t\t\t\t\t\t\t\t\t<div class=\"eae-grid-overlay fadeIn\">\n\t\t\t\t\t\t\t\t\t\t\t\t<div class=\"eae-grid-overlay-inner\">\n\t\t\t\t\t\t\t\t\t\t\t\t\t<div class=\"eae-icon-wrapper\">\n\t\t\t\t\t\t\t\t\t\t\t\t\t\t\t\t\t\t\t\t\t\t\t\t\t\t\t<\/div>\n\t\t\t\t\t\t\t\t\t\t\t\t\t\t\t\t\t\t\t\t\t\t\t\t\t<\/div>\n\t\t\t\t\t\t\t\t\t\t<\/div>\n\t\t\t\t\t\t\t\t\t\t\t\t\t\t\t\t\t\t\t<\/a>\n\t\t\t\t\t\t\t\t<\/div>\n\t\t\t\t\t\t\t<\/div>\n\t\t\t\t\t\t\t\t\t\t\t\t\t\t<div class=\"eae-gallery-item restaurant-le-1519-bar\">\n\t\t\t\t\t\t\t\t<div class=\"eae-gallery-item-inner\">\n\t\t\t\t\t\t\t\t\t<a href=\"https:\/\/www.hotel-la-clef-des-chateaux.fr\/wp-content\/uploads\/galerie\/planche-charcuterie-fromage-restaurant-1519-hotel-clef-des-chateaux.webp\" data-elementor-open-lightbox=\"yes\" data-elementor-lightbox-slideshow=\"eae-fg-gallery-25002\" data-elementor-lightbox-title=\"Planche ap\u00e9ritif - Restaurant Le 1519 - H\u00f4tel La Clef des Ch\u00e2teaux\" data-elementor-lightbox-description=\"Le restaurant Le 1519 de l&#039;H\u00f4tel La Clef des Ch\u00e2teaux vous propose des planches ap\u00e9ritif g\u00e9n\u00e9reuses, id\u00e9ales pour partager. Charcuterie, fromage et accompagnements sont servis avec \u00e9l\u00e9gance pour des moments conviviaux \u00e0 Chambord en Val de Loire.\" data-e-action-hash=\"#elementor-action%3Aaction%3Dlightbox%26settings%3DeyJpZCI6MTcwNzIsInVybCI6Imh0dHBzOlwvXC93d3cuaG90ZWwtbGEtY2xlZi1kZXMtY2hhdGVhdXguZnJcL3dwLWNvbnRlbnRcL3VwbG9hZHNcL2dhbGVyaWVcL3BsYW5jaGUtY2hhcmN1dGVyaWUtZnJvbWFnZS1yZXN0YXVyYW50LTE1MTktaG90ZWwtY2xlZi1kZXMtY2hhdGVhdXgud2VicCJ9\">\n\t\t\t\t\t\t\t\t\t\t\t\t\t\t\t\t\t\t\t\t\t<img loading=\"lazy\" decoding=\"async\" width=\"1800\" height=\"1362\" src=\"https:\/\/www.hotel-la-clef-des-chateaux.fr\/wp-content\/uploads\/galerie\/planche-charcuterie-fromage-restaurant-1519-hotel-clef-des-chateaux.webp\" class=\"attachment-full size-full\" alt=\"Planche avec charcuterie, fromage, accompagnements et boissons sur table en marbre\" srcset=\"https:\/\/www.hotel-la-clef-des-chateaux.fr\/wp-content\/uploads\/galerie\/planche-charcuterie-fromage-restaurant-1519-hotel-clef-des-chateaux.webp 1800w, https:\/\/www.hotel-la-clef-des-chateaux.fr\/wp-content\/uploads\/galerie\/planche-charcuterie-fromage-restaurant-1519-hotel-clef-des-chateaux-300x227.webp 300w, https:\/\/www.hotel-la-clef-des-chateaux.fr\/wp-content\/uploads\/galerie\/planche-charcuterie-fromage-restaurant-1519-hotel-clef-des-chateaux-1024x775.webp 1024w, https:\/\/www.hotel-la-clef-des-chateaux.fr\/wp-content\/uploads\/galerie\/planche-charcuterie-fromage-restaurant-1519-hotel-clef-des-chateaux-768x581.webp 768w, https:\/\/www.hotel-la-clef-des-chateaux.fr\/wp-content\/uploads\/galerie\/planche-charcuterie-fromage-restaurant-1519-hotel-clef-des-chateaux-1536x1162.webp 1536w\" sizes=\"(max-width: 1800px) 100vw, 1800px\" \/>\t\t\t\t\t\t\t\t\t\t\t\t\t\t\t\t\t\t\t\t\t\t\t\t\t\t\t\t\t\t\t\t<div class=\"eae-grid-overlay fadeIn\">\n\t\t\t\t\t\t\t\t\t\t\t\t<div class=\"eae-grid-overlay-inner\">\n\t\t\t\t\t\t\t\t\t\t\t\t\t<div class=\"eae-icon-wrapper\">\n\t\t\t\t\t\t\t\t\t\t\t\t\t\t\t\t\t\t\t\t\t\t\t\t\t\t\t<\/div>\n\t\t\t\t\t\t\t\t\t\t\t\t\t\t\t\t\t\t\t\t\t\t\t\t\t<\/div>\n\t\t\t\t\t\t\t\t\t\t<\/div>\n\t\t\t\t\t\t\t\t\t\t\t\t\t\t\t\t\t\t\t<\/a>\n\t\t\t\t\t\t\t\t<\/div>\n\t\t\t\t\t\t\t<\/div>\n\t\t\t\t\t\t\t\t\t\t\t\t\t\t<div class=\"eae-gallery-item restaurant-le-1519-bar\">\n\t\t\t\t\t\t\t\t<div class=\"eae-gallery-item-inner\">\n\t\t\t\t\t\t\t\t\t<a href=\"https:\/\/www.hotel-la-clef-des-chateaux.fr\/wp-content\/uploads\/services\/moment-restau-ete-hotel-clef-des-chateaux.webp\" data-elementor-open-lightbox=\"yes\" data-elementor-lightbox-slideshow=\"eae-fg-gallery-25002\" data-elementor-lightbox-title=\"Restaurant Le 1519 - H\u00f4tel La Clef des Ch\u00e2teaux\" data-elementor-lightbox-description=\"Le restaurant Le 1519 de l&#039;H\u00f4tel La Clef des Ch\u00e2teaux vous accueille en terrasse pour des moments gastronomiques agr\u00e9ables. Un lieu convivial et raffin\u00e9 \u00e0 Chambord en Val de Loire, id\u00e9al pour savourer la cuisine locale.\" data-e-action-hash=\"#elementor-action%3Aaction%3Dlightbox%26settings%3DeyJpZCI6MTY4MzQsInVybCI6Imh0dHBzOlwvXC93d3cuaG90ZWwtbGEtY2xlZi1kZXMtY2hhdGVhdXguZnJcL3dwLWNvbnRlbnRcL3VwbG9hZHNcL3NlcnZpY2VzXC9tb21lbnQtcmVzdGF1LWV0ZS1ob3RlbC1jbGVmLWRlcy1jaGF0ZWF1eC53ZWJwIn0%3D\">\n\t\t\t\t\t\t\t\t\t\t\t\t\t\t\t\t\t\t\t\t\t<img loading=\"lazy\" decoding=\"async\" width=\"1800\" height=\"1200\" src=\"https:\/\/www.hotel-la-clef-des-chateaux.fr\/wp-content\/uploads\/services\/moment-restau-ete-hotel-clef-des-chateaux.webp\" class=\"attachment-full size-full\" alt=\"Terrasse du restaurant Le 1519 en \u00e9t\u00e9 avec clients profitant du cadre ext\u00e9rieur\" srcset=\"https:\/\/www.hotel-la-clef-des-chateaux.fr\/wp-content\/uploads\/services\/moment-restau-ete-hotel-clef-des-chateaux.webp 1800w, https:\/\/www.hotel-la-clef-des-chateaux.fr\/wp-content\/uploads\/services\/moment-restau-ete-hotel-clef-des-chateaux-300x200.webp 300w, https:\/\/www.hotel-la-clef-des-chateaux.fr\/wp-content\/uploads\/services\/moment-restau-ete-hotel-clef-des-chateaux-1024x683.webp 1024w, https:\/\/www.hotel-la-clef-des-chateaux.fr\/wp-content\/uploads\/services\/moment-restau-ete-hotel-clef-des-chateaux-768x512.webp 768w, https:\/\/www.hotel-la-clef-des-chateaux.fr\/wp-content\/uploads\/services\/moment-restau-ete-hotel-clef-des-chateaux-1536x1024.webp 1536w\" sizes=\"(max-width: 1800px) 100vw, 1800px\" \/>\t\t\t\t\t\t\t\t\t\t\t\t\t\t\t\t\t\t\t\t\t\t\t\t\t\t\t\t\t\t\t\t<div class=\"eae-grid-overlay fadeIn\">\n\t\t\t\t\t\t\t\t\t\t\t\t<div class=\"eae-grid-overlay-inner\">\n\t\t\t\t\t\t\t\t\t\t\t\t\t<div class=\"eae-icon-wrapper\">\n\t\t\t\t\t\t\t\t\t\t\t\t\t\t\t\t\t\t\t\t\t\t\t\t\t\t\t<\/div>\n\t\t\t\t\t\t\t\t\t\t\t\t\t\t\t\t\t\t\t\t\t\t\t\t\t<\/div>\n\t\t\t\t\t\t\t\t\t\t<\/div>\n\t\t\t\t\t\t\t\t\t\t\t\t\t\t\t\t\t\t\t<\/a>\n\t\t\t\t\t\t\t\t<\/div>\n\t\t\t\t\t\t\t<\/div>\n\t\t\t\t\t\t\t\t\t\t\t\t\t\t<div class=\"eae-gallery-item restaurant-le-1519-bar\">\n\t\t\t\t\t\t\t\t<div class=\"eae-gallery-item-inner\">\n\t\t\t\t\t\t\t\t\t<a href=\"https:\/\/www.hotel-la-clef-des-chateaux.fr\/wp-content\/uploads\/galerie\/dessert-restaurant-1519-hotel-clef-des-chateaux-chambord.webp\" data-elementor-open-lightbox=\"yes\" data-elementor-lightbox-slideshow=\"eae-fg-gallery-25002\" data-elementor-lightbox-title=\"Dessert gastronomique - Restaurant Le 1519 - H\u00f4tel La Clef des Ch\u00e2teaux\" data-elementor-lightbox-description=\"Le restaurant Le 1519 de l&#039;H\u00f4tel La Clef des Ch\u00e2teaux propose des desserts raffin\u00e9s et cr\u00e9atifs. Chaque assiette est une v\u00e9ritable \u0153uvre culinaire pour conclure votre repas en beaut\u00e9 \u00e0 Chambord en Val de Loire.\" data-e-action-hash=\"#elementor-action%3Aaction%3Dlightbox%26settings%3DeyJpZCI6MTcwNzUsInVybCI6Imh0dHBzOlwvXC93d3cuaG90ZWwtbGEtY2xlZi1kZXMtY2hhdGVhdXguZnJcL3dwLWNvbnRlbnRcL3VwbG9hZHNcL2dhbGVyaWVcL2Rlc3NlcnQtcmVzdGF1cmFudC0xNTE5LWhvdGVsLWNsZWYtZGVzLWNoYXRlYXV4LWNoYW1ib3JkLndlYnAifQ%3D%3D\">\n\t\t\t\t\t\t\t\t\t\t\t\t\t\t\t\t\t\t\t\t\t<img loading=\"lazy\" decoding=\"async\" width=\"1800\" height=\"1385\" src=\"https:\/\/www.hotel-la-clef-des-chateaux.fr\/wp-content\/uploads\/galerie\/dessert-restaurant-1519-hotel-clef-des-chateaux-chambord.webp\" class=\"attachment-full size-full\" alt=\"Assiette de dessert avec mousse, fruits rouges, biscuit et coulis de chocolat\" srcset=\"https:\/\/www.hotel-la-clef-des-chateaux.fr\/wp-content\/uploads\/galerie\/dessert-restaurant-1519-hotel-clef-des-chateaux-chambord.webp 1800w, https:\/\/www.hotel-la-clef-des-chateaux.fr\/wp-content\/uploads\/galerie\/dessert-restaurant-1519-hotel-clef-des-chateaux-chambord-300x231.webp 300w, https:\/\/www.hotel-la-clef-des-chateaux.fr\/wp-content\/uploads\/galerie\/dessert-restaurant-1519-hotel-clef-des-chateaux-chambord-1024x788.webp 1024w, https:\/\/www.hotel-la-clef-des-chateaux.fr\/wp-content\/uploads\/galerie\/dessert-restaurant-1519-hotel-clef-des-chateaux-chambord-768x591.webp 768w, https:\/\/www.hotel-la-clef-des-chateaux.fr\/wp-content\/uploads\/galerie\/dessert-restaurant-1519-hotel-clef-des-chateaux-chambord-1536x1182.webp 1536w\" sizes=\"(max-width: 1800px) 100vw, 1800px\" \/>\t\t\t\t\t\t\t\t\t\t\t\t\t\t\t\t\t\t\t\t\t\t\t\t\t\t\t\t\t\t\t\t<div class=\"eae-grid-overlay fadeIn\">\n\t\t\t\t\t\t\t\t\t\t\t\t<div class=\"eae-grid-overlay-inner\">\n\t\t\t\t\t\t\t\t\t\t\t\t\t<div class=\"eae-icon-wrapper\">\n\t\t\t\t\t\t\t\t\t\t\t\t\t\t\t\t\t\t\t\t\t\t\t\t\t\t\t<\/div>\n\t\t\t\t\t\t\t\t\t\t\t\t\t\t\t\t\t\t\t\t\t\t\t\t\t<\/div>\n\t\t\t\t\t\t\t\t\t\t<\/div>\n\t\t\t\t\t\t\t\t\t\t\t\t\t\t\t\t\t\t\t<\/a>\n\t\t\t\t\t\t\t\t<\/div>\n\t\t\t\t\t\t\t<\/div>\n\t\t\t\t\t\t\t\t\t\t\t\t\t\t<div class=\"eae-gallery-item restaurant-le-1519-bar\">\n\t\t\t\t\t\t\t\t<div class=\"eae-gallery-item-inner\">\n\t\t\t\t\t\t\t\t\t<a href=\"https:\/\/www.hotel-la-clef-des-chateaux.fr\/wp-content\/uploads\/galerie\/restaurant-1519-maslives-chambord-maslives.webp\" data-elementor-open-lightbox=\"yes\" data-elementor-lightbox-slideshow=\"eae-fg-gallery-25002\" data-elementor-lightbox-title=\"Le Restaurant 1519 \u00e0 Maslives, proche Chambord, service midi et soir - diner ch\u00e2teau de Chambord\" data-elementor-lightbox-description=\"Le Restaurant 1519 \u00e0 Maslives, proche Chambord, service midi et soir - diner ch\u00e2teau de Chambord\" data-e-action-hash=\"#elementor-action%3Aaction%3Dlightbox%26settings%3DeyJpZCI6MTcwODYsInVybCI6Imh0dHBzOlwvXC93d3cuaG90ZWwtbGEtY2xlZi1kZXMtY2hhdGVhdXguZnJcL3dwLWNvbnRlbnRcL3VwbG9hZHNcL2dhbGVyaWVcL3Jlc3RhdXJhbnQtMTUxOS1tYXNsaXZlcy1jaGFtYm9yZC1tYXNsaXZlcy53ZWJwIn0%3D\">\n\t\t\t\t\t\t\t\t\t\t\t\t\t\t\t\t\t\t\t\t\t<img loading=\"lazy\" decoding=\"async\" width=\"1800\" height=\"1350\" src=\"https:\/\/www.hotel-la-clef-des-chateaux.fr\/wp-content\/uploads\/galerie\/restaurant-1519-maslives-chambord-maslives.webp\" class=\"attachment-full size-full\" alt=\"Le Restaurant 1519 \u00e0 Maslives, proche Chambord, service midi et soir - diner ch\u00e2teau de Chambord\" srcset=\"https:\/\/www.hotel-la-clef-des-chateaux.fr\/wp-content\/uploads\/galerie\/restaurant-1519-maslives-chambord-maslives.webp 1800w, https:\/\/www.hotel-la-clef-des-chateaux.fr\/wp-content\/uploads\/galerie\/restaurant-1519-maslives-chambord-maslives-300x225.webp 300w, https:\/\/www.hotel-la-clef-des-chateaux.fr\/wp-content\/uploads\/galerie\/restaurant-1519-maslives-chambord-maslives-1024x768.webp 1024w, https:\/\/www.hotel-la-clef-des-chateaux.fr\/wp-content\/uploads\/galerie\/restaurant-1519-maslives-chambord-maslives-768x576.webp 768w, https:\/\/www.hotel-la-clef-des-chateaux.fr\/wp-content\/uploads\/galerie\/restaurant-1519-maslives-chambord-maslives-1536x1152.webp 1536w\" sizes=\"(max-width: 1800px) 100vw, 1800px\" \/>\t\t\t\t\t\t\t\t\t\t\t\t\t\t\t\t\t\t\t\t\t\t\t\t\t\t\t\t\t\t\t\t<div class=\"eae-grid-overlay fadeIn\">\n\t\t\t\t\t\t\t\t\t\t\t\t<div class=\"eae-grid-overlay-inner\">\n\t\t\t\t\t\t\t\t\t\t\t\t\t<div class=\"eae-icon-wrapper\">\n\t\t\t\t\t\t\t\t\t\t\t\t\t\t\t\t\t\t\t\t\t\t\t\t\t\t\t<\/div>\n\t\t\t\t\t\t\t\t\t\t\t\t\t\t\t\t\t\t\t\t\t\t\t\t\t<\/div>\n\t\t\t\t\t\t\t\t\t\t<\/div>\n\t\t\t\t\t\t\t\t\t\t\t\t\t\t\t\t\t\t\t<\/a>\n\t\t\t\t\t\t\t\t<\/div>\n\t\t\t\t\t\t\t<\/div>\n\t\t\t\t\t\t\t\t\t\t\t\t\t\t<div class=\"eae-gallery-item restaurant-le-1519-bar\">\n\t\t\t\t\t\t\t\t<div class=\"eae-gallery-item-inner\">\n\t\t\t\t\t\t\t\t\t<a href=\"https:\/\/www.hotel-la-clef-des-chateaux.fr\/wp-content\/uploads\/galerie\/restaurant-1519-maslives-3km-chambord-maslives.webp\" data-elementor-open-lightbox=\"yes\" data-elementor-lightbox-slideshow=\"eae-fg-gallery-25002\" data-elementor-lightbox-title=\"Le Restaurant 1519 \u00e0 Maslives, proche Cheverny, service midi et soir - diner ch\u00e2teau de Cheverny\" data-elementor-lightbox-description=\"Le Restaurant 1519 \u00e0 Maslives, proche Cheverny, service midi et soir - diner ch\u00e2teau de Cheverny\" data-e-action-hash=\"#elementor-action%3Aaction%3Dlightbox%26settings%3DeyJpZCI6MTcwODksInVybCI6Imh0dHBzOlwvXC93d3cuaG90ZWwtbGEtY2xlZi1kZXMtY2hhdGVhdXguZnJcL3dwLWNvbnRlbnRcL3VwbG9hZHNcL2dhbGVyaWVcL3Jlc3RhdXJhbnQtMTUxOS1tYXNsaXZlcy0za20tY2hhbWJvcmQtbWFzbGl2ZXMud2VicCJ9\">\n\t\t\t\t\t\t\t\t\t\t\t\t\t\t\t\t\t\t\t\t\t<img loading=\"lazy\" decoding=\"async\" width=\"1800\" height=\"1266\" src=\"https:\/\/www.hotel-la-clef-des-chateaux.fr\/wp-content\/uploads\/galerie\/restaurant-1519-maslives-3km-chambord-maslives.webp\" class=\"attachment-full size-full\" alt=\"Le Restaurant 1519 \u00e0 Maslives, proche Cheverny, service midi et soir - diner ch\u00e2teau de Cheverny\" srcset=\"https:\/\/www.hotel-la-clef-des-chateaux.fr\/wp-content\/uploads\/galerie\/restaurant-1519-maslives-3km-chambord-maslives.webp 1800w, https:\/\/www.hotel-la-clef-des-chateaux.fr\/wp-content\/uploads\/galerie\/restaurant-1519-maslives-3km-chambord-maslives-300x211.webp 300w, https:\/\/www.hotel-la-clef-des-chateaux.fr\/wp-content\/uploads\/galerie\/restaurant-1519-maslives-3km-chambord-maslives-1024x720.webp 1024w, https:\/\/www.hotel-la-clef-des-chateaux.fr\/wp-content\/uploads\/galerie\/restaurant-1519-maslives-3km-chambord-maslives-768x540.webp 768w, https:\/\/www.hotel-la-clef-des-chateaux.fr\/wp-content\/uploads\/galerie\/restaurant-1519-maslives-3km-chambord-maslives-1536x1080.webp 1536w\" sizes=\"(max-width: 1800px) 100vw, 1800px\" \/>\t\t\t\t\t\t\t\t\t\t\t\t\t\t\t\t\t\t\t\t\t\t\t\t\t\t\t\t\t\t\t\t<div class=\"eae-grid-overlay fadeIn\">\n\t\t\t\t\t\t\t\t\t\t\t\t<div class=\"eae-grid-overlay-inner\">\n\t\t\t\t\t\t\t\t\t\t\t\t\t<div class=\"eae-icon-wrapper\">\n\t\t\t\t\t\t\t\t\t\t\t\t\t\t\t\t\t\t\t\t\t\t\t\t\t\t\t<\/div>\n\t\t\t\t\t\t\t\t\t\t\t\t\t\t\t\t\t\t\t\t\t\t\t\t\t<\/div>\n\t\t\t\t\t\t\t\t\t\t<\/div>\n\t\t\t\t\t\t\t\t\t\t\t\t\t\t\t\t\t\t\t<\/a>\n\t\t\t\t\t\t\t\t<\/div>\n\t\t\t\t\t\t\t<\/div>\n\t\t\t\t\t\t\t\t\t\t\t\t\t\t<div class=\"eae-gallery-item piscine-espaces-extrieur\">\n\t\t\t\t\t\t\t\t<div class=\"eae-gallery-item-inner\">\n\t\t\t\t\t\t\t\t\t<a href=\"https:\/\/www.hotel-la-clef-des-chateaux.fr\/wp-content\/uploads\/galerie\/vue-aerienne-piscine-hotel-clef-des-chateaux.webp\" data-elementor-open-lightbox=\"yes\" data-elementor-lightbox-slideshow=\"eae-fg-gallery-25002\" data-elementor-lightbox-title=\"Vue a\u00e9rienne piscine - H\u00f4tel La Clef des Ch\u00e2teaux\" data-elementor-lightbox-description=\"D\u00e9couvrez la piscine ext\u00e9rieure de l&#039;H\u00f4tel La Clef des Ch\u00e2teaux depuis une perspective a\u00e9rienne. Cet espace de d\u00e9tente offre un cadre id\u00e9al pour profiter du soleil et se relaxer en Val de Loire.\" data-e-action-hash=\"#elementor-action%3Aaction%3Dlightbox%26settings%3DeyJpZCI6MTcxMDAsInVybCI6Imh0dHBzOlwvXC93d3cuaG90ZWwtbGEtY2xlZi1kZXMtY2hhdGVhdXguZnJcL3dwLWNvbnRlbnRcL3VwbG9hZHNcL2dhbGVyaWVcL3Z1ZS1hZXJpZW5uZS1waXNjaW5lLWhvdGVsLWNsZWYtZGVzLWNoYXRlYXV4LndlYnAifQ%3D%3D\">\n\t\t\t\t\t\t\t\t\t\t\t\t\t\t\t\t\t\t\t\t\t<img loading=\"lazy\" decoding=\"async\" width=\"1800\" height=\"1236\" src=\"https:\/\/www.hotel-la-clef-des-chateaux.fr\/wp-content\/uploads\/galerie\/vue-aerienne-piscine-hotel-clef-des-chateaux.webp\" class=\"attachment-full size-full\" alt=\"Vue a\u00e9rienne de la piscine ext\u00e9rieure et des espaces verts\" srcset=\"https:\/\/www.hotel-la-clef-des-chateaux.fr\/wp-content\/uploads\/galerie\/vue-aerienne-piscine-hotel-clef-des-chateaux.webp 1800w, https:\/\/www.hotel-la-clef-des-chateaux.fr\/wp-content\/uploads\/galerie\/vue-aerienne-piscine-hotel-clef-des-chateaux-300x206.webp 300w, https:\/\/www.hotel-la-clef-des-chateaux.fr\/wp-content\/uploads\/galerie\/vue-aerienne-piscine-hotel-clef-des-chateaux-1024x703.webp 1024w, https:\/\/www.hotel-la-clef-des-chateaux.fr\/wp-content\/uploads\/galerie\/vue-aerienne-piscine-hotel-clef-des-chateaux-768x527.webp 768w, https:\/\/www.hotel-la-clef-des-chateaux.fr\/wp-content\/uploads\/galerie\/vue-aerienne-piscine-hotel-clef-des-chateaux-1536x1055.webp 1536w\" sizes=\"(max-width: 1800px) 100vw, 1800px\" \/>\t\t\t\t\t\t\t\t\t\t\t\t\t\t\t\t\t\t\t\t\t\t\t\t\t\t\t\t\t\t\t\t<div class=\"eae-grid-overlay fadeIn\">\n\t\t\t\t\t\t\t\t\t\t\t\t<div class=\"eae-grid-overlay-inner\">\n\t\t\t\t\t\t\t\t\t\t\t\t\t<div class=\"eae-icon-wrapper\">\n\t\t\t\t\t\t\t\t\t\t\t\t\t\t\t\t\t\t\t\t\t\t\t\t\t\t\t<\/div>\n\t\t\t\t\t\t\t\t\t\t\t\t\t\t\t\t\t\t\t\t\t\t\t\t\t<\/div>\n\t\t\t\t\t\t\t\t\t\t<\/div>\n\t\t\t\t\t\t\t\t\t\t\t\t\t\t\t\t\t\t\t<\/a>\n\t\t\t\t\t\t\t\t<\/div>\n\t\t\t\t\t\t\t<\/div>\n\t\t\t\t\t\t\t\t\t\t\t\t\t\t<div class=\"eae-gallery-item piscine-espaces-extrieur\">\n\t\t\t\t\t\t\t\t<div class=\"eae-gallery-item-inner\">\n\t\t\t\t\t\t\t\t\t<a href=\"https:\/\/www.hotel-la-clef-des-chateaux.fr\/wp-content\/uploads\/menu-image\/vue-aerienne-hotel-clef-des-chateaux-chambord.webp\" data-elementor-open-lightbox=\"yes\" data-elementor-lightbox-slideshow=\"eae-fg-gallery-25002\" data-elementor-lightbox-title=\"Vue a\u00e9rienne de la piscine - H\u00f4tel La Clef des Ch\u00e2teaux\" data-elementor-lightbox-description=\"D\u00e9couvrez la piscine ext\u00e9rieure et les espaces verts de l&#039;H\u00f4tel La Clef des Ch\u00e2teaux depuis une perspective a\u00e9rienne. Cet espace de d\u00e9tente privil\u00e9gi\u00e9 offre un cadre id\u00e9al pour profiter du soleil et se relaxer en Val de Loire.\" data-e-action-hash=\"#elementor-action%3Aaction%3Dlightbox%26settings%3DeyJpZCI6MTY3MzQsInVybCI6Imh0dHBzOlwvXC93d3cuaG90ZWwtbGEtY2xlZi1kZXMtY2hhdGVhdXguZnJcL3dwLWNvbnRlbnRcL3VwbG9hZHNcL21lbnUtaW1hZ2VcL3Z1ZS1hZXJpZW5uZS1ob3RlbC1jbGVmLWRlcy1jaGF0ZWF1eC1jaGFtYm9yZC53ZWJwIn0%3D\">\n\t\t\t\t\t\t\t\t\t\t\t\t\t\t\t\t\t\t\t\t\t<img loading=\"lazy\" decoding=\"async\" width=\"1500\" height=\"1043\" src=\"https:\/\/www.hotel-la-clef-des-chateaux.fr\/wp-content\/uploads\/menu-image\/vue-aerienne-hotel-clef-des-chateaux-chambord.webp\" class=\"attachment-full size-full\" alt=\"Vue a\u00e9rienne de la piscine ext\u00e9rieure et des espaces verts de l&#039;h\u00f4tel\" srcset=\"https:\/\/www.hotel-la-clef-des-chateaux.fr\/wp-content\/uploads\/menu-image\/vue-aerienne-hotel-clef-des-chateaux-chambord.webp 1500w, https:\/\/www.hotel-la-clef-des-chateaux.fr\/wp-content\/uploads\/menu-image\/vue-aerienne-hotel-clef-des-chateaux-chambord-300x209.webp 300w, https:\/\/www.hotel-la-clef-des-chateaux.fr\/wp-content\/uploads\/menu-image\/vue-aerienne-hotel-clef-des-chateaux-chambord-1024x712.webp 1024w, https:\/\/www.hotel-la-clef-des-chateaux.fr\/wp-content\/uploads\/menu-image\/vue-aerienne-hotel-clef-des-chateaux-chambord-768x534.webp 768w\" sizes=\"(max-width: 1500px) 100vw, 1500px\" \/>\t\t\t\t\t\t\t\t\t\t\t\t\t\t\t\t\t\t\t\t\t\t\t\t\t\t\t\t\t\t\t\t<div class=\"eae-grid-overlay fadeIn\">\n\t\t\t\t\t\t\t\t\t\t\t\t<div class=\"eae-grid-overlay-inner\">\n\t\t\t\t\t\t\t\t\t\t\t\t\t<div class=\"eae-icon-wrapper\">\n\t\t\t\t\t\t\t\t\t\t\t\t\t\t\t\t\t\t\t\t\t\t\t\t\t\t\t<\/div>\n\t\t\t\t\t\t\t\t\t\t\t\t\t\t\t\t\t\t\t\t\t\t\t\t\t<\/div>\n\t\t\t\t\t\t\t\t\t\t<\/div>\n\t\t\t\t\t\t\t\t\t\t\t\t\t\t\t\t\t\t\t<\/a>\n\t\t\t\t\t\t\t\t<\/div>\n\t\t\t\t\t\t\t<\/div>\n\t\t\t\t\t\t\t\t\t\t\t\t\t\t<div class=\"eae-gallery-item piscine-espaces-extrieur\">\n\t\t\t\t\t\t\t\t<div class=\"eae-gallery-item-inner\">\n\t\t\t\t\t\t\t\t\t<a href=\"https:\/\/www.hotel-la-clef-des-chateaux.fr\/wp-content\/uploads\/menu-image\/piscine-terrasse-exterieure-hotel-la-clef-des-chateaux-val-de-loire.webp\" data-elementor-open-lightbox=\"yes\" data-elementor-lightbox-slideshow=\"eae-fg-gallery-25002\" data-elementor-lightbox-title=\"Piscine ext\u00e9rieure &amp; terrasse ensoleill\u00e9e \u2013 H\u00f4tel La Clef des Ch\u00e2teaux, Val de Loire\" data-elementor-lightbox-description=\"Vue drone sur la piscine ext\u00e9rieure de l&#039;H\u00f4tel La Clef des Ch\u00e2teaux : grand bassin aux eaux cristallines entour\u00e9 d&#039;une terrasse en bois avec transats, parasols et espace restauration en plein air. En arri\u00e8re-plan, les b\u00e2timents en pierre et bois de l&#039;h\u00f4tel s&#039;int\u00e8grent harmonieusement dans un cadre verdoyant et apaisant, au c\u0153ur du Val de Loire.\" data-e-action-hash=\"#elementor-action%3Aaction%3Dlightbox%26settings%3DeyJpZCI6MTY0MzUsInVybCI6Imh0dHBzOlwvXC93d3cuaG90ZWwtbGEtY2xlZi1kZXMtY2hhdGVhdXguZnJcL3dwLWNvbnRlbnRcL3VwbG9hZHNcL21lbnUtaW1hZ2VcL3Bpc2NpbmUtdGVycmFzc2UtZXh0ZXJpZXVyZS1ob3RlbC1sYS1jbGVmLWRlcy1jaGF0ZWF1eC12YWwtZGUtbG9pcmUud2VicCJ9\">\n\t\t\t\t\t\t\t\t\t\t\t\t\t\t\t\t\t\t\t\t\t<img loading=\"lazy\" decoding=\"async\" width=\"1800\" height=\"1350\" src=\"https:\/\/www.hotel-la-clef-des-chateaux.fr\/wp-content\/uploads\/menu-image\/piscine-terrasse-exterieure-hotel-la-clef-des-chateaux-val-de-loire.webp\" class=\"attachment-full size-full\" alt=\"Vue a\u00e9rienne de la piscine ext\u00e9rieure et de la terrasse avec transats et parasols de l&#039;H\u00f4tel La Clef des Ch\u00e2teaux\" srcset=\"https:\/\/www.hotel-la-clef-des-chateaux.fr\/wp-content\/uploads\/menu-image\/piscine-terrasse-exterieure-hotel-la-clef-des-chateaux-val-de-loire.webp 1800w, https:\/\/www.hotel-la-clef-des-chateaux.fr\/wp-content\/uploads\/menu-image\/piscine-terrasse-exterieure-hotel-la-clef-des-chateaux-val-de-loire-300x225.webp 300w, https:\/\/www.hotel-la-clef-des-chateaux.fr\/wp-content\/uploads\/menu-image\/piscine-terrasse-exterieure-hotel-la-clef-des-chateaux-val-de-loire-1024x768.webp 1024w, https:\/\/www.hotel-la-clef-des-chateaux.fr\/wp-content\/uploads\/menu-image\/piscine-terrasse-exterieure-hotel-la-clef-des-chateaux-val-de-loire-768x576.webp 768w, https:\/\/www.hotel-la-clef-des-chateaux.fr\/wp-content\/uploads\/menu-image\/piscine-terrasse-exterieure-hotel-la-clef-des-chateaux-val-de-loire-1536x1152.webp 1536w\" sizes=\"(max-width: 1800px) 100vw, 1800px\" \/>\t\t\t\t\t\t\t\t\t\t\t\t\t\t\t\t\t\t\t\t\t\t\t\t\t\t\t\t\t\t\t\t<div class=\"eae-grid-overlay fadeIn\">\n\t\t\t\t\t\t\t\t\t\t\t\t<div class=\"eae-grid-overlay-inner\">\n\t\t\t\t\t\t\t\t\t\t\t\t\t<div class=\"eae-icon-wrapper\">\n\t\t\t\t\t\t\t\t\t\t\t\t\t\t\t\t\t\t\t\t\t\t\t\t\t\t\t<\/div>\n\t\t\t\t\t\t\t\t\t\t\t\t\t\t\t\t\t\t\t\t\t\t\t\t\t<\/div>\n\t\t\t\t\t\t\t\t\t\t<\/div>\n\t\t\t\t\t\t\t\t\t\t\t\t\t\t\t\t\t\t\t<\/a>\n\t\t\t\t\t\t\t\t<\/div>\n\t\t\t\t\t\t\t<\/div>\n\t\t\t\t\t\t\t\t\t\t\t\t\t\t<div class=\"eae-gallery-item piscine-espaces-extrieur\">\n\t\t\t\t\t\t\t\t<div class=\"eae-gallery-item-inner\">\n\t\t\t\t\t\t\t\t\t<a href=\"https:\/\/www.hotel-la-clef-des-chateaux.fr\/wp-content\/uploads\/services\/piscine-hotel-clef-des-chateaux.webp\" data-elementor-open-lightbox=\"yes\" data-elementor-lightbox-slideshow=\"eae-fg-gallery-25002\" data-elementor-lightbox-title=\"Piscine ext\u00e9rieure - H\u00f4tel La Clef des Ch\u00e2teaux\" data-elementor-lightbox-description=\" La piscine ext\u00e9rieure de l&#039;H\u00f4tel La Clef des Ch\u00e2teaux est l&#039;endroit id\u00e9al pour se relaxer lors de votre s\u00e9jour. Entour\u00e9e d&#039;espaces verts am\u00e9nag\u00e9s, elle offre un havre de paix \u00e0 Chambord en Val de Loire.\" data-e-action-hash=\"#elementor-action%3Aaction%3Dlightbox%26settings%3DeyJpZCI6MTY4MTcsInVybCI6Imh0dHBzOlwvXC93d3cuaG90ZWwtbGEtY2xlZi1kZXMtY2hhdGVhdXguZnJcL3dwLWNvbnRlbnRcL3VwbG9hZHNcL3NlcnZpY2VzXC9waXNjaW5lLWhvdGVsLWNsZWYtZGVzLWNoYXRlYXV4LndlYnAifQ%3D%3D\">\n\t\t\t\t\t\t\t\t\t\t\t\t\t\t\t\t\t\t\t\t\t<img loading=\"lazy\" decoding=\"async\" width=\"1800\" height=\"1264\" src=\"https:\/\/www.hotel-la-clef-des-chateaux.fr\/wp-content\/uploads\/services\/piscine-hotel-clef-des-chateaux.webp\" class=\"attachment-full size-full\" alt=\"Piscine ext\u00e9rieure avec espaces verts et am\u00e9nagements de d\u00e9tente\" srcset=\"https:\/\/www.hotel-la-clef-des-chateaux.fr\/wp-content\/uploads\/services\/piscine-hotel-clef-des-chateaux.webp 1800w, https:\/\/www.hotel-la-clef-des-chateaux.fr\/wp-content\/uploads\/services\/piscine-hotel-clef-des-chateaux-300x211.webp 300w, https:\/\/www.hotel-la-clef-des-chateaux.fr\/wp-content\/uploads\/services\/piscine-hotel-clef-des-chateaux-1024x719.webp 1024w, https:\/\/www.hotel-la-clef-des-chateaux.fr\/wp-content\/uploads\/services\/piscine-hotel-clef-des-chateaux-768x539.webp 768w, https:\/\/www.hotel-la-clef-des-chateaux.fr\/wp-content\/uploads\/services\/piscine-hotel-clef-des-chateaux-1536x1079.webp 1536w\" sizes=\"(max-width: 1800px) 100vw, 1800px\" \/>\t\t\t\t\t\t\t\t\t\t\t\t\t\t\t\t\t\t\t\t\t\t\t\t\t\t\t\t\t\t\t\t<div class=\"eae-grid-overlay fadeIn\">\n\t\t\t\t\t\t\t\t\t\t\t\t<div class=\"eae-grid-overlay-inner\">\n\t\t\t\t\t\t\t\t\t\t\t\t\t<div class=\"eae-icon-wrapper\">\n\t\t\t\t\t\t\t\t\t\t\t\t\t\t\t\t\t\t\t\t\t\t\t\t\t\t\t<\/div>\n\t\t\t\t\t\t\t\t\t\t\t\t\t\t\t\t\t\t\t\t\t\t\t\t\t<\/div>\n\t\t\t\t\t\t\t\t\t\t<\/div>\n\t\t\t\t\t\t\t\t\t\t\t\t\t\t\t\t\t\t\t<\/a>\n\t\t\t\t\t\t\t\t<\/div>\n\t\t\t\t\t\t\t<\/div>\n\t\t\t\t\t\t\t\t\t\t\t\t\t\t<div class=\"eae-gallery-item piscine-espaces-extrieur\">\n\t\t\t\t\t\t\t\t<div class=\"eae-gallery-item-inner\">\n\t\t\t\t\t\t\t\t\t<a href=\"https:\/\/www.hotel-la-clef-des-chateaux.fr\/wp-content\/uploads\/galerie\/ping-pong-hotel-clef-des-chateaux.webp\" data-elementor-open-lightbox=\"yes\" data-elementor-lightbox-slideshow=\"eae-fg-gallery-25002\" data-elementor-lightbox-title=\"Table de ping-pong - H\u00f4tel La Clef des Ch\u00e2teaux\" data-elementor-lightbox-description=\"L&#039;H\u00f4tel La Clef des Ch\u00e2teaux vous propose des activit\u00e9s de loisir vari\u00e9es, dont une table de ping-pong pour vous divertir. Un espace de d\u00e9tente et de convivialit\u00e9 en famille ou entre amis \u00e0 Chambord en Val de Loire.\" data-e-action-hash=\"#elementor-action%3Aaction%3Dlightbox%26settings%3DeyJpZCI6MTcxMDMsInVybCI6Imh0dHBzOlwvXC93d3cuaG90ZWwtbGEtY2xlZi1kZXMtY2hhdGVhdXguZnJcL3dwLWNvbnRlbnRcL3VwbG9hZHNcL2dhbGVyaWVcL3BpbmctcG9uZy1ob3RlbC1jbGVmLWRlcy1jaGF0ZWF1eC53ZWJwIn0%3D\">\n\t\t\t\t\t\t\t\t\t\t\t\t\t\t\t\t\t\t\t\t\t<img loading=\"lazy\" decoding=\"async\" width=\"1086\" height=\"1448\" src=\"https:\/\/www.hotel-la-clef-des-chateaux.fr\/wp-content\/uploads\/galerie\/ping-pong-hotel-clef-des-chateaux.webp\" class=\"attachment-full size-full\" alt=\"Table de ping-pong dans les espaces ext\u00e9rieurs de l&#039;h\u00f4tel\" srcset=\"https:\/\/www.hotel-la-clef-des-chateaux.fr\/wp-content\/uploads\/galerie\/ping-pong-hotel-clef-des-chateaux.webp 1086w, https:\/\/www.hotel-la-clef-des-chateaux.fr\/wp-content\/uploads\/galerie\/ping-pong-hotel-clef-des-chateaux-225x300.webp 225w, https:\/\/www.hotel-la-clef-des-chateaux.fr\/wp-content\/uploads\/galerie\/ping-pong-hotel-clef-des-chateaux-768x1024.webp 768w\" sizes=\"(max-width: 1086px) 100vw, 1086px\" \/>\t\t\t\t\t\t\t\t\t\t\t\t\t\t\t\t\t\t\t\t\t\t\t\t\t\t\t\t\t\t\t\t<div class=\"eae-grid-overlay fadeIn\">\n\t\t\t\t\t\t\t\t\t\t\t\t<div class=\"eae-grid-overlay-inner\">\n\t\t\t\t\t\t\t\t\t\t\t\t\t<div class=\"eae-icon-wrapper\">\n\t\t\t\t\t\t\t\t\t\t\t\t\t\t\t\t\t\t\t\t\t\t\t\t\t\t\t<\/div>\n\t\t\t\t\t\t\t\t\t\t\t\t\t\t\t\t\t\t\t\t\t\t\t\t\t<\/div>\n\t\t\t\t\t\t\t\t\t\t<\/div>\n\t\t\t\t\t\t\t\t\t\t\t\t\t\t\t\t\t\t\t<\/a>\n\t\t\t\t\t\t\t\t<\/div>\n\t\t\t\t\t\t\t<\/div>\n\t\t\t\t\t\t\t\t\t\t\t\t\t\t<div class=\"eae-gallery-item piscine-espaces-extrieur\">\n\t\t\t\t\t\t\t\t<div class=\"eae-gallery-item-inner\">\n\t\t\t\t\t\t\t\t\t<a href=\"https:\/\/www.hotel-la-clef-des-chateaux.fr\/wp-content\/uploads\/menu-image\/piscine-hotel-clef-des-chateaux-chambord.webp\" data-elementor-open-lightbox=\"yes\" data-elementor-lightbox-slideshow=\"eae-fg-gallery-25002\" data-elementor-lightbox-title=\"Piscine ext\u00e9rieure - H\u00f4tel La Clef des Ch\u00e2teaux\" data-elementor-lightbox-description=\"Profitez de la piscine ext\u00e9rieure de l&#039;H\u00f4tel La Clef des Ch\u00e2teaux, un espace de d\u00e9tente id\u00e9al pour vous relaxer lors de votre s\u00e9jour. Entour\u00e9e d&#039;espaces verts am\u00e9nag\u00e9s, cette piscine vous invite \u00e0 des moments de bien-\u00eatre en toute tranquillit\u00e9.\" data-e-action-hash=\"#elementor-action%3Aaction%3Dlightbox%26settings%3DeyJpZCI6MTY3MzcsInVybCI6Imh0dHBzOlwvXC93d3cuaG90ZWwtbGEtY2xlZi1kZXMtY2hhdGVhdXguZnJcL3dwLWNvbnRlbnRcL3VwbG9hZHNcL21lbnUtaW1hZ2VcL3Bpc2NpbmUtaG90ZWwtY2xlZi1kZXMtY2hhdGVhdXgtY2hhbWJvcmQud2VicCJ9\">\n\t\t\t\t\t\t\t\t\t\t\t\t\t\t\t\t\t\t\t\t\t<img loading=\"lazy\" decoding=\"async\" width=\"1500\" height=\"1000\" src=\"https:\/\/www.hotel-la-clef-des-chateaux.fr\/wp-content\/uploads\/menu-image\/piscine-hotel-clef-des-chateaux-chambord.webp\" class=\"attachment-full size-full\" alt=\"Piscine ext\u00e9rieure entour\u00e9e d&#039;espaces verts et de chaises longues\" srcset=\"https:\/\/www.hotel-la-clef-des-chateaux.fr\/wp-content\/uploads\/menu-image\/piscine-hotel-clef-des-chateaux-chambord.webp 1500w, https:\/\/www.hotel-la-clef-des-chateaux.fr\/wp-content\/uploads\/menu-image\/piscine-hotel-clef-des-chateaux-chambord-300x200.webp 300w, https:\/\/www.hotel-la-clef-des-chateaux.fr\/wp-content\/uploads\/menu-image\/piscine-hotel-clef-des-chateaux-chambord-1024x683.webp 1024w, https:\/\/www.hotel-la-clef-des-chateaux.fr\/wp-content\/uploads\/menu-image\/piscine-hotel-clef-des-chateaux-chambord-768x512.webp 768w\" sizes=\"(max-width: 1500px) 100vw, 1500px\" \/>\t\t\t\t\t\t\t\t\t\t\t\t\t\t\t\t\t\t\t\t\t\t\t\t\t\t\t\t\t\t\t\t<div class=\"eae-grid-overlay fadeIn\">\n\t\t\t\t\t\t\t\t\t\t\t\t<div class=\"eae-grid-overlay-inner\">\n\t\t\t\t\t\t\t\t\t\t\t\t\t<div class=\"eae-icon-wrapper\">\n\t\t\t\t\t\t\t\t\t\t\t\t\t\t\t\t\t\t\t\t\t\t\t\t\t\t\t<\/div>\n\t\t\t\t\t\t\t\t\t\t\t\t\t\t\t\t\t\t\t\t\t\t\t\t\t<\/div>\n\t\t\t\t\t\t\t\t\t\t<\/div>\n\t\t\t\t\t\t\t\t\t\t\t\t\t\t\t\t\t\t\t<\/a>\n\t\t\t\t\t\t\t\t<\/div>\n\t\t\t\t\t\t\t<\/div>\n\t\t\t\t\t\t\t\t\t\t\t\t\t\t<div class=\"eae-gallery-item piscine-espaces-extrieur\">\n\t\t\t\t\t\t\t\t<div class=\"eae-gallery-item-inner\">\n\t\t\t\t\t\t\t\t\t<a href=\"https:\/\/www.hotel-la-clef-des-chateaux.fr\/wp-content\/uploads\/galerie\/moment-vie-exterieure-hotel-clef-des-chateaux.webp\" data-elementor-open-lightbox=\"yes\" data-elementor-lightbox-slideshow=\"eae-fg-gallery-25002\" data-elementor-lightbox-title=\"Jeu de boules - H\u00f4tel La Clef des Ch\u00e2teaux\" data-elementor-lightbox-description=\"L&#039;H\u00f4tel La Clef des Ch\u00e2teaux vous propose de jouer aux boules dans ses espaces ext\u00e9rieurs. Un loisir convivial et d\u00e9contract\u00e9 pour profiter du cadre naturel \u00e0 Chambord en Val de Loire.\" data-e-action-hash=\"#elementor-action%3Aaction%3Dlightbox%26settings%3DeyJpZCI6MTcxMDYsInVybCI6Imh0dHBzOlwvXC93d3cuaG90ZWwtbGEtY2xlZi1kZXMtY2hhdGVhdXguZnJcL3dwLWNvbnRlbnRcL3VwbG9hZHNcL2dhbGVyaWVcL21vbWVudC12aWUtZXh0ZXJpZXVyZS1ob3RlbC1jbGVmLWRlcy1jaGF0ZWF1eC53ZWJwIn0%3D\">\n\t\t\t\t\t\t\t\t\t\t\t\t\t\t\t\t\t\t\t\t\t<img loading=\"lazy\" decoding=\"async\" width=\"1800\" height=\"1210\" src=\"https:\/\/www.hotel-la-clef-des-chateaux.fr\/wp-content\/uploads\/galerie\/moment-vie-exterieure-hotel-clef-des-chateaux.webp\" class=\"attachment-full size-full\" alt=\"Partie de boules dans les espaces ext\u00e9rieurs de l&#039;h\u00f4tel\" srcset=\"https:\/\/www.hotel-la-clef-des-chateaux.fr\/wp-content\/uploads\/galerie\/moment-vie-exterieure-hotel-clef-des-chateaux.webp 1800w, https:\/\/www.hotel-la-clef-des-chateaux.fr\/wp-content\/uploads\/galerie\/moment-vie-exterieure-hotel-clef-des-chateaux-300x202.webp 300w, https:\/\/www.hotel-la-clef-des-chateaux.fr\/wp-content\/uploads\/galerie\/moment-vie-exterieure-hotel-clef-des-chateaux-1024x688.webp 1024w, https:\/\/www.hotel-la-clef-des-chateaux.fr\/wp-content\/uploads\/galerie\/moment-vie-exterieure-hotel-clef-des-chateaux-768x516.webp 768w, https:\/\/www.hotel-la-clef-des-chateaux.fr\/wp-content\/uploads\/galerie\/moment-vie-exterieure-hotel-clef-des-chateaux-1536x1033.webp 1536w\" sizes=\"(max-width: 1800px) 100vw, 1800px\" \/>\t\t\t\t\t\t\t\t\t\t\t\t\t\t\t\t\t\t\t\t\t\t\t\t\t\t\t\t\t\t\t\t<div class=\"eae-grid-overlay fadeIn\">\n\t\t\t\t\t\t\t\t\t\t\t\t<div class=\"eae-grid-overlay-inner\">\n\t\t\t\t\t\t\t\t\t\t\t\t\t<div class=\"eae-icon-wrapper\">\n\t\t\t\t\t\t\t\t\t\t\t\t\t\t\t\t\t\t\t\t\t\t\t\t\t\t\t<\/div>\n\t\t\t\t\t\t\t\t\t\t\t\t\t\t\t\t\t\t\t\t\t\t\t\t\t<\/div>\n\t\t\t\t\t\t\t\t\t\t<\/div>\n\t\t\t\t\t\t\t\t\t\t\t\t\t\t\t\t\t\t\t<\/a>\n\t\t\t\t\t\t\t\t<\/div>\n\t\t\t\t\t\t\t<\/div>\n\t\t\t\t\t\t\t\t\t\t\t\t\t\t<div class=\"eae-gallery-item sminaires\">\n\t\t\t\t\t\t\t\t<div class=\"eae-gallery-item-inner\">\n\t\t\t\t\t\t\t\t\t<a href=\"https:\/\/www.hotel-la-clef-des-chateaux.fr\/wp-content\/uploads\/menu-image\/salle-seminaire-hotel-la-clef-des-chateaux-val-de-loire.webp\" data-elementor-open-lightbox=\"yes\" data-elementor-lightbox-slideshow=\"eae-fg-gallery-25002\" data-elementor-lightbox-title=\"Salle de s\u00e9minaire \u2013 H\u00f4tel La Clef des Ch\u00e2teaux &amp; Le 1519, Val de Loire\" data-elementor-lightbox-description=\"Salle de s\u00e9minaire de l&#039;H\u00f4tel La Clef des Ch\u00e2teaux, am\u00e9nag\u00e9e en configuration th\u00e9\u00e2tre avec chaises blanches modernes, \u00e9cran de projection, tableau blanc et paperboard. Charpente en bois apparente, parquet point de Hongrie et luminaires design en anneaux lumineux cr\u00e9ent un cadre \u00e0 la fois professionnel et chaleureux pour vos r\u00e9unions, formations et \u00e9v\u00e9nements d&#039;entreprise en Val de Loire.\" data-e-action-hash=\"#elementor-action%3Aaction%3Dlightbox%26settings%3DeyJpZCI6MTY0MjksInVybCI6Imh0dHBzOlwvXC93d3cuaG90ZWwtbGEtY2xlZi1kZXMtY2hhdGVhdXguZnJcL3dwLWNvbnRlbnRcL3VwbG9hZHNcL21lbnUtaW1hZ2VcL3NhbGxlLXNlbWluYWlyZS1ob3RlbC1sYS1jbGVmLWRlcy1jaGF0ZWF1eC12YWwtZGUtbG9pcmUud2VicCJ9\">\n\t\t\t\t\t\t\t\t\t\t\t\t\t\t\t\t\t\t\t\t\t<img loading=\"lazy\" decoding=\"async\" width=\"1000\" height=\"1200\" src=\"https:\/\/www.hotel-la-clef-des-chateaux.fr\/wp-content\/uploads\/menu-image\/salle-seminaire-hotel-la-clef-des-chateaux-val-de-loire.webp\" class=\"attachment-full size-full\" alt=\"Salle de s\u00e9minaire de l&#039;H\u00f4tel La Clef des Ch\u00e2teaux en configuration th\u00e9\u00e2tre avec \u00e9cran de projection et poutres apparentes\" srcset=\"https:\/\/www.hotel-la-clef-des-chateaux.fr\/wp-content\/uploads\/menu-image\/salle-seminaire-hotel-la-clef-des-chateaux-val-de-loire.webp 1000w, https:\/\/www.hotel-la-clef-des-chateaux.fr\/wp-content\/uploads\/menu-image\/salle-seminaire-hotel-la-clef-des-chateaux-val-de-loire-250x300.webp 250w, https:\/\/www.hotel-la-clef-des-chateaux.fr\/wp-content\/uploads\/menu-image\/salle-seminaire-hotel-la-clef-des-chateaux-val-de-loire-853x1024.webp 853w, https:\/\/www.hotel-la-clef-des-chateaux.fr\/wp-content\/uploads\/menu-image\/salle-seminaire-hotel-la-clef-des-chateaux-val-de-loire-768x922.webp 768w\" sizes=\"(max-width: 1000px) 100vw, 1000px\" \/>\t\t\t\t\t\t\t\t\t\t\t\t\t\t\t\t\t\t\t\t\t\t\t\t\t\t\t\t\t\t\t\t<div class=\"eae-grid-overlay fadeIn\">\n\t\t\t\t\t\t\t\t\t\t\t\t<div class=\"eae-grid-overlay-inner\">\n\t\t\t\t\t\t\t\t\t\t\t\t\t<div class=\"eae-icon-wrapper\">\n\t\t\t\t\t\t\t\t\t\t\t\t\t\t\t\t\t\t\t\t\t\t\t\t\t\t\t<\/div>\n\t\t\t\t\t\t\t\t\t\t\t\t\t\t\t\t\t\t\t\t\t\t\t\t\t<\/div>\n\t\t\t\t\t\t\t\t\t\t<\/div>\n\t\t\t\t\t\t\t\t\t\t\t\t\t\t\t\t\t\t\t<\/a>\n\t\t\t\t\t\t\t\t<\/div>\n\t\t\t\t\t\t\t<\/div>\n\t\t\t\t\t\t\t\t\t\t\t\t\t\t<div class=\"eae-gallery-item sminaires\">\n\t\t\t\t\t\t\t\t<div class=\"eae-gallery-item-inner\">\n\t\t\t\t\t\t\t\t\t<a href=\"https:\/\/www.hotel-la-clef-des-chateaux.fr\/wp-content\/uploads\/galerie\/seminaire-region-loire.webp\" data-elementor-open-lightbox=\"yes\" data-elementor-lightbox-slideshow=\"eae-fg-gallery-25002\" data-elementor-lightbox-title=\"S\u00e9minaire en Val de Loire - H\u00f4tel La Clef des Ch\u00e2teaux\" data-elementor-lightbox-description=\"L&#039;H\u00f4tel La Clef des Ch\u00e2teaux accueille vos s\u00e9minaires et \u00e9v\u00e9nements professionnels \u00e0 Chambord en Val de Loire. Nos salles \u00e9quip\u00e9es et notre \u00e9quipe d\u00e9vou\u00e9e cr\u00e9ent un environnement id\u00e9al pour vos r\u00e9unions d&#039;affaires et formations.\" data-e-action-hash=\"#elementor-action%3Aaction%3Dlightbox%26settings%3DeyJpZCI6MTcxMjQsInVybCI6Imh0dHBzOlwvXC93d3cuaG90ZWwtbGEtY2xlZi1kZXMtY2hhdGVhdXguZnJcL3dwLWNvbnRlbnRcL3VwbG9hZHNcL2dhbGVyaWVcL3NlbWluYWlyZS1yZWdpb24tbG9pcmUud2VicCJ9\">\n\t\t\t\t\t\t\t\t\t\t\t\t\t\t\t\t\t\t\t\t\t<img loading=\"lazy\" decoding=\"async\" width=\"1800\" height=\"1350\" src=\"https:\/\/www.hotel-la-clef-des-chateaux.fr\/wp-content\/uploads\/galerie\/seminaire-region-loire.webp\" class=\"attachment-full size-full\" alt=\"Groupe de participants lors d&#039;un s\u00e9minaire en salle\" srcset=\"https:\/\/www.hotel-la-clef-des-chateaux.fr\/wp-content\/uploads\/galerie\/seminaire-region-loire.webp 1800w, https:\/\/www.hotel-la-clef-des-chateaux.fr\/wp-content\/uploads\/galerie\/seminaire-region-loire-300x225.webp 300w, https:\/\/www.hotel-la-clef-des-chateaux.fr\/wp-content\/uploads\/galerie\/seminaire-region-loire-1024x768.webp 1024w, https:\/\/www.hotel-la-clef-des-chateaux.fr\/wp-content\/uploads\/galerie\/seminaire-region-loire-768x576.webp 768w, https:\/\/www.hotel-la-clef-des-chateaux.fr\/wp-content\/uploads\/galerie\/seminaire-region-loire-1536x1152.webp 1536w\" sizes=\"(max-width: 1800px) 100vw, 1800px\" \/>\t\t\t\t\t\t\t\t\t\t\t\t\t\t\t\t\t\t\t\t\t\t\t\t\t\t\t\t\t\t\t\t<div class=\"eae-grid-overlay fadeIn\">\n\t\t\t\t\t\t\t\t\t\t\t\t<div class=\"eae-grid-overlay-inner\">\n\t\t\t\t\t\t\t\t\t\t\t\t\t<div class=\"eae-icon-wrapper\">\n\t\t\t\t\t\t\t\t\t\t\t\t\t\t\t\t\t\t\t\t\t\t\t\t\t\t\t<\/div>\n\t\t\t\t\t\t\t\t\t\t\t\t\t\t\t\t\t\t\t\t\t\t\t\t\t<\/div>\n\t\t\t\t\t\t\t\t\t\t<\/div>\n\t\t\t\t\t\t\t\t\t\t\t\t\t\t\t\t\t\t\t<\/a>\n\t\t\t\t\t\t\t\t<\/div>\n\t\t\t\t\t\t\t<\/div>\n\t\t\t\t\t\t\t\t\t\t\t\t\t\t<div class=\"eae-gallery-item sminaires\">\n\t\t\t\t\t\t\t\t<div class=\"eae-gallery-item-inner\">\n\t\t\t\t\t\t\t\t\t<a href=\"https:\/\/www.hotel-la-clef-des-chateaux.fr\/wp-content\/uploads\/services\/seminaire-classe-chambord-hotel-clef-des-chateaux-salle-chambord.webp\" data-elementor-open-lightbox=\"yes\" data-elementor-lightbox-slideshow=\"eae-fg-gallery-25002\" data-elementor-lightbox-title=\"Salle de s\u00e9minaire et classe - H\u00f4tel La Clef des Ch\u00e2teaux\" data-elementor-lightbox-description=\"L&#039;H\u00f4tel La Clef des Ch\u00e2teaux met \u00e0 votre disposition des salles de s\u00e9minaire et de classe modernes et bien am\u00e9nag\u00e9es. Id\u00e9ales pour vos formations, r\u00e9unions professionnelles et \u00e9v\u00e9nements d&#039;entreprise \u00e0 Chambord en Val de Loire.\" data-e-action-hash=\"#elementor-action%3Aaction%3Dlightbox%26settings%3DeyJpZCI6MTY4MjAsInVybCI6Imh0dHBzOlwvXC93d3cuaG90ZWwtbGEtY2xlZi1kZXMtY2hhdGVhdXguZnJcL3dwLWNvbnRlbnRcL3VwbG9hZHNcL3NlcnZpY2VzXC9zZW1pbmFpcmUtY2xhc3NlLWNoYW1ib3JkLWhvdGVsLWNsZWYtZGVzLWNoYXRlYXV4LXNhbGxlLWNoYW1ib3JkLndlYnAifQ%3D%3D\">\n\t\t\t\t\t\t\t\t\t\t\t\t\t\t\t\t\t\t\t\t\t<img loading=\"lazy\" decoding=\"async\" width=\"1800\" height=\"1200\" src=\"https:\/\/www.hotel-la-clef-des-chateaux.fr\/wp-content\/uploads\/services\/seminaire-classe-chambord-hotel-clef-des-chateaux-salle-chambord.webp\" class=\"attachment-full size-full\" alt=\"Salle de s\u00e9minaire \u00e9quip\u00e9e avec tables et chaises pour formations et \u00e9v\u00e9nements professionnels\" srcset=\"https:\/\/www.hotel-la-clef-des-chateaux.fr\/wp-content\/uploads\/services\/seminaire-classe-chambord-hotel-clef-des-chateaux-salle-chambord.webp 1800w, https:\/\/www.hotel-la-clef-des-chateaux.fr\/wp-content\/uploads\/services\/seminaire-classe-chambord-hotel-clef-des-chateaux-salle-chambord-300x200.webp 300w, https:\/\/www.hotel-la-clef-des-chateaux.fr\/wp-content\/uploads\/services\/seminaire-classe-chambord-hotel-clef-des-chateaux-salle-chambord-1024x683.webp 1024w, https:\/\/www.hotel-la-clef-des-chateaux.fr\/wp-content\/uploads\/services\/seminaire-classe-chambord-hotel-clef-des-chateaux-salle-chambord-768x512.webp 768w, https:\/\/www.hotel-la-clef-des-chateaux.fr\/wp-content\/uploads\/services\/seminaire-classe-chambord-hotel-clef-des-chateaux-salle-chambord-1536x1024.webp 1536w\" sizes=\"(max-width: 1800px) 100vw, 1800px\" \/>\t\t\t\t\t\t\t\t\t\t\t\t\t\t\t\t\t\t\t\t\t\t\t\t\t\t\t\t\t\t\t\t<div class=\"eae-grid-overlay fadeIn\">\n\t\t\t\t\t\t\t\t\t\t\t\t<div class=\"eae-grid-overlay-inner\">\n\t\t\t\t\t\t\t\t\t\t\t\t\t<div class=\"eae-icon-wrapper\">\n\t\t\t\t\t\t\t\t\t\t\t\t\t\t\t\t\t\t\t\t\t\t\t\t\t\t\t<\/div>\n\t\t\t\t\t\t\t\t\t\t\t\t\t\t\t\t\t\t\t\t\t\t\t\t\t<\/div>\n\t\t\t\t\t\t\t\t\t\t<\/div>\n\t\t\t\t\t\t\t\t\t\t\t\t\t\t\t\t\t\t\t<\/a>\n\t\t\t\t\t\t\t\t<\/div>\n\t\t\t\t\t\t\t<\/div>\n\t\t\t\t\t\t\t\t\t\t\t\t\t\t<div class=\"eae-gallery-item sminaires\">\n\t\t\t\t\t\t\t\t<div class=\"eae-gallery-item-inner\">\n\t\t\t\t\t\t\t\t\t<a href=\"https:\/\/www.hotel-la-clef-des-chateaux.fr\/wp-content\/uploads\/galerie\/hotel-clef-des-chateaux-salle-reunion-proche-chambord.webp\" data-elementor-open-lightbox=\"yes\" data-elementor-lightbox-slideshow=\"eae-fg-gallery-25002\" data-elementor-lightbox-title=\"Salle de r\u00e9union - H\u00f4tel La Clef des Ch\u00e2teaux\" data-elementor-lightbox-description=\"L&#039;H\u00f4tel La Clef des Ch\u00e2teaux met \u00e0 votre disposition des salles de r\u00e9union modernes et bien \u00e9quip\u00e9es. Id\u00e9ales pour vos r\u00e9unions professionnelles et \u00e9v\u00e9nements d&#039;entreprise pr\u00e8s de Chambord en Val de Loire.\" data-e-action-hash=\"#elementor-action%3Aaction%3Dlightbox%26settings%3DeyJpZCI6MTcxMjcsInVybCI6Imh0dHBzOlwvXC93d3cuaG90ZWwtbGEtY2xlZi1kZXMtY2hhdGVhdXguZnJcL3dwLWNvbnRlbnRcL3VwbG9hZHNcL2dhbGVyaWVcL2hvdGVsLWNsZWYtZGVzLWNoYXRlYXV4LXNhbGxlLXJldW5pb24tcHJvY2hlLWNoYW1ib3JkLndlYnAifQ%3D%3D\">\n\t\t\t\t\t\t\t\t\t\t\t\t\t\t\t\t\t\t\t\t\t<img loading=\"lazy\" decoding=\"async\" width=\"1800\" height=\"1350\" src=\"https:\/\/www.hotel-la-clef-des-chateaux.fr\/wp-content\/uploads\/galerie\/hotel-clef-des-chateaux-salle-reunion-proche-chambord.webp\" class=\"attachment-full size-full\" alt=\"Salle de r\u00e9union \u00e9quip\u00e9e avec table et chaises pour \u00e9v\u00e9nements professionnels\" srcset=\"https:\/\/www.hotel-la-clef-des-chateaux.fr\/wp-content\/uploads\/galerie\/hotel-clef-des-chateaux-salle-reunion-proche-chambord.webp 1800w, https:\/\/www.hotel-la-clef-des-chateaux.fr\/wp-content\/uploads\/galerie\/hotel-clef-des-chateaux-salle-reunion-proche-chambord-300x225.webp 300w, https:\/\/www.hotel-la-clef-des-chateaux.fr\/wp-content\/uploads\/galerie\/hotel-clef-des-chateaux-salle-reunion-proche-chambord-1024x768.webp 1024w, https:\/\/www.hotel-la-clef-des-chateaux.fr\/wp-content\/uploads\/galerie\/hotel-clef-des-chateaux-salle-reunion-proche-chambord-768x576.webp 768w, https:\/\/www.hotel-la-clef-des-chateaux.fr\/wp-content\/uploads\/galerie\/hotel-clef-des-chateaux-salle-reunion-proche-chambord-1536x1152.webp 1536w\" sizes=\"(max-width: 1800px) 100vw, 1800px\" \/>\t\t\t\t\t\t\t\t\t\t\t\t\t\t\t\t\t\t\t\t\t\t\t\t\t\t\t\t\t\t\t\t<div class=\"eae-grid-overlay fadeIn\">\n\t\t\t\t\t\t\t\t\t\t\t\t<div class=\"eae-grid-overlay-inner\">\n\t\t\t\t\t\t\t\t\t\t\t\t\t<div class=\"eae-icon-wrapper\">\n\t\t\t\t\t\t\t\t\t\t\t\t\t\t\t\t\t\t\t\t\t\t\t\t\t\t\t<\/div>\n\t\t\t\t\t\t\t\t\t\t\t\t\t\t\t\t\t\t\t\t\t\t\t\t\t<\/div>\n\t\t\t\t\t\t\t\t\t\t<\/div>\n\t\t\t\t\t\t\t\t\t\t\t\t\t\t\t\t\t\t\t<\/a>\n\t\t\t\t\t\t\t\t<\/div>\n\t\t\t\t\t\t\t<\/div>\n\t\t\t\t\t\t\t\t\t\t\t\t\t\t<div class=\"eae-gallery-item sminaires\">\n\t\t\t\t\t\t\t\t<div class=\"eae-gallery-item-inner\">\n\t\t\t\t\t\t\t\t\t<a href=\"https:\/\/www.hotel-la-clef-des-chateaux.fr\/wp-content\/uploads\/galerie\/hotel-clef-des-chateaux-salle-reunion-proche-blois.webp\" data-elementor-open-lightbox=\"yes\" data-elementor-lightbox-slideshow=\"eae-fg-gallery-25002\" data-elementor-lightbox-title=\"Salle de s\u00e9minaire - H\u00f4tel La Clef des Ch\u00e2teaux\" data-elementor-lightbox-description=\"L&#039;H\u00f4tel La Clef des Ch\u00e2teaux propose des salles de s\u00e9minaire spacieuses et \u00e9quip\u00e9es pour vos formations et \u00e9v\u00e9nements d&#039;entreprise. Situ\u00e9es \u00e0 proximit\u00e9 de Blois et Chambord en Val de Loire, elles offrent un cadre professionnel id\u00e9al.\" data-e-action-hash=\"#elementor-action%3Aaction%3Dlightbox%26settings%3DeyJpZCI6MTcxNDQsInVybCI6Imh0dHBzOlwvXC93d3cuaG90ZWwtbGEtY2xlZi1kZXMtY2hhdGVhdXguZnJcL3dwLWNvbnRlbnRcL3VwbG9hZHNcL2dhbGVyaWVcL2hvdGVsLWNsZWYtZGVzLWNoYXRlYXV4LXNhbGxlLXJldW5pb24tcHJvY2hlLWJsb2lzLndlYnAifQ%3D%3D\">\n\t\t\t\t\t\t\t\t\t\t\t\t\t\t\t\t\t\t\t\t\t<img loading=\"lazy\" decoding=\"async\" width=\"1350\" height=\"1800\" src=\"https:\/\/www.hotel-la-clef-des-chateaux.fr\/wp-content\/uploads\/galerie\/hotel-clef-des-chateaux-salle-reunion-proche-blois.webp\" class=\"attachment-full size-full\" alt=\"Salle de s\u00e9minaire am\u00e9nag\u00e9e pour \u00e9v\u00e9nements professionnels et formations\" srcset=\"https:\/\/www.hotel-la-clef-des-chateaux.fr\/wp-content\/uploads\/galerie\/hotel-clef-des-chateaux-salle-reunion-proche-blois.webp 1350w, https:\/\/www.hotel-la-clef-des-chateaux.fr\/wp-content\/uploads\/galerie\/hotel-clef-des-chateaux-salle-reunion-proche-blois-225x300.webp 225w, https:\/\/www.hotel-la-clef-des-chateaux.fr\/wp-content\/uploads\/galerie\/hotel-clef-des-chateaux-salle-reunion-proche-blois-768x1024.webp 768w, https:\/\/www.hotel-la-clef-des-chateaux.fr\/wp-content\/uploads\/galerie\/hotel-clef-des-chateaux-salle-reunion-proche-blois-1152x1536.webp 1152w\" sizes=\"(max-width: 1350px) 100vw, 1350px\" \/>\t\t\t\t\t\t\t\t\t\t\t\t\t\t\t\t\t\t\t\t\t\t\t\t\t\t\t\t\t\t\t\t<div class=\"eae-grid-overlay fadeIn\">\n\t\t\t\t\t\t\t\t\t\t\t\t<div class=\"eae-grid-overlay-inner\">\n\t\t\t\t\t\t\t\t\t\t\t\t\t<div class=\"eae-icon-wrapper\">\n\t\t\t\t\t\t\t\t\t\t\t\t\t\t\t\t\t\t\t\t\t\t\t\t\t\t\t<\/div>\n\t\t\t\t\t\t\t\t\t\t\t\t\t\t\t\t\t\t\t\t\t\t\t\t\t<\/div>\n\t\t\t\t\t\t\t\t\t\t<\/div>\n\t\t\t\t\t\t\t\t\t\t\t\t\t\t\t\t\t\t\t<\/a>\n\t\t\t\t\t\t\t\t<\/div>\n\t\t\t\t\t\t\t<\/div>\n\t\t\t\t\t\t\t\t\t\t\t\t\t\t<div class=\"eae-gallery-item sminaires\">\n\t\t\t\t\t\t\t\t<div class=\"eae-gallery-item-inner\">\n\t\t\t\t\t\t\t\t\t<a href=\"https:\/\/www.hotel-la-clef-des-chateaux.fr\/wp-content\/uploads\/galerie\/salle-reunion-proche-blois-la-clef-des-chateaux.webp\" data-elementor-open-lightbox=\"yes\" data-elementor-lightbox-slideshow=\"eae-fg-gallery-25002\" data-elementor-lightbox-title=\"Salle de r\u00e9union - H\u00f4tel La Clef des Ch\u00e2teaux\" data-elementor-lightbox-description=\"Proche Blois, La Salle Chambord peut accueillir 50 personnes, id\u00e9al mariages, r\u00e9unions, weekend team-building, dans un h\u00f4tel avec piscine, restaurant et bar\" data-e-action-hash=\"#elementor-action%3Aaction%3Dlightbox%26settings%3DeyJpZCI6MTcxNTQsInVybCI6Imh0dHBzOlwvXC93d3cuaG90ZWwtbGEtY2xlZi1kZXMtY2hhdGVhdXguZnJcL3dwLWNvbnRlbnRcL3VwbG9hZHNcL2dhbGVyaWVcL3NhbGxlLXJldW5pb24tcHJvY2hlLWJsb2lzLWxhLWNsZWYtZGVzLWNoYXRlYXV4LndlYnAifQ%3D%3D\">\n\t\t\t\t\t\t\t\t\t\t\t\t\t\t\t\t\t\t\t\t\t<img loading=\"lazy\" decoding=\"async\" width=\"1800\" height=\"1350\" src=\"https:\/\/www.hotel-la-clef-des-chateaux.fr\/wp-content\/uploads\/galerie\/salle-reunion-proche-blois-la-clef-des-chateaux.webp\" class=\"attachment-full size-full\" alt=\"Proche Blois, La Salle Chambord peut accueillir 50 personnes, id\u00e9al mariages, r\u00e9unions, weekend team-building, dans un h\u00f4tel avec piscine, restaurant et bar\" srcset=\"https:\/\/www.hotel-la-clef-des-chateaux.fr\/wp-content\/uploads\/galerie\/salle-reunion-proche-blois-la-clef-des-chateaux.webp 1800w, https:\/\/www.hotel-la-clef-des-chateaux.fr\/wp-content\/uploads\/galerie\/salle-reunion-proche-blois-la-clef-des-chateaux-300x225.webp 300w, https:\/\/www.hotel-la-clef-des-chateaux.fr\/wp-content\/uploads\/galerie\/salle-reunion-proche-blois-la-clef-des-chateaux-1024x768.webp 1024w, https:\/\/www.hotel-la-clef-des-chateaux.fr\/wp-content\/uploads\/galerie\/salle-reunion-proche-blois-la-clef-des-chateaux-768x576.webp 768w, https:\/\/www.hotel-la-clef-des-chateaux.fr\/wp-content\/uploads\/galerie\/salle-reunion-proche-blois-la-clef-des-chateaux-1536x1152.webp 1536w\" sizes=\"(max-width: 1800px) 100vw, 1800px\" \/>\t\t\t\t\t\t\t\t\t\t\t\t\t\t\t\t\t\t\t\t\t\t\t\t\t\t\t\t\t\t\t\t<div class=\"eae-grid-overlay fadeIn\">\n\t\t\t\t\t\t\t\t\t\t\t\t<div class=\"eae-grid-overlay-inner\">\n\t\t\t\t\t\t\t\t\t\t\t\t\t<div class=\"eae-icon-wrapper\">\n\t\t\t\t\t\t\t\t\t\t\t\t\t\t\t\t\t\t\t\t\t\t\t\t\t\t\t<\/div>\n\t\t\t\t\t\t\t\t\t\t\t\t\t\t\t\t\t\t\t\t\t\t\t\t\t<\/div>\n\t\t\t\t\t\t\t\t\t\t<\/div>\n\t\t\t\t\t\t\t\t\t\t\t\t\t\t\t\t\t\t\t<\/a>\n\t\t\t\t\t\t\t\t<\/div>\n\t\t\t\t\t\t\t<\/div>\n\t\t\t\t\t\t\t\t\t\t\t\t\t\t<div class=\"eae-gallery-item sminaires\">\n\t\t\t\t\t\t\t\t<div class=\"eae-gallery-item-inner\">\n\t\t\t\t\t\t\t\t\t<a href=\"https:\/\/www.hotel-la-clef-des-chateaux.fr\/wp-content\/uploads\/galerie\/hotel-la-clef-des-chateaux-3km-chambord-salle-reunion.webp\" data-elementor-open-lightbox=\"yes\" data-elementor-lightbox-slideshow=\"eae-fg-gallery-25002\" data-elementor-lightbox-title=\"hotel-la-clef-des-chateaux-3km-chambord-salle-reunion\" data-elementor-lightbox-description=\"Proche Blois, La Salle Chambord peut accueillir 50 personnes, id\u00e9al mariages, r\u00e9unions, weekend team-building, dans un h\u00f4tel avec piscine, restaurant et bar\" data-e-action-hash=\"#elementor-action%3Aaction%3Dlightbox%26settings%3DeyJpZCI6MTcxNTcsInVybCI6Imh0dHBzOlwvXC93d3cuaG90ZWwtbGEtY2xlZi1kZXMtY2hhdGVhdXguZnJcL3dwLWNvbnRlbnRcL3VwbG9hZHNcL2dhbGVyaWVcL2hvdGVsLWxhLWNsZWYtZGVzLWNoYXRlYXV4LTNrbS1jaGFtYm9yZC1zYWxsZS1yZXVuaW9uLndlYnAifQ%3D%3D\">\n\t\t\t\t\t\t\t\t\t\t\t\t\t\t\t\t\t\t\t\t\t<img loading=\"lazy\" decoding=\"async\" width=\"1800\" height=\"1350\" src=\"https:\/\/www.hotel-la-clef-des-chateaux.fr\/wp-content\/uploads\/galerie\/hotel-la-clef-des-chateaux-3km-chambord-salle-reunion.webp\" class=\"attachment-full size-full\" alt=\"\" srcset=\"https:\/\/www.hotel-la-clef-des-chateaux.fr\/wp-content\/uploads\/galerie\/hotel-la-clef-des-chateaux-3km-chambord-salle-reunion.webp 1800w, https:\/\/www.hotel-la-clef-des-chateaux.fr\/wp-content\/uploads\/galerie\/hotel-la-clef-des-chateaux-3km-chambord-salle-reunion-300x225.webp 300w, https:\/\/www.hotel-la-clef-des-chateaux.fr\/wp-content\/uploads\/galerie\/hotel-la-clef-des-chateaux-3km-chambord-salle-reunion-1024x768.webp 1024w, https:\/\/www.hotel-la-clef-des-chateaux.fr\/wp-content\/uploads\/galerie\/hotel-la-clef-des-chateaux-3km-chambord-salle-reunion-768x576.webp 768w, https:\/\/www.hotel-la-clef-des-chateaux.fr\/wp-content\/uploads\/galerie\/hotel-la-clef-des-chateaux-3km-chambord-salle-reunion-1536x1152.webp 1536w\" sizes=\"(max-width: 1800px) 100vw, 1800px\" \/>\t\t\t\t\t\t\t\t\t\t\t\t\t\t\t\t\t\t\t\t\t\t\t\t\t\t\t\t\t\t\t\t<div class=\"eae-grid-overlay fadeIn\">\n\t\t\t\t\t\t\t\t\t\t\t\t<div class=\"eae-grid-overlay-inner\">\n\t\t\t\t\t\t\t\t\t\t\t\t\t<div class=\"eae-icon-wrapper\">\n\t\t\t\t\t\t\t\t\t\t\t\t\t\t\t\t\t\t\t\t\t\t\t\t\t\t\t<\/div>\n\t\t\t\t\t\t\t\t\t\t\t\t\t\t\t\t\t\t\t\t\t\t\t\t\t<\/div>\n\t\t\t\t\t\t\t\t\t\t<\/div>\n\t\t\t\t\t\t\t\t\t\t\t\t\t\t\t\t\t\t\t<\/a>\n\t\t\t\t\t\t\t\t<\/div>\n\t\t\t\t\t\t\t<\/div>\n\t\t\t\t\t\t\t\t\t\t\t\t\t\t<div class=\"eae-gallery-item sminaires\">\n\t\t\t\t\t\t\t\t<div class=\"eae-gallery-item-inner\">\n\t\t\t\t\t\t\t\t\t<a href=\"https:\/\/www.hotel-la-clef-des-chateaux.fr\/wp-content\/uploads\/galerie\/hotel-la-clef-des-chateaux-3km-chambord-salle-reunion-maslives.webp\" data-elementor-open-lightbox=\"yes\" data-elementor-lightbox-slideshow=\"eae-fg-gallery-25002\" data-elementor-lightbox-title=\"R\u00e9ceptions, mariages, s\u00e9jours d&#039;affaires : salle de r\u00e9union, restaurant et bar, H\u00f4tel avec piscine, \u00e0 15 minutes de Blois\" data-elementor-lightbox-description=\"R\u00e9ceptions, mariages, s\u00e9jours d&#039;affaires : salle de r\u00e9union, restaurant et bar, H\u00f4tel avec piscine, \u00e0 15 minutes de Blois\" data-e-action-hash=\"#elementor-action%3Aaction%3Dlightbox%26settings%3DeyJpZCI6MTcxNjAsInVybCI6Imh0dHBzOlwvXC93d3cuaG90ZWwtbGEtY2xlZi1kZXMtY2hhdGVhdXguZnJcL3dwLWNvbnRlbnRcL3VwbG9hZHNcL2dhbGVyaWVcL2hvdGVsLWxhLWNsZWYtZGVzLWNoYXRlYXV4LTNrbS1jaGFtYm9yZC1zYWxsZS1yZXVuaW9uLW1hc2xpdmVzLndlYnAifQ%3D%3D\">\n\t\t\t\t\t\t\t\t\t\t\t\t\t\t\t\t\t\t\t\t\t<img loading=\"lazy\" decoding=\"async\" width=\"1800\" height=\"1350\" src=\"https:\/\/www.hotel-la-clef-des-chateaux.fr\/wp-content\/uploads\/galerie\/hotel-la-clef-des-chateaux-3km-chambord-salle-reunion-maslives.webp\" class=\"attachment-full size-full\" alt=\"R\u00e9ceptions, mariages, s\u00e9jours d&#039;affaires : salle de r\u00e9union, restaurant et bar, H\u00f4tel avec piscine, \u00e0 15 minutes de Blois\" srcset=\"https:\/\/www.hotel-la-clef-des-chateaux.fr\/wp-content\/uploads\/galerie\/hotel-la-clef-des-chateaux-3km-chambord-salle-reunion-maslives.webp 1800w, https:\/\/www.hotel-la-clef-des-chateaux.fr\/wp-content\/uploads\/galerie\/hotel-la-clef-des-chateaux-3km-chambord-salle-reunion-maslives-300x225.webp 300w, https:\/\/www.hotel-la-clef-des-chateaux.fr\/wp-content\/uploads\/galerie\/hotel-la-clef-des-chateaux-3km-chambord-salle-reunion-maslives-1024x768.webp 1024w, https:\/\/www.hotel-la-clef-des-chateaux.fr\/wp-content\/uploads\/galerie\/hotel-la-clef-des-chateaux-3km-chambord-salle-reunion-maslives-768x576.webp 768w, https:\/\/www.hotel-la-clef-des-chateaux.fr\/wp-content\/uploads\/galerie\/hotel-la-clef-des-chateaux-3km-chambord-salle-reunion-maslives-1536x1152.webp 1536w\" sizes=\"(max-width: 1800px) 100vw, 1800px\" \/>\t\t\t\t\t\t\t\t\t\t\t\t\t\t\t\t\t\t\t\t\t\t\t\t\t\t\t\t\t\t\t\t<div class=\"eae-grid-overlay fadeIn\">\n\t\t\t\t\t\t\t\t\t\t\t\t<div class=\"eae-grid-overlay-inner\">\n\t\t\t\t\t\t\t\t\t\t\t\t\t<div class=\"eae-icon-wrapper\">\n\t\t\t\t\t\t\t\t\t\t\t\t\t\t\t\t\t\t\t\t\t\t\t\t\t\t\t<\/div>\n\t\t\t\t\t\t\t\t\t\t\t\t\t\t\t\t\t\t\t\t\t\t\t\t\t<\/div>\n\t\t\t\t\t\t\t\t\t\t<\/div>\n\t\t\t\t\t\t\t\t\t\t\t\t\t\t\t\t\t\t\t<\/a>\n\t\t\t\t\t\t\t\t<\/div>\n\t\t\t\t\t\t\t<\/div>\n\t\t\t\t\t\t\t\t\t\t\t\t\t\t<div class=\"eae-gallery-item sminaires\">\n\t\t\t\t\t\t\t\t<div class=\"eae-gallery-item-inner\">\n\t\t\t\t\t\t\t\t\t<a href=\"https:\/\/www.hotel-la-clef-des-chateaux.fr\/wp-content\/uploads\/galerie\/hotel-la-clef-des-chateaux-salle-reunion-clef-des-chateaux.webp\" data-elementor-open-lightbox=\"yes\" data-elementor-lightbox-slideshow=\"eae-fg-gallery-25002\" data-elementor-lightbox-title=\"Salle de r\u00e9union modulable - H\u00f4tel La Clef des Ch\u00e2teaux\" data-elementor-lightbox-description=\": L&#039;H\u00f4tel La Clef des Ch\u00e2teaux propose une salle de r\u00e9union modulable adapt\u00e9e \u00e0 tous vos besoins professionnels. Configur\u00e9e selon vos exigences, elle garantit le succ\u00e8s de vos r\u00e9unions et \u00e9v\u00e9nements \u00e0 Chambord en Val de Loire.\" data-e-action-hash=\"#elementor-action%3Aaction%3Dlightbox%26settings%3DeyJpZCI6MTcxNjMsInVybCI6Imh0dHBzOlwvXC93d3cuaG90ZWwtbGEtY2xlZi1kZXMtY2hhdGVhdXguZnJcL3dwLWNvbnRlbnRcL3VwbG9hZHNcL2dhbGVyaWVcL2hvdGVsLWxhLWNsZWYtZGVzLWNoYXRlYXV4LXNhbGxlLXJldW5pb24tY2xlZi1kZXMtY2hhdGVhdXgud2VicCJ9\">\n\t\t\t\t\t\t\t\t\t\t\t\t\t\t\t\t\t\t\t\t\t<img loading=\"lazy\" decoding=\"async\" width=\"1350\" height=\"1800\" src=\"https:\/\/www.hotel-la-clef-des-chateaux.fr\/wp-content\/uploads\/galerie\/hotel-la-clef-des-chateaux-salle-reunion-clef-des-chateaux.webp\" class=\"attachment-full size-full\" alt=\"Salle de r\u00e9union spacieuse avec am\u00e9nagements flexibles pour \u00e9v\u00e9nements\" srcset=\"https:\/\/www.hotel-la-clef-des-chateaux.fr\/wp-content\/uploads\/galerie\/hotel-la-clef-des-chateaux-salle-reunion-clef-des-chateaux.webp 1350w, https:\/\/www.hotel-la-clef-des-chateaux.fr\/wp-content\/uploads\/galerie\/hotel-la-clef-des-chateaux-salle-reunion-clef-des-chateaux-225x300.webp 225w, https:\/\/www.hotel-la-clef-des-chateaux.fr\/wp-content\/uploads\/galerie\/hotel-la-clef-des-chateaux-salle-reunion-clef-des-chateaux-768x1024.webp 768w, https:\/\/www.hotel-la-clef-des-chateaux.fr\/wp-content\/uploads\/galerie\/hotel-la-clef-des-chateaux-salle-reunion-clef-des-chateaux-1152x1536.webp 1152w\" sizes=\"(max-width: 1350px) 100vw, 1350px\" \/>\t\t\t\t\t\t\t\t\t\t\t\t\t\t\t\t\t\t\t\t\t\t\t\t\t\t\t\t\t\t\t\t<div class=\"eae-grid-overlay fadeIn\">\n\t\t\t\t\t\t\t\t\t\t\t\t<div class=\"eae-grid-overlay-inner\">\n\t\t\t\t\t\t\t\t\t\t\t\t\t<div class=\"eae-icon-wrapper\">\n\t\t\t\t\t\t\t\t\t\t\t\t\t\t\t\t\t\t\t\t\t\t\t\t\t\t\t<\/div>\n\t\t\t\t\t\t\t\t\t\t\t\t\t\t\t\t\t\t\t\t\t\t\t\t\t<\/div>\n\t\t\t\t\t\t\t\t\t\t<\/div>\n\t\t\t\t\t\t\t\t\t\t\t\t\t\t\t\t\t\t\t<\/a>\n\t\t\t\t\t\t\t\t<\/div>\n\t\t\t\t\t\t\t<\/div>\n\t\t\t\t\t\t\t\t\t\t\t\t\t\t<div class=\"eae-gallery-item sminaires\">\n\t\t\t\t\t\t\t\t<div class=\"eae-gallery-item-inner\">\n\t\t\t\t\t\t\t\t\t<a href=\"https:\/\/www.hotel-la-clef-des-chateaux.fr\/wp-content\/uploads\/galerie\/hotel-la-clef-des-chateaux-salle-reunion-chateaux-loire.webp\" data-elementor-open-lightbox=\"yes\" data-elementor-lightbox-slideshow=\"eae-fg-gallery-25002\" data-elementor-lightbox-title=\"Combiner affaires et loisirs avec votre seminaire \u00e0 l&#039;h\u00f4tel la Clef des Chateaux, salle de r\u00e9union, chambres tout confort, piscine, restaurant et bar proche Blois\" data-elementor-lightbox-description=\": L&#039;H\u00f4tel La Clef des Ch\u00e2teaux propose une salle de r\u00e9union modulable adapt\u00e9e \u00e0 tous vos besoins professionnels. Configur\u00e9e selon vos exigences, elle garantit le succ\u00e8s de vos r\u00e9unions et \u00e9v\u00e9nements \u00e0 Chambord en Val de Loire.\" data-e-action-hash=\"#elementor-action%3Aaction%3Dlightbox%26settings%3DeyJpZCI6MTcxNjYsInVybCI6Imh0dHBzOlwvXC93d3cuaG90ZWwtbGEtY2xlZi1kZXMtY2hhdGVhdXguZnJcL3dwLWNvbnRlbnRcL3VwbG9hZHNcL2dhbGVyaWVcL2hvdGVsLWxhLWNsZWYtZGVzLWNoYXRlYXV4LXNhbGxlLXJldW5pb24tY2hhdGVhdXgtbG9pcmUud2VicCJ9\">\n\t\t\t\t\t\t\t\t\t\t\t\t\t\t\t\t\t\t\t\t\t<img loading=\"lazy\" decoding=\"async\" width=\"1800\" height=\"1350\" src=\"https:\/\/www.hotel-la-clef-des-chateaux.fr\/wp-content\/uploads\/galerie\/hotel-la-clef-des-chateaux-salle-reunion-chateaux-loire.webp\" class=\"attachment-full size-full\" alt=\"Combiner affaires et loisirs avec votre seminaire \u00e0 l&#039;h\u00f4tel la Clef des Chateaux, salle de r\u00e9union, chambres tout confort, piscine, restaurant et bar proche Blois\" srcset=\"https:\/\/www.hotel-la-clef-des-chateaux.fr\/wp-content\/uploads\/galerie\/hotel-la-clef-des-chateaux-salle-reunion-chateaux-loire.webp 1800w, https:\/\/www.hotel-la-clef-des-chateaux.fr\/wp-content\/uploads\/galerie\/hotel-la-clef-des-chateaux-salle-reunion-chateaux-loire-300x225.webp 300w, https:\/\/www.hotel-la-clef-des-chateaux.fr\/wp-content\/uploads\/galerie\/hotel-la-clef-des-chateaux-salle-reunion-chateaux-loire-1024x768.webp 1024w, https:\/\/www.hotel-la-clef-des-chateaux.fr\/wp-content\/uploads\/galerie\/hotel-la-clef-des-chateaux-salle-reunion-chateaux-loire-768x576.webp 768w, https:\/\/www.hotel-la-clef-des-chateaux.fr\/wp-content\/uploads\/galerie\/hotel-la-clef-des-chateaux-salle-reunion-chateaux-loire-1536x1152.webp 1536w\" sizes=\"(max-width: 1800px) 100vw, 1800px\" \/>\t\t\t\t\t\t\t\t\t\t\t\t\t\t\t\t\t\t\t\t\t\t\t\t\t\t\t\t\t\t\t\t<div class=\"eae-grid-overlay fadeIn\">\n\t\t\t\t\t\t\t\t\t\t\t\t<div class=\"eae-grid-overlay-inner\">\n\t\t\t\t\t\t\t\t\t\t\t\t\t<div class=\"eae-icon-wrapper\">\n\t\t\t\t\t\t\t\t\t\t\t\t\t\t\t\t\t\t\t\t\t\t\t\t\t\t\t<\/div>\n\t\t\t\t\t\t\t\t\t\t\t\t\t\t\t\t\t\t\t\t\t\t\t\t\t<\/div>\n\t\t\t\t\t\t\t\t\t\t<\/div>\n\t\t\t\t\t\t\t\t\t\t\t\t\t\t\t\t\t\t\t<\/a>\n\t\t\t\t\t\t\t\t<\/div>\n\t\t\t\t\t\t\t<\/div>\n\t\t\t\t\t\t\t\t\t\t\t\t\t\t<div class=\"eae-gallery-item sminaires\">\n\t\t\t\t\t\t\t\t<div class=\"eae-gallery-item-inner\">\n\t\t\t\t\t\t\t\t\t<a href=\"https:\/\/www.hotel-la-clef-des-chateaux.fr\/wp-content\/uploads\/galerie\/hotel-la-clef-des-chateaux-pause-cafe-seminaire-chambord.webp\" data-elementor-open-lightbox=\"yes\" data-elementor-lightbox-slideshow=\"eae-fg-gallery-25002\" data-elementor-lightbox-title=\"Vous cherchez un lieu pour votre \u00e9v\u00e8nement proche de Chambord ? L&#039;h\u00f4tel la Clef des Ch\u00e2teaux propose salle de r\u00e9union, chambres, restaurant, bar et piscine\" data-elementor-lightbox-description=\"Vous cherchez un lieu pour votre \u00e9v\u00e8nement proche de Chambord ? L&#039;h\u00f4tel la Clef des Ch\u00e2teaux propose salle de r\u00e9union, chambres, restaurant, bar et piscine\" data-e-action-hash=\"#elementor-action%3Aaction%3Dlightbox%26settings%3DeyJpZCI6MTcxNjksInVybCI6Imh0dHBzOlwvXC93d3cuaG90ZWwtbGEtY2xlZi1kZXMtY2hhdGVhdXguZnJcL3dwLWNvbnRlbnRcL3VwbG9hZHNcL2dhbGVyaWVcL2hvdGVsLWxhLWNsZWYtZGVzLWNoYXRlYXV4LXBhdXNlLWNhZmUtc2VtaW5haXJlLWNoYW1ib3JkLndlYnAifQ%3D%3D\">\n\t\t\t\t\t\t\t\t\t\t\t\t\t\t\t\t\t\t\t\t\t<img loading=\"lazy\" decoding=\"async\" width=\"1800\" height=\"1350\" src=\"https:\/\/www.hotel-la-clef-des-chateaux.fr\/wp-content\/uploads\/galerie\/hotel-la-clef-des-chateaux-pause-cafe-seminaire-chambord.webp\" class=\"attachment-full size-full\" alt=\"Vous cherchez un lieu pour votre \u00e9v\u00e8nement proche de Chambord ? L&#039;h\u00f4tel la Clef des Ch\u00e2teaux propose salle de r\u00e9union, chambres, restaurant, bar et piscine\" srcset=\"https:\/\/www.hotel-la-clef-des-chateaux.fr\/wp-content\/uploads\/galerie\/hotel-la-clef-des-chateaux-pause-cafe-seminaire-chambord.webp 1800w, https:\/\/www.hotel-la-clef-des-chateaux.fr\/wp-content\/uploads\/galerie\/hotel-la-clef-des-chateaux-pause-cafe-seminaire-chambord-300x225.webp 300w, https:\/\/www.hotel-la-clef-des-chateaux.fr\/wp-content\/uploads\/galerie\/hotel-la-clef-des-chateaux-pause-cafe-seminaire-chambord-1024x768.webp 1024w, https:\/\/www.hotel-la-clef-des-chateaux.fr\/wp-content\/uploads\/galerie\/hotel-la-clef-des-chateaux-pause-cafe-seminaire-chambord-768x576.webp 768w, https:\/\/www.hotel-la-clef-des-chateaux.fr\/wp-content\/uploads\/galerie\/hotel-la-clef-des-chateaux-pause-cafe-seminaire-chambord-1536x1152.webp 1536w\" sizes=\"(max-width: 1800px) 100vw, 1800px\" \/>\t\t\t\t\t\t\t\t\t\t\t\t\t\t\t\t\t\t\t\t\t\t\t\t\t\t\t\t\t\t\t\t<div class=\"eae-grid-overlay fadeIn\">\n\t\t\t\t\t\t\t\t\t\t\t\t<div class=\"eae-grid-overlay-inner\">\n\t\t\t\t\t\t\t\t\t\t\t\t\t<div class=\"eae-icon-wrapper\">\n\t\t\t\t\t\t\t\t\t\t\t\t\t\t\t\t\t\t\t\t\t\t\t\t\t\t\t<\/div>\n\t\t\t\t\t\t\t\t\t\t\t\t\t\t\t\t\t\t\t\t\t\t\t\t\t<\/div>\n\t\t\t\t\t\t\t\t\t\t<\/div>\n\t\t\t\t\t\t\t\t\t\t\t\t\t\t\t\t\t\t\t<\/a>\n\t\t\t\t\t\t\t\t<\/div>\n\t\t\t\t\t\t\t<\/div>\n\t\t\t\t\t\t\t\t\t\t\t\t\t\t<div class=\"eae-gallery-item sminaires\">\n\t\t\t\t\t\t\t\t<div class=\"eae-gallery-item-inner\">\n\t\t\t\t\t\t\t\t\t<a href=\"https:\/\/www.hotel-la-clef-des-chateaux.fr\/wp-content\/uploads\/galerie\/hotel-la-clef-des-chateaux-pause-cafe-seminaire-blois.webp\" data-elementor-open-lightbox=\"yes\" data-elementor-lightbox-slideshow=\"eae-fg-gallery-25002\" data-elementor-lightbox-title=\"Tout pour r\u00e9ussir votre \u00e9v\u00e8nement proche de Blois, salle de r\u00e9union 50 personnes, piscine, restaurant et bar, chambres et suites\" data-elementor-lightbox-description=\"Tout pour r\u00e9ussir votre \u00e9v\u00e8nement proche de Blois, salle de r\u00e9union 50 personnes, piscine, restaurant et bar, chambres et suites\" data-e-action-hash=\"#elementor-action%3Aaction%3Dlightbox%26settings%3DeyJpZCI6MTcxODQsInVybCI6Imh0dHBzOlwvXC93d3cuaG90ZWwtbGEtY2xlZi1kZXMtY2hhdGVhdXguZnJcL3dwLWNvbnRlbnRcL3VwbG9hZHNcL2dhbGVyaWVcL2hvdGVsLWxhLWNsZWYtZGVzLWNoYXRlYXV4LXBhdXNlLWNhZmUtc2VtaW5haXJlLWJsb2lzLndlYnAifQ%3D%3D\">\n\t\t\t\t\t\t\t\t\t\t\t\t\t\t\t\t\t\t\t\t\t<img loading=\"lazy\" decoding=\"async\" width=\"1800\" height=\"1350\" src=\"https:\/\/www.hotel-la-clef-des-chateaux.fr\/wp-content\/uploads\/galerie\/hotel-la-clef-des-chateaux-pause-cafe-seminaire-blois.webp\" class=\"attachment-full size-full\" alt=\"Tout pour r\u00e9ussir votre \u00e9v\u00e8nement proche de Blois, salle de r\u00e9union 50 personnes, piscine, restaurant et bar, chambres et suites\" srcset=\"https:\/\/www.hotel-la-clef-des-chateaux.fr\/wp-content\/uploads\/galerie\/hotel-la-clef-des-chateaux-pause-cafe-seminaire-blois.webp 1800w, https:\/\/www.hotel-la-clef-des-chateaux.fr\/wp-content\/uploads\/galerie\/hotel-la-clef-des-chateaux-pause-cafe-seminaire-blois-300x225.webp 300w, https:\/\/www.hotel-la-clef-des-chateaux.fr\/wp-content\/uploads\/galerie\/hotel-la-clef-des-chateaux-pause-cafe-seminaire-blois-1024x768.webp 1024w, https:\/\/www.hotel-la-clef-des-chateaux.fr\/wp-content\/uploads\/galerie\/hotel-la-clef-des-chateaux-pause-cafe-seminaire-blois-768x576.webp 768w, https:\/\/www.hotel-la-clef-des-chateaux.fr\/wp-content\/uploads\/galerie\/hotel-la-clef-des-chateaux-pause-cafe-seminaire-blois-1536x1152.webp 1536w\" sizes=\"(max-width: 1800px) 100vw, 1800px\" \/>\t\t\t\t\t\t\t\t\t\t\t\t\t\t\t\t\t\t\t\t\t\t\t\t\t\t\t\t\t\t\t\t<div class=\"eae-grid-overlay fadeIn\">\n\t\t\t\t\t\t\t\t\t\t\t\t<div class=\"eae-grid-overlay-inner\">\n\t\t\t\t\t\t\t\t\t\t\t\t\t<div class=\"eae-icon-wrapper\">\n\t\t\t\t\t\t\t\t\t\t\t\t\t\t\t\t\t\t\t\t\t\t\t\t\t\t\t<\/div>\n\t\t\t\t\t\t\t\t\t\t\t\t\t\t\t\t\t\t\t\t\t\t\t\t\t<\/div>\n\t\t\t\t\t\t\t\t\t\t<\/div>\n\t\t\t\t\t\t\t\t\t\t\t\t\t\t\t\t\t\t\t<\/a>\n\t\t\t\t\t\t\t\t<\/div>\n\t\t\t\t\t\t\t<\/div>\n\t\t\t\t\t\t\t\t\t\t<\/div>\n\t\t<\/div>\n\t\t\t\t\t\t<\/div>\n\t\t\t\t<\/div>\n\t\t\t\t\t<\/div>\n\t\t<\/div>\n\t\t\t\t\t<\/div>\n\t\t<\/section>\n\t\t\t\t<\/div>\n\t\t","protected":false},"excerpt":{"rendered":"<p>Galerie \u2013 H\u00f4tel La Clef des Ch\u00e2teaux Plongez dans l&rsquo;univers de l&rsquo;H\u00f4tel La Clef des Ch\u00e2teaux \u00e0 travers notre galerie photos. Chambres \u00e9l\u00e9gantes, restaurant gastronomique, piscine, espaces ext\u00e9rieurs et salles de s\u00e9minaires : laissez-vous inspirer par notre h\u00f4tel 3 \u00e9toiles au c\u0153ur de la vall\u00e9e de la Loire, \u00e0 deux pas du ch\u00e2teau de Chambord. [&hellip;]<\/p>\n","protected":false},"author":3,"featured_media":0,"parent":0,"menu_order":0,"comment_status":"closed","ping_status":"closed","template":"","meta":{"_acf_changed":false,"footnotes":""},"class_list":["post-548","page","type-page","status-publish","hentry"],"acf":[],"_links":{"self":[{"href":"https:\/\/www.hotel-la-clef-des-chateaux.fr\/fr\/wp-json\/wp\/v2\/pages\/548","targetHints":{"allow":["GET"]}}],"collection":[{"href":"https:\/\/www.hotel-la-clef-des-chateaux.fr\/fr\/wp-json\/wp\/v2\/pages"}],"about":[{"href":"https:\/\/www.hotel-la-clef-des-chateaux.fr\/fr\/wp-json\/wp\/v2\/types\/page"}],"author":[{"embeddable":true,"href":"https:\/\/www.hotel-la-clef-des-chateaux.fr\/fr\/wp-json\/wp\/v2\/users\/3"}],"replies":[{"embeddable":true,"href":"https:\/\/www.hotel-la-clef-des-chateaux.fr\/fr\/wp-json\/wp\/v2\/comments?post=548"}],"version-history":[{"count":75,"href":"https:\/\/www.hotel-la-clef-des-chateaux.fr\/fr\/wp-json\/wp\/v2\/pages\/548\/revisions"}],"predecessor-version":[{"id":17199,"href":"https:\/\/www.hotel-la-clef-des-chateaux.fr\/fr\/wp-json\/wp\/v2\/pages\/548\/revisions\/17199"}],"wp:attachment":[{"href":"https:\/\/www.hotel-la-clef-des-chateaux.fr\/fr\/wp-json\/wp\/v2\/media?parent=548"}],"curies":[{"name":"wp","href":"https:\/\/api.w.org\/{rel}","templated":true}]}}